{"id":79,"date":"2017-10-03T15:47:00","date_gmt":"2017-10-03T14:47:00","guid":{"rendered":"http:\/\/amiens-sociologie.fr\/?page_id=79"},"modified":"2026-03-18T17:43:01","modified_gmt":"2026-03-18T16:43:01","slug":"fabrice-guilbaud","status":"publish","type":"page","link":"http:\/\/amiens-sociologie.fr\/index.php\/fabrice-guilbaud\/","title":{"rendered":"Fabrice Guilbaud"},"content":{"rendered":"<p style=\"text-align: center;\">fabrice.guilbaud[a]u-picardie.fr<\/p>\n<p>Ma\u00eetre de conf\u00e9rences \u00e0 l\u2019Universit\u00e9 de Picardie Jules Verne \u00e0 Amiens depuis le 1<sup>er<\/sup> septembre 2009, d\u00e9partement de sociologie de l\u2019UFR SHSP (Sciences Humaines Sociales et Philosophie). Membre du CURAPP-ESS (Centre Universitaire de Recherches sur l\u2019Action Publique et le Politique &#8211; Epist\u00e9mologie et Sciences Sociales, UMR CNRS 7319). D\u00e9tach\u00e9, du 1er juillet 2020 au 30 juin 2023, aupr\u00e8s de l&#8217;<a href=\"https:\/\/www.ofdt.fr\/\">OFDT<\/a> (Observatoire fran\u00e7ais des drogues et des tendances addictives). D\u00e9l\u00e9gu\u00e9 au CNRS (2025-2026) au sein du Centre Maurice Halbwachs.<\/p>\n<p>Membre \u00e9lu du Conseil d&#8217;Administration de l&#8217;UPJV (mandat 2024-2028).<\/p>\n<p>Membre \u00e9lu du Conseil national de l&#8217;enseignement sup\u00e9rieur et de la recherche (Cneser). Membre (juge) du Cneser disciplinaire (juridiction administrative d&#8217;appel pour les enseignant\u00b7es-chercheur\u00b7es et enseignant\u00b7es de l&#8217;enseignement sup\u00e9rieur)<\/p>\n<p><em>Sp\u00e9cialit\u00e9s : sociologie du travail et des groupes professionnels, ethnographie des travailleurs et travailleuses invisibles, socialisation professionnelle, sociologie des institutions, prison, usages de drogues.<\/em><\/p>\n<h3 style=\"text-align: center;\"><strong>Animation de la recherche, responsabilit\u00e9s, international<\/strong><\/h3>\n<ul>\n<li>Responsable de l&#8217;unit\u00e9 scientifique Focus au sein de l&#8217;Observatoire fran\u00e7ais des drogues et des tendances addictives (OFDT), juin 2020-ao\u00fbt 2023.<\/li>\n<li>Membre \u00e9lu et 2<sup>e<\/sup> Vice-pr\u00e9sident du CNU 19, Sociologie et d\u00e9mographie, mandat 2016-2019.<\/li>\n<li>Vice-Pr\u00e9sident de la CP-CNU (au titre du groupe IV\u00a0: sections CNU 16 \u00e0 24), mandat 2016-2019.<\/li>\n<li>Co-responsable (avec S. Guyon et S. Richardot) de l\u2019axe transversal Genre du Curapp-ESS (2017-2020).<\/li>\n<li>Membre du comit\u00e9 directeur de la MESHS, Maison Europ\u00e9enne des Sciences de l\u2019Hommes et de la Soci\u00e9t\u00e9 (USR 3185), Lille, novembre 2018-septembre 2020.<\/li>\n<li>S\u00e9jours de recherche \u00e0 New-York (Institute of French Studies, f\u00e9vrier 2012)\u00a0; Professeur invit\u00e9 Erasmus-enseignant\u00a0: Istanbul (avril 2011, Universit\u00e9 de Galatasaray), Padoue (mai 2014 et mars 2015 Universit\u00e0 degli Studi di Padova).<\/li>\n<\/ul>\n<h2><strong>Parcours universitaire<\/strong><\/h2>\n<ul>\n<li>2003\/2008. Th\u00e8se de doctorat en sociologie, Universit\u00e9 Paris X-Nanterre, laboratoire Genre, Travail, Mobilit\u00e9s (UMR 7183), Ecole Doctorale Economie, Organisations, Soci\u00e9t\u00e9.\n<ul>\n<li>Titre de la th\u00e8se\u00a0: <em>Des travailleurs en qu\u00eate de libert\u00e9. Sociologie du travail p\u00e9nitentiaire<\/em>, 554 pages (financement\u00a0: convention de recherche avec le GIP Mission de Recherche Droit et Justice), sous la direction de Dani\u00e8le Linhart, directrice de recherche au CNRS, soutenue le 24 novembre 2008.<\/li>\n<li>Jury\u00a0: Christian Baudelot (rapporteur, professeur \u00e9m\u00e9rite \u00e0 l\u2019ENS), Antoinette\u00a0Chauvenet (rapporteure, directrice de recherche au CNRS), Philippe Combessie\u00a0(pr\u00e9sident du jury, professeur des universit\u00e9s \u2013 Paris X), Didier Demazi\u00e8re\u00a0(directeur de recherche au CNRS), Dani\u00e8le Linhart (directrice de la th\u00e8se).<\/li>\n<li>Mention tr\u00e8s honorable avec les f\u00e9licitations du jury \u00e0 l\u2019unanimit\u00e9, th\u00e8se propos\u00e9e par le jury pour une subvention \u00e0 la publication et un prix de th\u00e8se.\u00a0<em>Th\u00e8se distingu\u00e9e par la mention sp\u00e9ciale du prix Gabriel Tarde 2009.<\/em><\/li>\n<\/ul>\n<\/li>\n<\/ul>\n<ul>\n<li>2001\/2002. Dipl\u00f4me d\u2019\u00e9tudes approfondies, mention sociologie \u00ab\u00a0Soci\u00e9t\u00e9, \u00e9conomie et d\u00e9mocratie\u00a0\u00bb, Universit\u00e9 Paris X-Nanterre.<\/li>\n<li>1998\/2000. Ma\u00eetrise en sciences et techniques \u00ab\u00a0Conception et r\u00e9alisation de projets d\u2019intervention sociale\u00a0\u00bb, option \u00ab\u00a0d\u00e9veloppement local de l\u2019emploi\u00a0\u00bb, Universit\u00e9s de Metz et Nancy II.<\/li>\n<li>1996\/1998. Dipl\u00f4me universitaire de technologie \u00ab Carri\u00e8res sociales \u00bb, option animation sociale et socioculturelle, IUT de Tours.<\/li>\n<\/ul>\n<h1><strong>Publications<\/strong><\/h1>\n<p><strong>Direction d\u2019ouvrage collectif<\/strong><\/p>\n<ul>\n<li>(avec) Georges Benguigui et Guillaume Malochet, <em>Prisons sous tensions<\/em>, N\u00eemes, coll. \u00ab Questions de soci\u00e9t\u00e9 \u00bb Champ Social, 330 p.\n<ul>\n<li>Ouvrage (dix chapitres, une introduction ; onze auteurs) notamment recens\u00e9 dans : <em>Sociologie du travail <\/em>(2013, vol. 55, n\u00b03, p. 401-402, compte-rendu par Ga\u00ebtan Cliquennois)\u00a0; <em>La revue Fran\u00e7aise de Science politique <\/em>(2013, vol. 63, n\u00b01, p. 99-103, Lecture critique par Claire de Galembert)\u00a0; <em>Lectures <\/em>(compte-rendu par Caroline Touraut, 9 septembre 2011, en ligne)\u00a0; <em>Archives de politiques criminelles<\/em> (2011, vol. 33, n\u00b01, p. 259-262, note bibliographique par Georges Garrioud).<\/li>\n<\/ul>\n<\/li>\n<\/ul>\n<p><strong>Articles dans des revues \u00e0 comit\u00e9 de lecture<\/strong><\/p>\n<ul>\n<li>(avec C. Protais, M-A Douchet et O. Le N\u00e9zet), <a href=\"https:\/\/www.ofdt.fr\/sites\/ofdt\/files\/2024-02\/field_media_document-6158-doc_num--explnum_id-34719-.pdf\">30 ans de r\u00e9ponse p\u00e9nale \u00e0 la conduite apr\u00e8s usage d&#8217;alcool ou de stup\u00e9fiants<\/a>. Tendances, OFDT, n\u00b0161, 8 p. 2024.<\/li>\n<li>(avec M. Milhet, C. Protais, C. D\u00edaz G\u00f3mez) <a href=\"https:\/\/www.ofdt.fr\/BDD\/publications\/docs\/eftxmm2c6.pdf\">Les pratiques professionnelles dans le champ de l\u2019addictologie<\/a>. Tendances, OFDT, n\u00b0 150, 8 p. 2022.<\/li>\n<li><span class=\"UpperCase\">(avec C. G\u00e9rome)<\/span>\u00a0\u00ab\u00a0<a href=\"https:\/\/www.cairn.info\/revue-psychotropes-2021-3-page-87.htm\">Usages de drogues et r\u00e9duction des risques et des dommages en contextes festifs techno\u00a0: quelques enseignements de 20\u00a0ans d\u2019observation in situ<\/a>\u00a0\u00bb,\u00a0<i>Psychotropes<\/i>, vol. 27, no. 3, pp. 87-112. 2021.<\/li>\n<li>(avec A. Cadet-Tairou et E. Janssen) <a href=\"https:\/\/www.ofdt.fr\/BDD\/publications\/docs\/eftxac2ac.pdf\">Profils et pratiques des usagers re\u00e7us en CAARUD en 2019<\/a>. Tendances, OFDT, n\u00b0142, 4 p. 2020.<\/li>\n<li>2018. \u00ab\u00a0Travailler quand on est d\u00e9tenu\u00a0: un support pour mieux vivre la d\u00e9tention\u00a0?\u00a0\u00bb, <em>Rhizome &#8211; sant\u00e9 mentale et pr\u00e9carit\u00e9, <\/em>dossier \u00ab\u00a0Supporter le travail\u00a0\u00bb, n\u00b067, p. 62-77.<\/li>\n<li>2012. \u00ab\u00a0Contester et subir\u00a0: formes et fondements de la critique sociale des travailleurs d\u00e9tenus\u00a0\u00bb, <em>Soci\u00e9t\u00e9s contemporaines<\/em>, n\u00b087 (2012\/3), p. 99-121. Traduit pour la s\u00e9lection anglaise\u00a0: \u201cTo Challenge and Suffer: The Forms and Foundations of Working Inmates\u2019 Social Criticism\u201d, 2014, en ligne, Cairn Info International Edition.<\/li>\n<li>2010. \u00ab\u00a0Working in Prison\u00a0: Time as Experienced by Inmate Workers\u00a0\u00bb, <em>Revue fran\u00e7aise de sociologie<\/em>, vol. 51, Supplement, p. 41-68.<\/li>\n<li>2010. (avec) Philippe Auvergnon, \u00ab\u00a0Quarante ans d\u2019emploi p\u00e9nitentiaire\u00a0: vers un droit des travailleurs d\u00e9tenus\u00a0?\u00a0\u00bb, <em>Cahiers\u00a0de\u00a0la\u00a0s\u00e9curit\u00e9, <\/em>n\u00b012, p. 190-200.<\/li>\n<li>2008. \u00ab\u00a0Le travail p\u00e9nitentiaire\u00a0: sens et articulation des temps v\u00e9cus des travailleurs incarc\u00e9r\u00e9s\u00a0\u00bb, <em>Revue fran\u00e7aise de sociologie<\/em>, vol.\u00a049,\u00a0n\u00b0 4, p. 763-791.<\/li>\n<\/ul>\n<p><strong>Chapitres d\u2019ouvrages collectifs<\/strong><\/p>\n<ul>\n<li>2015. \u00ab\u00a0La question salariale des travailleurs d\u00e9tenus, un d\u00e9fi sociologique pour l\u2019imagination juridique\u00a0\u00bb, <em>in<\/em> P.\u00a0Auvergnon (sous la dir.), <em>Droit du travail en prison\u00a0: du d\u00e9ni \u00e0 une reconnaissance\u00a0?<\/em> Bordeaux, Presses Universitaires de Bordeaux, p. 51-70.<\/li>\n<li>2015. \u00ab\u00a0Entre normalisation et diff\u00e9renciation, le travail des d\u00e9tenus au XIX<sup>e<\/sup> si\u00e8cle\u00a0\u00bb, <em>in <\/em>J-M\u00a0Tuffery-Andrieu et R.\u00a0Eckert (sous la dir.), <em>Le Travail en prison. Mise en perspective d\u2019une probl\u00e9matique contemporaine<\/em>, Strasbourg, Presses Universitaires de Strasbourg, p. 63-74.<\/li>\n<li>2011. (avec) Guillaume Malochet, \u00ab\u00a0Prisons\u00a0: l\u2019\u00e9quilibre des tensions\u00a0\u00bb, <em>in <\/em>G.\u00a0Benguigui, F.\u00a0Guilbaud, G.\u00a0Malochet (sous\u00a0la\u00a0dir.), <em>Prisons\u00a0sous\u00a0tensions, <\/em>N\u00eemes, Champ social, p. 7-18.<\/li>\n<li>2011. \u00ab\u00a0La privatisation des prisons\u00a0: entre march\u00e9 et dogme s\u00e9curitaire\u00a0\u00bb, <em>in <\/em>G.\u00a0Benguigui, F.\u00a0Guilbaud, G.\u00a0Malochet (sous\u00a0la\u00a0dir.), <em>Prisons sous tensions, <\/em>N\u00eemes, Champ social, p. 190-220.<\/li>\n<li>2008. \u00ab\u00a0Quand le travail lib\u00e8re les hommes : remarques sur la subjectivit\u00e9 des travailleurs d\u00e9tenus\u00a0\u00bb, <em>in<\/em> D.\u00a0Linhart (sous la dir.) <em>Pourquoi\u00a0travaillons-nous\u00a0? Une approche sociologique de la subjectivit\u00e9 dans le travail<\/em>, Toulouse, \u00e9ditions Eres, p. 37-67.<\/li>\n<li>2007. \u00ab\u00a0Contraintes, droit et ambivalences du travail\u00a0: le cas des ateliers p\u00e9nitentiaires\u00a0\u00bb, <em>in<\/em> F.\u00a0Aball\u00e9a et M.\u00a0Lallement (sous la dir.),<em> Relations de travail, relations au travail<\/em>, Toulouse, \u00e9ditions Octar\u00e8s, p. 93-100.<\/li>\n<\/ul>\n<p><strong>Rapports de recherche et Notes de r\u00e9sultats<\/strong><\/p>\n<ul>\n<li>(avec C. G\u00e9rome et C. Protais) <a href=\"https:\/\/www.ofdt.fr\/BDD\/publications\/docs\/eisxcg2ca.pdf\">Usages de drogues et conditions de vie des &#8220;mineurs non accompagn\u00e9s&#8221;<\/a>. Note de r\u00e9sultats, OFDT, 20 p. 2022.<\/li>\n<li>(avec C. Mutatayi, P. Neybourger, A. Philippon)\u00a0<a class=\"gsc_oci_title_link\" href=\"http:\/\/www.ofdt.fr\/BDD\/publications\/docs\/eisxcm2c7.pdf\" data-clk=\"hl=fr&amp;sa=T&amp;ei=aLT5ZNe-A4XEmgH_nrDgCg\">Contextes, motivations et r\u00e9gulations du jeu vid\u00e9o chez les adolescents.<\/a> Note de r\u00e9sultats, OFDT, 20 p. 2022.<\/li>\n<li>2020. <em>La Socialisation professionnelle des surveillants de prison 1993-2018. Une perspective longitudinale, quantitative et qualitative<\/em>, <a href=\"http:\/\/www.gip-recherche-justice.fr\/publication\/la-socialisation-professionnelle-des-surveillants-de-prison-1993-2017-une-perspective-longitudinale-quantitative-et-qualitative\/\">Rapport<\/a> pour la Mission de recherche droit et justice, Paris, Curapp-ESS-CNRS\/Universit\u00e9 de Picardie Jules Verne, 215 p.<\/li>\n<li>2011. <em>Femmes d\u00e9tenues au travail<\/em>, Rapport pour la Mission de recherche droit et justice, Paris, Cresppa-CSU, 160 p.<\/li>\n<li>2007. (avec) G.\u00a0Benguigui et G.\u00a0Malochet, <em>La Socialisation professionnelle des surveillants de l\u2019administration p\u00e9nitentiaire. Une perspective longitudinale et quantitative<\/em>, Tome 2, Rapport pour la Mission de recherche droit et Justice, Paris, GTM-CNRS\/Universit\u00e9 Paris X-Nanterre. 87 p.<\/li>\n<li>2006.<em> Le Travail p\u00e9nitentiaire. Une \u00e9tude de sociologie du travail\u00a0<\/em> (sous la dir. scientifique de D.\u00a0Linhart), Rapport pour la Mission de recherche droit et Justice, Paris, GTM-CNRS\/Universit\u00e9 Paris X-Nanterre. 229 p.<\/li>\n<li>2005. (avec) J-A\u00a0Calderon, <em>Le Paradigme perdu du fonctionnaire d&#8217;Etat. Les valeurs des agents du minist\u00e8re de l&#8217;Equipement \u00e0 l&#8217;\u00e9preuve de la d\u00e9centralisation.<\/em> R\u00e9daction d\u2019une monographie et d\u2019une synth\u00e8se d\u2019une Direction d\u00e9partementale de l\u2019\u00e9quipement, 45 p.<\/li>\n<\/ul>\n<p><strong>Recensions d\u2019ouvrages dans des revues <\/strong><strong>\u00c0<\/strong><strong> comit\u00e9 de lecture<\/strong><\/p>\n<ul>\n<li>2012. Compte-rendu de lecture de l\u2019ouvrage de Lucie Tanguy, <em>La Sociologie du travail en France. Enqu\u00eate sur le travail des sociologues, 1950-1990<\/em> (La D\u00e9couverte, 2011), <em>Travail et <\/em>emploi, n\u00b0130, p. 91-93.<\/li>\n<li>2011. Compte-rendu de lecture de l\u2019ouvrage de Gonzague Rambaud, <em>Le Travail en prison<\/em> (Autrement, 2010), <em>Champ P\u00e9nal\/Penal Fields <\/em>[18\/11\/2011]\u00a0: <a href=\"http:\/\/champpenal.revues.org\/8197\">http:\/\/champpenal.revues.org\/8197<\/a><\/li>\n<\/ul>\n<p><strong>Articles dans des revues ou journaux sans comit\u00e9 de lecture<\/strong><\/p>\n<ul>\n<li>2020. \u00ab A quelles logiques sociales le travail des personnes d\u00e9tenues ob\u00e9it-il ? \u00bb, <em>La Br\u00e8che. Le journal du Genepi Belgique<\/em>, n\u00b02, p. 34-39.<\/li>\n<li>2014. \u00ab\u00a0De la critique \u00e0 l\u2019expertise\u00a0: la sociologie du travail au carrefour de nouveaux modes de production de connaissances dans les ann\u00e9es 1980-1990\u00a0\u00bb (avec Lucie Tanguy), <em>VRS La Vie de la Recherche Scientifique<\/em>, n\u00b0 399, d\u00e9cembre, p. 32-34.<\/li>\n<li>2012. \u00ab L\u2019Etat est le ma\u00eetre d\u2019\u0153uvre du march\u00e9 de la privatisation des prisons \u00bb, <em>Dedans Dehors, revue de l\u2019OIP<\/em>, n\u00b077, p. 38-42.<\/li>\n<\/ul>\n<p><strong>Pour <em>Le Snesup<\/em>, revue du syndicat national de l\u2019enseignement sup\u00e9rieur<\/strong><\/p>\n<p>Membre du comit\u00e9 de r\u00e9daction et r\u00e9dacteur en chef de la revue du SNESUP-FSU de 2014 \u00e0 2016 (10 n\u00b0\/an, de septembre \u00e0 juin). De 2014 \u00e0 2016, j\u2019ai introduit et coordonn\u00e9 ou co-coordonn\u00e9 7 dossiers, \u00e9crit 9 articles (et une vingtaine de br\u00e8ves \u2013 500 \u00e0 1000 signes) et recueilli et \u00e9dit\u00e9 12 entretiens avec des auteur\u00b7es en sciences sociales.<\/p>\n<p><em>Coordinations de dossiers (6 \u00e0 8 pages illustr\u00e9es, contenant 5 \u00e0 8 articles courts, soit 35\u00a0000 signes\/dossier)<\/em><\/p>\n<ul>\n<li>\u00ab\u00a0Le CNESER\u00a0: un outil de r\u00e9gulation nationale\u00a0\u00bb (avec T. Astruc), n\u00b0631, janv. 2015.<\/li>\n<li>\u00ab\u00a0\u00c9conomie\u00a0: rien ne va plus\u00a0?\u00a0\u00bb (avec C. P\u00e9barthe), n\u00b0632, f\u00e9v. 2015.<\/li>\n<li>\u00ab\u00a0L\u2019Universit\u00e9 en prison\u00a0\u00bb, n\u00b0636, juin 2015.<\/li>\n<li>\u00ab\u00a0COMUE, que reste-t-il de nos universit\u00e9s\u00a0?\u00a0\u00bb (avec C. Kahane et C. Bornais), n\u00b0638, oct. 2015<\/li>\n<li>\u00ab\u00a0Migrations\u00a0\u00bb (avec C. P\u00e9barthe et P. Maillard), n\u00b0640, d\u00e9c. 2015.<\/li>\n<li>\u00ab\u00a0Edition Scientifique\u00a0: enjeux et transformations\u00a0\u00bb (avec C. P\u00e9barthe), n\u00b0641, janv. 2016.<\/li>\n<li>\u00ab\u00a0Pour la protection sociale\u00a0!\u00a0\u00bb (avec M. Lauton), n\u00b0643, mars 2016.<\/li>\n<\/ul>\n<p><em>Entretiens (4 000 \u00e0 5 000 signes) avec des auteur\u00b7es d\u2019ouvrages ou travaux d\u2019actualit\u00e9 sociale, politique et syndicale<\/em><\/p>\n<ul>\n<li>Mathieu Gr\u00e9goire, n\u00b0628, oct. 2014 \u2013 <em>Les Intermittents du spectacle. Enjeux d\u2019un si\u00e8cle de lutte<\/em>, La Dispute, 2013.<\/li>\n<li>Bernard Friot, n\u00b0629, nov. 2014 \u2013 <em>\u00c9manciper le travail<\/em>, La Dispute, 2014.<\/li>\n<li>Stanislas Morel, n\u00b0631, janv. 2015 \u2013 <em>La M\u00e9dicalisation de l\u2019\u00e9chec scolaire<\/em>, La Dispute, 2014.<\/li>\n<li>Philippe L\u00e9g\u00e9, n\u00b0632, f\u00e9v. 2015 \u2013 <em>Nouveau Manifeste des \u00e9conomistes atterr\u00e9s<\/em>, Les Liens qui lib\u00e8rent, 2015.<\/li>\n<li>Didier Fassin, n\u00b0636, juin 2015 \u2013 <em>L\u2019Ombre du monde. Une anthropologie de la condition carc\u00e9rale<\/em>, Seuil, 2014\u00a0; Philippe Maurice, historien m\u00e9di\u00e9viste, <em>ex<\/em> condamn\u00e9 \u00e0 mort\u00a0; Elton Kalica, doctorant en science politique, <em>ex<\/em> d\u00e9tenu.<\/li>\n<li>Fr\u00e9d\u00e9ric Lebaron, n\u00b0638, octobre 2015 \u2013 \u00ab Injonction comptable et r\u00e9volution culturelle \u00e0 l\u2019Universit\u00e9 \u00bb, <em>La NRT<\/em>, n\u00b0 6, 2015.<\/li>\n<li>Stathis Kouvelakis, n\u00b0639, novembre 2015 \u2013 <em>La Gr\u00e8ce, Syriza et l\u2019Europe n\u00e9olib\u00e9rale<\/em>, La Dispute, 2015.<\/li>\n<li>Sylvain Laurens, n\u00b0640, d\u00e9cembre 2015 \u2013 <em>Les Courtiers du capitalisme. Milieux d\u2019affaires et bureaucrates \u00e0 Bruxelles<\/em>, Agone, 2015.<\/li>\n<li>Margaret Maruani, n\u00b0643, mars 2016 \u2013 Les 20 ans du MAGE (March\u00e9 du travail et Genre), r\u00e9seau international et pluridisciplinaire.<\/li>\n<li>Lucie Tanguy, n\u00b0646, juin 2016 \u2013 <em>Enseigner l\u2019esprit d\u2019entreprise \u00e0 l\u2019\u00e9cole<\/em>, La Dispute, 2016.<\/li>\n<li>Marie Sala\u00fcn et Benjamin N\u00e9a, n\u00b0725, juin 2024 \u2013 \u00ab Nouvelle-Cal\u00e9donie : l\u2019\u00e9cole et l\u2019enseignement sup\u00e9rieur au c\u0153ur des enjeux politiques \u00bb,<\/li>\n<\/ul>\n<p><em>Articles (de 4\u00a0000 \u00e0 5\u00a0000 signes)<\/em><\/p>\n<ul>\n<li>\u00ab\u00a0Le monde des BTS\u00a0: l\u2019autre enseignement sup\u00e9rieur\u00a0\u00bb, n\u00b0628, oct. 2014, p. 17.<\/li>\n<li>\u00ab\u00a0Les invisibles de la comm\u00e9moration\u00a0: femmes, intellectuels et \u00e9trangers\u00a0\u00bb, n\u00b0630, d\u00e9c. 2014, p. 23.<\/li>\n<li>\u00ab\u00a0Le ph\u00e9nom\u00e8ne Piketty\u00a0\u00bb, n\u00b0632, f\u00e9v. 2015, p. 14.<\/li>\n<li>\u00ab\u00a0Le Labour prend la douche \u00e9cossaise et d\u00e9\u00e7oit les \u00e9tudiants\u00a0\u00bb, n\u00b0635, mai 2015, p. 20.<\/li>\n<li>\u00ab\u00a0Les nouveaux technocrates de l\u2019ESR\u00a0\u00bb, n\u00b0638, oct. 2015, p. 13.<\/li>\n<li>\u00ab\u00a0CNU 2015\u00a0: Le Snesup r\u00e9siste malgr\u00e9 la progression des listes ind\u00e9pendantes\u00a0\u00bb (avec P. Aubry), n\u00b0639, nov. 2015, p. 7.<\/li>\n<li>\u00ab\u00a0Un monde acad\u00e9mique sous oligarchie \u00e9conomique\u00a0\u00bb, n\u00b0641, janv. 2016, p. 12.<\/li>\n<li>\u00ab\u00a0Qu\u2019est-ce qu\u2019une pens\u00e9e critique aujourd\u2019hui\u00a0?\u00a0\u00bb, n\u00b0650, d\u00e9c. 2016, p. 12.<\/li>\n<li>\u00ab\u00a0La CP-CNU obtient le contingentement des avis par corps (PU et MC)\u00a0\u00bb, n\u00b0659, nov. 2017, p. 18.<\/li>\n<li>\u00ab Subvertir la PEDR en pratique, l&#8217;exemple du CNU 19 \u00bb, n\u00b0683, mars 2020, p. 17.<\/li>\n<\/ul>\n<h2><strong>Communications et conf\u00e9rences invit\u00e9es<\/strong><\/h2>\n<p><strong>Colloques internationaux \u2013 Communications et discussions<\/strong><\/p>\n<ul>\n<li>7 juillet 2016. \u00ab\u00a0Un Call Center en prison\u00a0\u00bb, XX<sup>e<\/sup> Congr\u00e8s de l\u2019AISLF (Association internationale de sociologie en langue fran\u00e7aise), CR 15 sociologie du travail, Montr\u00e9al, 4-8 juillet 2016.<\/li>\n<li>14 avril 2015. \u00ab\u00a0How Inmate\u2019s Workers Resist Exploitation and Alienation Confinement?\u00a0\u00bb. 33<sup>rd<\/sup> International Labour Process Conference, Ath\u00e8nes, 13-15 avril 2015.<\/li>\n<li>1<sup>er<\/sup> octobre 2014. \u00ab\u00a0Penser ensemble prison et probation\u00a0\u00bb, ouverture du colloque international \u00ab\u00a0Prison et probation\u00a0: surveillances carc\u00e9rales et para-carc\u00e9rales. France, Italie, Angleterre\u00a0\u00bb, organis\u00e9 par le Curapp-ESS et l\u2019Universit\u00e9 de Padoue, Amiens, 1<sup>er<\/sup>-2 octobre 2014.<\/li>\n<li>16 juin 2014. Discussion des communications pr\u00e9sent\u00e9es par Fabien Truong et Bertrand Geay. S\u00e9ance \u00ab\u00a0Fid\u00e9liser sans (se) trahir\u00a0\u00bb, colloque pluridisciplinaire international \u00ab\u00a0Famille, \u00e9ducation et politique. Apports et enjeux des \u00e9tudes longitudinales\u00a0\u00bb organis\u00e9 par le Curapp-ESS, Amiens, 16-17 juin 2014.<\/li>\n<li>6 juillet 2012. \u00ab\u00a0Le rapport au temps des femmes d\u00e9tenues\u00a0\u00bb, XIX<sup>e<\/sup> Congr\u00e8s de l\u2019AISLF (Association internationale de sociologie en langue fran\u00e7aise), CR 04 Sociologie des rapports sociaux de sexe, Rabat, 2-6 juillet 2012.<\/li>\n<li>1<sup>er<\/sup> d\u00e9cembre 2011. \u00ab\u00a0Dans l\u2019atelier, les d\u00e9tenus sont-ils des travailleurs comme les autres\u00a0? Regards de contrema\u00eetres\u00a0\u00bb, colloque international \u00ab\u00a0Pratiques, acteurs et espaces de l\u2019enfermement\u00a0: circulations et transferts\u00a0\u00bb organis\u00e9 par le Centre Marc Bloch, ANR TerrFerme, l\u2019Institut d\u2019Ethnologie de l\u2019Universit\u00e9 Humboldt et le Centre inter-disciplinaires sur l\u2019Allemagne (UMR EHESS-CNRS, Paris), Berlin, 1-3 d\u00e9cembre 2011.<\/li>\n<li>22 juin 2007. \u00ab\u00a0Du public au semi-priv\u00e9, la restructuration des prisons entre Etat et march\u00e9\u00a0\u00bb, XI<sup>e<\/sup> Journ\u00e9es internationales de sociologie du travail (JIST 2007), Londres, 20-22 juin 2007.<\/li>\n<\/ul>\n<p><strong>Colloques nationaux \u2013 Communications<\/strong><\/p>\n<ul>\n<li>4 Juillet 2017. \u00ab\u00a0Devenir et rester surveillant de prison, 1993-2007\u00a0\u00bb. VII<sup>e<\/sup> Congr\u00e8s de l\u2019AFS (Association Fran\u00e7aise de Sociologie), session crois\u00e9e des r\u00e9seaux th\u00e9matiques 1 (Savoir, travail, professions) et 8 (sociologie du militaire), Amiens, 3-6 juillet 2017.<\/li>\n<li>7 janvier 2014. \u00ab\u00a0Entre normalisation et diff\u00e9renciation, le travail des d\u00e9tenus au XIX<sup>e<\/sup> si\u00e8cle\u00a0\u00bb. Colloque \u00ab\u00a0Travail en prison. Mise en perspective d\u2019une probl\u00e9matique contemporaine\u00a0\u00bb, organis\u00e9 par le laboratoire DRES (Droit, religion, entreprise, soci\u00e9t\u00e9, UMR CNRS 7354), Universit\u00e9 de Strasbourg, 7-8 janvier 2014.<\/li>\n<li>11 avril 2013. \u00ab\u00a0Activit\u00e9s et salaires en prison. Points de vue de travailleurs d\u00e9tenus\u00a0\u00bb. Colloque \u00ab\u00a0Droit du travail en prison :\u00a0d\u2019un d\u00e9ni \u00e0 une reconnaissance\u00a0?\u00a0\u00bb organis\u00e9 par le Comptrasec (UMR CNRS 5114), Universit\u00e9 Montesquieu Bordeaux IV, Pessac, 11-12 avril 2013.<\/li>\n<li>5 juillet 2011 (avec Isabelle Clair). \u00ab\u00a0Deux ethnographes en prison\u00a0: les enjeux d\u2019une enqu\u00eate collective et sexu\u00e9e\u00a0\u00bb. IV<sup>e<\/sup> Congr\u00e8s de l\u2019AFS (Association fran\u00e7aise de sociologie), r\u00e9seau th\u00e9matique 20 m\u00e9thodes, Grenoble, 5-8 juillet 2011.<\/li>\n<li>24 novembre 2005. \u00ab\u00a0Contraintes, droit et ambivalences du travail p\u00e9nitentiaire\u00a0\u00bb, X<sup>e<\/sup> Journ\u00e9es de sociologie du travail (JST), Rouen, 24 et 25 novembre 2005.<\/li>\n<\/ul>\n<p><strong>Journ\u00e9es d\u2019\u00e9tudes et s\u00e9minaires \u2013 Communications et discussions <\/strong><\/p>\n<ul>\n<li>27 mars 2018. \u00ab\u00a0La socialisation professionnelle des\u00a0surveillants\u00a0de prison. Forces et faiblesses d&#8217;une enqu\u00eate longitudinale (1993-2018) \u00bb. S\u00e9minaire de recherche du Master 2 Sciences de l\u2019enqu\u00eate, Curapp-ESS, Amiens.<\/li>\n<li>4 juillet 2014. \u00ab\u00a0Dialogue social et handicap\u00a0? Discussion et mise en perspective sociologique\u00a0\u00bb. Journ\u00e9e d\u2019\u00e9tude \u00ab\u00a0Dialogue social et Handicap\u00a0\u00bb, organis\u00e9e par l\u2019ATHAREP, le CEJEC et l\u2019IRERP (laboratoires de l\u2019Universit\u00e9 Paris Ouest Nanterre), CNRS site Michel Ange, Paris.<\/li>\n<li>26 mars 2013. Discutant des travaux pr\u00e9sent\u00e9s par G. Flocco, M. Guyonvarch et D. Linhart sur \u00ab\u00a0La red\u00e9finition de la loyaut\u00e9 des cadres dans les entreprises aujourd\u2019hui. Entre adh\u00e9sion distante et critiques sourdes\u00a0\u00bb. S\u00e9minaire travail, crise et restructurations, Curapp-ESS, Amiens.<\/li>\n<li>15 mars 2013. Pr\u00e9sentation et discussion (avec l\u2019auteur) de l\u2019ouvrage d\u2019Alain Cottereau, <em>Une famille andalouse. Ethnocomptabilit\u00e9 d\u2019une \u00e9conomie invisible <\/em>(\u00e9ditions Bouch\u00e8ne 2012). S\u00e9minaire g\u00e9n\u00e9ral du Curapp-ESS, Amiens.<\/li>\n<li>3 d\u00e9cembre 2012. \u00ab\u00a0Le v\u00e9cu de l\u2019injustice sociale et sa critique chez les travailleurs d\u00e9tenus\u00a0\u00bb. Journ\u00e9es d\u2019\u00e9tudes\u00a0: \u00ab\u00a0La fabrique des droits sociaux individualis\u00e9s\u00a0: acteurs et outils de l\u2019expertise sur autrui\u00a0\u00bb, organis\u00e9es par les UMR CNRS Lise (CNAM), IDHE (ENS Cachan), Ceral (Paris XIII) et Printemps (UVSQ), au CNAM de Paris.<\/li>\n<li>19 juin 2012. \u00ab\u00a0\u2018\u2018T\u2019as droit au travail et \u00e0 un petit salaire \u00e0 la condition d\u2019\u00eatre droit dans tes bottes\u00a0!\u2019\u2019\u00a0\u00bb. Journ\u00e9e d\u2019\u00e9tude \u00ab\u00a0Les institutions d\u2019enfermement \u00e0 l\u2019\u00e9preuve du droit et des droits\u00a0\u00bb, organis\u00e9e par les UMR CNRS ISP, Ceral et CMH \u00e0 l\u2019ENS Cachan.<\/li>\n<li>15 juin 2012. \u00ab\u00a0Normalisation par le travail et exclusions institutionnelles. Des d\u00e9tenus aux handicap\u00e9s, des travailleurs invisibles aux marges du salariat\u00a0\u00bb. S\u00e9minaire Estefe \u00ab\u00a0Aux marges de l\u2019emploi et du travail\u00a0\u00bb, UMR CNRS Clers\u00e9, Lille.<\/li>\n<li>4 avril 2011. Discutant des travaux pr\u00e9sent\u00e9s par Ga\u00ebtan Cliquennois sur \u00ab\u00a0Les controverses professionnelles dans le cadre de la prise de d\u00e9cision en \u00e9tablissements pour peine\u00a0\u00bb. S\u00e9minaire public du Cresppa-GTM, site Pouchet CNRS, Paris.<\/li>\n<li>25 mai 2010. \u00ab\u00a0Le classement au travail des d\u00e9tenus\u00a0\u00bb. S\u00e9minaire du Cesdip \u2013 Centre d\u2019\u00e9tudes sociologiques sur le droit et les institutions p\u00e9nales, UMR CNRS, Minist\u00e8re de la Justice, Universit\u00e9 de Versailles Saint-Quentin.<\/li>\n<li>21 mai 2010. \u00ab\u00a0L\u2019invisibilisation du travail p\u00e9nitentiaire\u00a0: enjeux d\u2019un \u201cd\u00e9voilement\u201d\u00a0\u00bb. S\u00e9minaire du groupe Prato (Pratiques de travail et organisations), \u00c9cole des hautes \u00e9tudes en sciences sociales, Paris.<\/li>\n<li>19 mai 2009. \u00ab\u00a0Le travail des d\u00e9tenus\u00a0: histoire, ambiances d\u2019atelier et v\u00e9cus du travail\u00a0\u00bb, Forum de recherche de l\u2019administration p\u00e9nitentiaire, site rue du renard, Paris.<\/li>\n<li>23 janvier 2006. \u00ab\u00a0Le travail p\u00e9nitentiaire : remarques sur la pluralit\u00e9 des temps v\u00e9cus\u00a0\u00bb. Journ\u00e9e d\u2019\u00e9tude \u00ab Activit\u00e9s, s\u00e9curit\u00e9 et violence en prison \u00bb, s\u00e9minaire public du GTM, Universit\u00e9 Paris X-Nanterre.<\/li>\n<li>23 mai 2005. \u00ab\u00a0Remarques sur les r\u00e9gimes de mobilisation de la main d\u2019\u0153uvre incarc\u00e9r\u00e9e\u00a0\u00bb. Journ\u00e9e d\u2019\u00e9tude \u00ab\u00a0Les m\u00e9tamorphoses de la sociologie du travail au risque de la subjectivit\u00e9\u00a0\u00bb, GTM, Iresco, Paris.<\/li>\n<\/ul>\n<p><strong>Conf\u00e9rences invit\u00e9es<\/strong><\/p>\n<ul>\n<li>17 novembre 2017. \u00ab\u00a0La socialisation professionnelle des surveillants de prison. Une perspective longitudinale, quantitative et qualitative\u00a0\u00bb. Colloque \u00ab\u00a0Surveillant, un m\u00e9tier en mouvement\u00a0\u00bb, Journ\u00e9e d\u2019\u00e9tude organis\u00e9e par la Direction de l\u2019Administration P\u00e9nitentiaire, H\u00f4tel de Ville de Paris.<\/li>\n<li>26 novembre 2015. \u00ab\u00a0Protections et valeur sociale du travail\u00a0\u00bb. Colloque \u00ab\u00a0Faut-il prot\u00e9ger le travail prot\u00e9g\u00e9\u00a0?\u00a0\u00bb organis\u00e9 par l\u2019ADSTPA (Association des directeurs de structures de travail prot\u00e9g\u00e9 et adapt\u00e9), Amiens.<\/li>\n<li>21 f\u00e9vrier 2012. \u00ab\u00a0Ethnography of Incarceration in France\u00a0\u00bb. Institute of French Studies, The New Age of Inequalities Seminar Series, New-York University.<\/li>\n<li>9 mai 2009. \u00ab\u00a0La place du travail en prison, ses effets sur la d\u00e9tention et les personnes d\u00e9tenues\u00a0\u00bb. Journ\u00e9e \u00ab\u00a0Prison\u00a0\u00bb (formation continue des magistrats), \u00c9cole nationale de la magistrature, Paris.<\/li>\n<li>6 mai 2009. \u00ab\u00a0Le travail p\u00e9nitentiaire en France et ses effets sur la socialisation des d\u00e9tenus\u00a0\u00bb. Colloque international \u00ab\u00a0Formation et enseignement en prison\u00a0: best practices\u00a0\u00bb, organis\u00e9 par la Fondation Roi Baudoin, Bruxelles.<\/li>\n<li>11 avril 2008. \u00ab\u00a0Le travail p\u00e9nitentiaire en France en Europe\u00a0\u00bb. Grenelle de l\u2019insertion, organis\u00e9 par le Haut Commissariat aux solidarit\u00e9s actives contre la pauvret\u00e9, Toulouse.<\/li>\n<\/ul>\n<h2><strong>Organisation de colloques, journ\u00e9es d\u2019\u00e9tudes et s\u00e9minaires<\/strong><\/h2>\n<ul>\n<li>19 juin 2018. Journ\u00e9e d\u2019\u00e9tude \u00ab\u00a0Domination, pouvoir et remise de soi dans le couple. Autour de <em>Pratique de l\u2019amour<\/em>, de Michel Bozon\u00a0\u00bb, co-organis\u00e9e avec Virginie Descoutures et St\u00e9phanie Guyon, Curapp-ESS, Logis du Roi, Amiens.<\/li>\n<li>1<sup>er<\/sup>-2 octobre 2014. Colloque international \u00ab\u00a0Prison et probation\u00a0: surveillances carc\u00e9rales et para-carc\u00e9rales. France, Italie, Angleterre\u00a0\u00bb, organis\u00e9 avec Francesca Vianello (Universit\u00e9 de Padoue), avec le soutien financier de l\u2019UPJV, de l\u2019Universit\u00e9 de Padoue et du Curapp-ESS, Logis du Roy, Amiens.<\/li>\n<li>30 janvier 2014. Journ\u00e9e de formation doctorale \u00ab\u00a0Le genre en SHS\u00a0: histoires et usages contemporains\u00a0\u00bb, ouverte aux doctorants et enseignants-chercheurs, organis\u00e9e (avec Virginie De Luca Barrusse) pour l\u2019ED SHS (\u00c9cole doctorale sciences de l\u2019homme et de la soci\u00e9t\u00e9), UPJV, Amiens.<\/li>\n<li>21 mars 2011. \u00ab\u00a0La question de l\u2019entr\u00e9e et du maintien de l\u2019ethnographe sur son terrain\u00a0\u00bb, s\u00e9ance de l\u2019atelier \u00ab\u00a0Ethnographie\u00a0\u00bb, Cresppa-CSU, organis\u00e9e avec Nicolas Larcher, site Pouchet CNRS, Paris.<\/li>\n<li>23 janvier 2006. Journ\u00e9e d\u2019\u00e9tude \u00ab\u00a0Activit\u00e9s, violences et s\u00e9curit\u00e9 en prison\u00a0\u00bb, organis\u00e9e avec Georges Benguigui, Universit\u00e9 de Nanterre.<\/li>\n<li>12 avril 2005. Journ\u00e9e d\u2019\u00e9tude \u00ab\u00a0Recherches sociologiques sur la prison\u00a0\u00bb, organis\u00e9e avec Sylvie Contrepois, Iresco-site Pouchet, Paris.<\/li>\n<\/ul>\n<h2><strong>Responsabilit\u00e9s scientifiques, administratives et p\u00e9dagogiques r\u00e9gionales et locales<\/strong><\/h2>\n<ul>\n<li>Responsable de la Licence mention Sciences sociales (2024-2025)<\/li>\n<li>Co-responsable (avec St\u00e9phanie Guyon et Sophie Richardot) de l\u2019axe transversal \u00ab genre \u00bb du Curapp-ESS (2017-2020).<\/li>\n<li>Membre \u00e9lu du Conseil Scientifique de l\u2019Universit\u00e9 de Picardie Jules Verne (mandat 2012-2016).<\/li>\n<li>Membre \u00e9lu (mandat 2015-2019) au Comit\u00e9 technique d\u2019\u00e9tablissement et membre suppl\u00e9ant du CHSCT (Comit\u00e9 d\u2019hygi\u00e8ne, de s\u00e9curit\u00e9 et des conditions de travail, mandat 2015-2019).<\/li>\n<li>Membre \u00e9lu (mandat 2010-2014) au Conseil de gestion de l\u2019UFR SHSP (Sciences humaines et sociales et philosophie).<\/li>\n<li>Membre du jury du DEIS (Dipl\u00f4me d\u2019\u00c9tat en ing\u00e9nierie sociale) aupr\u00e8s de la DRJSCS (Direction r\u00e9gionale de la jeunesse, des sports et de la coh\u00e9sion sociale) de Picardie, en 2011 et 2012 et de jurys DEIS en VAE (Validation des acquis de l\u2019exp\u00e9rience\u00a0: deux sessions en 2014, deux en 2015, une en 2016).<\/li>\n<li>Membre des jurys d\u2019ann\u00e9e des jurys de licence 1, licence 3 et Master 1 mention sociologie (de 2010 \u00e0 2012). Pr\u00e9sident du jury de Licence 2024.<\/li>\n<li>Membre du jury du dipl\u00f4me de Master en sociologie sp\u00e9cialit\u00e9 Professionnelle Cocits (2010-2012), membre du jury de l\u2019ann\u00e9e de Master 1 d\u00e9veloppement social et du dipl\u00f4me de Master mention sociologie sp\u00e9cialit\u00e9 d\u00e9veloppement social (2013-2020).<\/li>\n<li>Co-responsable de la licence de sociologie (2010-2012).<\/li>\n<\/ul>\n<p><strong>Comit\u00e9s de s\u00e9lection, recrutement de ma\u00eetres de conf\u00e9rences (section 19)<\/strong><\/p>\n<ul>\n<li>2016. Profil \u00ab\u00a0sociologie du genre\u00a0\u00bb, membre interne et pr\u00e9sident du comit\u00e9, Universit\u00e9 de Picardie Jules Verne.<\/li>\n<li>2015. Profil \u00ab\u00a0sociologie du travail et des organisations\u00a0\u00bb, membre externe, Universit\u00e9 Paris Ouest Nanterre.<\/li>\n<li>2013. Profil \u00ab\u00a0sociologie du travail, des organisations et de l\u2019emploi\u00a0\u00bb, membre externe, CNAM.<\/li>\n<li>2012. Profil \u00ab\u00a0sociologie urbaine\/sociologie g\u00e9n\u00e9rale\u00a0\u00bb, membre externe, Universit\u00e9 Paris Ouest Nanterre.<\/li>\n<li>2011. Profil \u00ab\u00a0Travail et pr\u00e9carit\u00e9\u00a0\u00bb, membre interne, Universit\u00e9 de Picardie Jules Verne.<\/li>\n<\/ul>\n<p><strong>\u00c9valuation occasionnelle pour des revues \u00e0 comit\u00e9 de lecture<\/strong><\/p>\n<ul>\n<li>En langue fran\u00e7aise\u00a0: <em>Les Annales de g\u00e9ographie <\/em>(trois en 2012 et 2013)\u00a0; <em>Socio-logos <\/em>(trois en 2013 et 2014)\u00a0; <em>La NRT\u00a0: Nouvelle Revue du Travail <\/em>(cinq en 2013, 2014 et 2017)\u00a0;<em> Actes de la recherche en sciences sociales <\/em>(trois en 2015 et 2016)\u00a0; <em>Sociologie <\/em>(une en 2016), <em>GSS Genre, sexualit\u00e9 &amp; Soci\u00e9t\u00e9<\/em> (une en 2016)\u00a0; <em>Anthropologie et sant\u00e9 <\/em>(une en 2016);\u00a0<em>Politique africaine\u00a0<\/em>(une en 2019).<\/li>\n<li>En langue anglaise\u00a0: <em>Social Compass <\/em>(deux en 2013 et 2014)\u00a0; <em>The Prison Journal <\/em>(deux en 2014 et 2015)\u00a0; <em>Qualitative Sociology <\/em>(deux en 2016 et 2017)\u00a0; <em>International Journal of Law, Crime and Justice<\/em> (un en 2018).<\/li>\n<li>\u00c9valuation pour le FRS-FNRS (Fonds de la Recherche Scientifique-FNRS), agence de financement de la recherche pour la Belgique : au moins une \u00e9valuation (position post-doc) par an depuis 2020 (dossier de 30 pages), \u00e9valuation d&#8217;un manuscrit en 2025.<\/li>\n<\/ul>\n<h2><strong>Valorisation de la recherche<\/strong><\/h2>\n<p><em>Interventions publiques, m\u00e9dias<\/em><\/p>\n<ul>\n<li>Presse \u00e9crite\u00a0: <em>L\u2019Humanit\u00e9 <\/em>19\/10\/2015\u00a0; <em>Les \u00c9chos <\/em>24\/09\/2015\u00a0; <em>Liaisons sociales<\/em> 15\/09\/2015\u00a0; <em>Mediapart<\/em>, 14\/09\/2015\u00a0; Novethic, janvier 2007\u00a0; <em>Ka\u00eble <\/em>magazine, n\u00b0 39, 2007.<\/li>\n<li>Revues\u00a0: <em>Cassandre<\/em>\/Hors Champ Psychiatrie-Prison, 2007\u00a0; <em>Revers<\/em>, 2013.<\/li>\n<li>Radios\u00a0: <em>Les Oreilles loin du front<\/em>, Fr\u00e9quence Paris Plurielle, 4\/04\/2009\u00a0; <em>Le D\u00e9bat du jour<\/em>, RFI, Radio France, 13\/09\/2012.<\/li>\n<li>Webmagazine <em>L\u2019Express.fr<\/em>, \u00ab\u00a0Les ouvriers de l\u2019ombre\u00a0\u00bb, r\u00e9al. J. Lopez et A. Chartendrault, 8 juin 2011\u00a0: <a href=\"http:\/\/www.carceroplis.fr\">www.carceroplis.fr<\/a><\/li>\n<li>Film documentaire <em>L\u2019Identit\u00e9 nationale<\/em>, r\u00e9alis\u00e9 par V. Osouf, Granit Films, 2012.<\/li>\n<li>Pr\u00e9sentation publique du livre <em>Prisons sous tensions\u00a0<\/em>: les \u00ab\u00a0rencontres impromptues\u00a0\u00bb, 12\/01\/2012, Institut r\u00e9gional et europ\u00e9en des m\u00e9tiers de l\u2019intervention sociale, IREIS Rh\u00f4ne-Alpes, Firminy.<\/li>\n<\/ul>\n<p><em>Entretiens \/ Interviews<\/em><\/p>\n<ul>\n<li>\u00ab\u00a0Travailler lorsque l\u2019on est d\u00e9tenu : soulagement ou exploitation\u00a0?\u00a0\u00bb, <em>blog Mediapart<\/em> de l\u2019Observatoire International des Prisons (OIP), 22 f\u00e9vrier 2018.<\/li>\n<li>\u00ab\u00a0Les d\u00e9tenus se comparent eux-m\u00eames \u00e0 des travailleurs du tiers-monde\u00a0\u00bb, <em>StreetPress<\/em>, 19\/09\/2012.<\/li>\n<li>\u00ab\u00a0Quand le s\u00e9curitaire le dispute \u00e0 l\u2019\u00e9conomique\u00a0\u00bb, <em>Le Passe Murailles<\/em>, GENEPI, n\u00b020, septembre 2009, p. 50-55.<\/li>\n<li>\u00ab\u00a0Pour l\u2019administration p\u00e9nitentiaire, le travail est un outil de maintien de l\u2019ordre\u00a0\u00bb, <em>Le Monde<\/em>, 26\/11\/2008.<\/li>\n<li>Entretien, \u00ab Travail en prison, \u00e0 bout de souffle \u00bb, <em>Dedans Dehors<\/em>, OIP, n\u00b055, mai 2006, p. 14-17<\/li>\n<\/ul>\n<h2><strong>Contrats de recherche<\/strong><\/h2>\n<ul>\n<li>Avril 2017\/Aout 2020. Responsable scientifique \u2013 Ma\u00eetre de conf\u00e9rences, Curapp-ess (UMR 7319, CNRS\/UPJV)\n<ul>\n<li>Contrat avec le GIP Mission de recherche droit et justice. Responsable scientifique et chercheur principal. Reprise du suivi de la cohorte de surveillants de prison\u00a0: 6<sup>e<\/sup> et derni\u00e8re interrogation (questionnaire et entretiens), avec la collaboration de Diane Delacourt, ing\u00e9nieure d\u2019\u00e9tudes.<\/li>\n<\/ul>\n<\/li>\n<li>Janvier 2009\/Octobre 2011. Responsable scientifique \u2013 Contrat post-doctoral, Cresppa (UMR 7112, CNRS\/Paris 8)\n<ul>\n<li>Responsable scientifique (avec C\u00e9dric Lomba, charg\u00e9 de recherche CNRS) et chercheur principal (post-doctorant puis ma\u00eetre de conf\u00e9rences) de la recherche \u00ab\u00a0Femmes d\u00e9tenues au travail\u00a0\u00bb\u00a0: extension comparative de la th\u00e8se (sur les travailleurs d\u00e9tenus) \u00e0 partir d\u2019une enqu\u00eate (16 semaines) dans deux prisons pour femmes (50 entretiens).<\/li>\n<\/ul>\n<\/li>\n<li>Juin 2009. Enqu\u00eateur \u2013 Vacataire, GTM (UMR 7183, CNRS\/Paris 8)\n<ul>\n<li>\u00ab\u00a0Filles et gar\u00e7ons d\u2019un quartier populaire parisien\u00a0\u00bb, pour la D\u00e9l\u00e9gation \u00e0 la politique de la ville et \u00e0 l\u2019int\u00e9gration, Mairie de Paris, sous la direction scientifique d\u2019Isabelle Clair, charg\u00e9e de recherche CNRS.<\/li>\n<\/ul>\n<\/li>\n<li>Mai 2007\/juin 2008. Chercheur associ\u00e9 \u2013 Vacataire, GTM (UMR 7183, CNRS\/Paris 10)\n<ul>\n<li>Chercheur associ\u00e9 (avec Georges Benguigui et Guillaume Malochet) \u00e0 la cinqui\u00e8me interrogation d\u2019un suivi de cohorte d\u2019une promotion de surveillants de prison. Analyse longitudinale et quantitative de la 130<sup>e<\/sup> promotion suivie depuis 1993. Le traitement des 226 questionnaires a \u00e9t\u00e9 r\u00e9alis\u00e9 au moyen du logiciel EPI.<\/li>\n<\/ul>\n<\/li>\n<li>Juin 2003\/mai 2005. Chercheur et co-responsable scientifique \u2013 Contractuel, GTM (UMR 7183, CNRS\/Paris 10)\n<ul>\n<li>Enqu\u00eate de th\u00e8se, contrat avec le GIP Mission de recherche droit et justice. Co-Responsable scientifique (avec D.\u00a0Linhart) et chercheur principal. Entretiens\u00a0: 92 d\u00e9tenus et 32 personnels d\u2019encadrement, observations d\u2019ateliers (30 semaines) dans cinq prisons.<\/li>\n<\/ul>\n<\/li>\n<li>Mars 2004\/septembre 2004. Chercheur \u2013 Vacataire, GTM (UMR 7183, CNRS\/Paris 10)\n<ul>\n<li>Contrat de recherche pour le Conseil g\u00e9n\u00e9ral des ponts et chauss\u00e9es\u00a0: enqu\u00eate sur \u00ab\u00a0Les valeurs des fonctionnaires du minist\u00e8re de l\u2019\u00c9quipement\u00a0\u00bb, dirig\u00e9e par Dani\u00e8le Linhart.<\/li>\n<\/ul>\n<\/li>\n<\/ul>\n<hr \/>\n<p><strong>D\u00e9tail des enseignements, encadrements de travaux, m\u00e9moires et th\u00e8se<\/strong><\/p>\n<p><strong>Ma\u00eetre de conf\u00e9rences, Universit\u00e9 de Picardie Jules Verne, UFR SHS-Philosophie, D\u00e9partement Sociologie ethnologie et d\u00e9mographie, depuis 2009<\/strong><\/p>\n<ul>\n<li>M\u00e9thodologie du travail universitaire, 2009. Travaux Dirig\u00e9s (TD), licence 1 sociologie, 48h.<\/li>\n<li>Histoire de la sociologie, 2009. TD, licence 1 sociologie, 24h.<\/li>\n<li>Introduction \u00e0 la sociologie, 2010-2016. Cours magistraux (CM) et TD, licence 1 sociologie, 18h CM.<\/li>\n<li>Donn\u00e9es sociales, 2009-2011, CM, licence 1 psychologie, 18h.<\/li>\n<li>Pratiques de l\u2019observation, 2009-2012, TD, licence 3 sociologie, 24h.<\/li>\n<li>Sociologie du travail, depuis 2010, CM et TD, licence 2 et 3 Sociologie puis Sciences sociales (2018-2020), 24h.<\/li>\n<li>Globalisation, migrations et mondes urbains, 2009-2018, CM, Master 1 sociologie, 24h.<\/li>\n<li>Sociologie du travail et des professions, 2018-2020, CM, Master 1 Sciences sociales, 22h.<\/li>\n<li>Emploi et handicap, 2012-2020, Master Professionnel Conduite des dispositifs d\u2019insertion et de reclassement (Codir), 6h.<\/li>\n<li>Sociologie des organisations et mod\u00e8les productifs, 2014-2016, Master Professionnel Codir, 6h.<\/li>\n<li>M\u00e9thodologie de l\u2019enqu\u00eate et du m\u00e9moire, 2010-2012, Master professionnel Cocits-Conseil en organisations et conduites des innovations technologiques et sociales, 14h.<\/li>\n<li>Ethnographie des institutions, 2009-2020, CM, Master professionnel D\u00e9veloppement social \/ DEIS (Dipl\u00f4me d\u2019\u00c9tat d\u2019Ing\u00e9nierie Sociale), 15h.<\/li>\n<li>Sociologie des professions, 2018, CM, Master professionnel CITE (d\u00e9partement de science politique de l\u2019UPJV), 15h.<\/li>\n<li>Publications et carri\u00e8res dans l\u2019enseignement sup\u00e9rieur et la recherche, 2013-2018, \u00c9cole doctorale SHS, 6h.<\/li>\n<\/ul>\n<p><em>Encadrement d\u2019enqu\u00eates collectives<\/em><\/p>\n<p>Recherche de 12 mois avec un groupe de 4 \u00e0 5 \u00e9tudiant.e.s en Master D\u00e9veloppement social \/ Dipl\u00f4me d\u2019\u00c9tat d\u2019ing\u00e9nierie sociale (60h d\u2019encadrement TD), aboutissant \u00e0 un rapport d\u2019enqu\u00eate de 40 pages\u00a0:<\/p>\n<ul>\n<li>2010-2011, \u00ab\u00a0La sant\u00e9 des locataires du Foyer Louise Michel\u00a0\u00bb, AFTAM (<em>ex<\/em> Coalia) de la Somme.<\/li>\n<li>2012-2013, \u00ab\u00a0\u00c9tude des besoins des personnes handicap\u00e9es\u00a0\u00bb, services SAVS et SAMSAH de l\u2019Epsoms 80 (Etablissement public social et m\u00e9dico-social intercommunal).<\/li>\n<li>2014-2015, \u00ab\u00a0Ce que passer par l\u2019\u00e9picerie sociale fait \u00e0 leur vie\u00a0? Enqu\u00eate aupr\u00e8s d\u2019usagers sur les incidences sociales d\u2019un dispositif d\u2019insertion par l\u2019alimentaire\u00a0\u00bb, UDAPIA (Association d\u2019insertion par l\u2019alimentaire).<\/li>\n<li>2016-2017, \u00ab\u00a0Face a la complexification des situations familiales, l\u2019organisation de l\u2019action \u00e9ducative en milieu ouvert \u00e0 AYLF\u00a0\u00bb, Association Familles Yves Le Febvre.<\/li>\n<li>2018-2019, \u00ab\u00a0La red\u00e9finition d\u2019un projet associatif\u00a0: vers une nouvelle identit\u00e9\u00a0\u00bb, Association Relais Social, Amiens.<\/li>\n<\/ul>\n<p><em>Stages, m\u00e9moires et co-direction de th\u00e8se<\/em><\/p>\n<ul>\n<li>Encadrement de m\u00e9moires de Master 1 en sociologie : 12 soutenus depuis 2009 ; Master professionnel Cocits \/ Codir : 12 soutenus depuis 2009 (un en cours) ; Master professionnel D\u00e9veloppement social\/DEIS (1 soutenu) ; Master recherche sociologie : 2 soutenus en 2012 et 2018 (S. Louey et M. Durand).<\/li>\n<li>Suivis de stages des \u00e9tudiants du Master professionnel Cocits\u00a0\/\u00a0Codir (9 depuis 2009, dur\u00e9e des stages\u00a0: 3 \u00e0 6 mois).<\/li>\n<li>Co-direction (depuis 2012, avec M. Offerl\u00e9, Pr. ENS) de la th\u00e8se de Sophie Louey (Contrat doctoral minist\u00e9riel avec mission d\u2019enseignement)\u00a0: \u00ab\u00a0L\u2019engagement dans les r\u00e9seaux patronaux \u00e0 une \u00e9chelle m\u00e9tropolitaine\u00a0\u00bb.<\/li>\n<\/ul>\n<p><strong>2015 et 2014, Enseignant invit\u00e9, Erasmus \u2013 Universit\u00e0 degli Studi di Padova, Italie (mai 2014, mars 2015)<\/strong><\/p>\n<ul>\n<li>Les conditions de d\u00e9tention en France et le travail des d\u00e9tenus, s\u00e9minaire Master, 4h (en langue fran\u00e7aise avec traduction simultan\u00e9e, mai 2014 et mars 2015).<\/li>\n<li>Research Perspectives and Debates concerning Prisons and Criminology in France, Phd Seminar, 3h (en langue anglaise mai 2014).<\/li>\n<li>Lectures of Erving Goffman, Phd Seminar, 3h (en langue anglaise, mars 2015).<\/li>\n<\/ul>\n<p><strong>2011, Enseignant invit\u00e9, Erasmus \u2013 Universit\u00e9 Galatasaray d\u2019Istanbul, Turquie (avril 2011)<\/strong><\/p>\n<ul>\n<li>Concepts et outils m\u00e9thodologiques en ethnographie des institutions, Licence 3 sociologie, 3h.<\/li>\n<li>Enqu\u00eater en prison\u00a0: articuler sociologie du travail et sociologie de la prison, Master recherche, 3h.<\/li>\n<\/ul>\n<p><strong>2008\/2009, enseignant vacataire &#8211; CNAM (Paris) et PJJ Ile-de-france<\/strong><\/p>\n<ul>\n<li>Champs de la sociologie, CM, Unit\u00e9 d\u2019enseignement de 1<sup>e<\/sup> cycle, 21h.<\/li>\n<li>Directeur de m\u00e9moire au centre de formation de la Protection Judiciaire de la Jeunesse. Suivi de m\u00e9moires de Ma\u00eetrise en sciences et techniques \u00ab\u00a0interventions et sciences sociales\u00a0\u00bb, mention PJJ (3 soutenus).<\/li>\n<\/ul>\n<p><strong>2005\/2007, Attach\u00e9 temporaire d\u2019enseignement et de recherche, Universit\u00e9 Paris XII, UFR SESS<\/strong><\/p>\n<ul>\n<li>En L3 Sciences de l\u2019\u00e9ducation\u00a0: Histoire des id\u00e9es sur l\u2019\u00e9ducation, TD, 48 h\/2 ans\u00a0; Grands courants des sciences sociales, CM, 18 h\u00a0; Sociologie du travail et des organisations, CM, 70 h\/2ans.<\/li>\n<li>En Master professionnel \u00ab\u00a0Intervention sociale et sociologie appliqu\u00e9e\u00a0\u00bb\u00a0: Enqu\u00eate et m\u00e9thodologie en sciences sociales, TD, 24 h\/2ans.<\/li>\n<li>Dipl\u00f4me Universitaire de Formateurs Adultes\u00a0: Journ\u00e9es \u00c9ducation et Travail, 14 h.<\/li>\n<\/ul>\n<p><strong>2003\/2004, enseignant vacataire &#8211; Universit\u00e9 Paris X-Nanterre UFR Sciences Sociales et Administration<\/strong><\/p>\n<ul>\n<li>Introduction \u00e0 la sociologie, TD, DEUG 1 AES, 48 h\u00a0; Stratification et mobilit\u00e9 sociale<em>, <\/em>TD, DEUG 1 Sociologie, 52 h.<\/li>\n<\/ul>\n","protected":false},"excerpt":{"rendered":"<p>fabrice.guilbaud[a]u-picardie.fr Ma\u00eetre de conf\u00e9rences \u00e0 l\u2019Universit\u00e9 de Picardie Jules Verne \u00e0 Amiens depuis le 1er septembre 2009, d\u00e9partement de sociologie de l\u2019UFR SHSP (Sciences Humaines Sociales et Philosophie). Membre du CURAPP-ESS (Centre Universitaire de Recherches sur l\u2019Action Publique et le Politique &#8211; Epist\u00e9mologie et Sciences Sociales, UMR CNRS 7319). D\u00e9tach\u00e9, du 1er juillet 2020 au &#8230; <a title=\"Fabrice Guilbaud\" class=\"read-more\" href=\"http:\/\/amiens-sociologie.fr\/index.php\/fabrice-guilbaud\/\">Read more<span class=\"screen-reader-text\">Fabrice Guilbaud<\/span><\/a><\/p>\n","protected":false},"author":9,"featured_media":0,"parent":0,"menu_order":0,"comment_status":"closed","ping_status":"closed","template":"","meta":[],"_links":{"self":[{"href":"http:\/\/amiens-sociologie.fr\/index.php\/wp-json\/wp\/v2\/pages\/79"}],"collection":[{"href":"http:\/\/amiens-sociologie.fr\/index.php\/wp-json\/wp\/v2\/pages"}],"about":[{"href":"http:\/\/amiens-sociologie.fr\/index.php\/wp-json\/wp\/v2\/types\/page"}],"author":[{"embeddable":true,"href":"http:\/\/amiens-sociologie.fr\/index.php\/wp-json\/wp\/v2\/users\/9"}],"replies":[{"embeddable":true,"href":"http:\/\/amiens-sociologie.fr\/index.php\/wp-json\/wp\/v2\/comments?post=79"}],"version-history":[{"count":13,"href":"http:\/\/amiens-sociologie.fr\/index.php\/wp-json\/wp\/v2\/pages\/79\/revisions"}],"predecessor-version":[{"id":3327,"href":"http:\/\/amiens-sociologie.fr\/index.php\/wp-json\/wp\/v2\/pages\/79\/revisions\/3327"}],"wp:attachment":[{"href":"http:\/\/amiens-sociologie.fr\/index.php\/wp-json\/wp\/v2\/media?parent=79"}],"curies":[{"name":"wp","href":"https:\/\/api.w.org\/{rel}","templated":true}]}}