{"id":289,"date":"2017-10-10T08:30:53","date_gmt":"2017-10-10T07:30:53","guid":{"rendered":"http:\/\/amiens-sociologie.fr\/?page_id=289"},"modified":"2023-09-05T16:42:09","modified_gmt":"2023-09-05T15:42:09","slug":"inegalites-sociales-formes-de-dominations-questions-de-politique-cm-m1s1","status":"publish","type":"page","link":"http:\/\/amiens-sociologie.fr\/index.php\/inegalites-sociales-formes-de-dominations-questions-de-politique-cm-m1s1\/","title":{"rendered":"M1S2 CM In\u00e9galit\u00e9s sociales, genre, domination, politique"},"content":{"rendered":"\n<p><strong>Cours d\u2019Isabelle CHARPENTIER (22 h)<\/strong><\/p>\n\n\n\n<p><a href=\"mailto:icharpentier@yahoo.fr\"><strong>icharpentier@yahoo.fr<\/strong><\/a> ou isabelle.charpentier@u-picardie.fr<\/p>\n\n\n\n<p><\/p>\n\n\n\n<figure class=\"wp-block-image size-large\"><img loading=\"lazy\" width=\"400\" height=\"399\" src=\"http:\/\/amiens-sociologie.fr\/wp-content\/uploads\/2017\/10\/In\u00e9galit\u00e9s1.jpg\" alt=\"\" class=\"wp-image-472\" srcset=\"http:\/\/amiens-sociologie.fr\/wp-content\/uploads\/2017\/10\/In\u00e9galit\u00e9s1.jpg 400w, http:\/\/amiens-sociologie.fr\/wp-content\/uploads\/2017\/10\/In\u00e9galit\u00e9s1-150x150.jpg 150w, http:\/\/amiens-sociologie.fr\/wp-content\/uploads\/2017\/10\/In\u00e9galit\u00e9s1-300x300.jpg 300w\" sizes=\"(max-width: 400px) 100vw, 400px\" \/><\/figure>\n\n\n\n<h2><strong>Evaluation<\/strong> <\/h2>\n\n\n\n<p>CM \u00e9valu\u00e9 en contr\u00f4le continu en 1\u00e8re session par un devoir sur table de 2h se d\u00e9roulant lors de la derni\u00e8re s\u00e9ance du cours. Une partie QCM + 1 question de cours \u00e0 traiter parmi deux propos\u00e9es. Aucun document ne sera autoris\u00e9.<\/p>\n\n\n\n<p>Pour la session de rattrapage, un oral sera propos\u00e9, o\u00f9 les \u00e9tudiant-es devront traiter 2 questions de cours au choix parmi 4 propos\u00e9es, apr\u00e8s une pr\u00e9paration d&#8217;une quinzaine de minutes.<\/p>\n\n\n\n<h2><strong><u>R\u00e9sum\u00e9<\/u><\/strong><\/h2>\n\n\n\n<p>Apr\u00e8s avoir rappel\u00e9 les apports des analyses sociologiques classiques mettant la notion de domination au c\u0153ur de l\u2019analyse des classes et de la stratification sociales (Marx, Veblen et Bourdieu), ce cours proposera un bilan sociologique de certaines in\u00e9galit\u00e9s sociales en France depuis 2000. Les \u00e9tudiant-es choisiront le th\u00e8me qu\u2019elles-ils souhaitent aborder parmi plusieurs possibilit\u00e9s&nbsp;: in\u00e9galit\u00e9s de revenus&nbsp;OU in\u00e9galit\u00e9s entre les femmes et les hommes OU in\u00e9galit\u00e9s face \u00e0 l\u2019\u00e9cole OU in\u00e9galit\u00e9s face au ch\u00f4mage OU in\u00e9galit\u00e9s face au syst\u00e8me de retraites OU in\u00e9galit\u00e9s en mati\u00e8re d\u2019insertion professionnelle OU pauvret\u00e9 OU s\u00e9gr\u00e9gation spatiale et d\u2019acc\u00e8s au logement OU in\u00e9galit\u00e9s d\u2019acc\u00e8s \u00e0 la culture OU in\u00e9galit\u00e9s de sant\u00e9 et d\u2019esp\u00e9rance de vie. Dans tous les cas, les in\u00e9galit\u00e9s sociales seront abord\u00e9es en tenant compte d\u2019une pluralit\u00e9 de variables (genre, \u00e2ge, niveau de dipl\u00f4me, origine ethnique, revenus, cat\u00e9gorie socio-professionnelle, lieu et type d\u2019habitat&#8230;), et leur \u00e9volution sera retrac\u00e9e jusqu\u2019\u00e0 la p\u00e9riode contemporaine, ainsi que les formes de domination auxquelles elles sont associ\u00e9es.<\/p>\n\n\n\n<p><span class=\"has-inline-color has-luminous-vivid-orange-color\"><strong>En guise d&#8217;introduction g\u00e9n\u00e9rale au cours, regarder la synth\u00e8se de Denis La Mache, &#8220;Les in\u00e9galit\u00e9s sociales&#8221; : 30 avril 2020, 8&#8217;13 : <\/strong>https:\/\/www.youtube.com\/watch?v=D0pWZliFX3o<\/span><\/p>\n\n\n\n<p><strong><span class=\"has-inline-color has-luminous-vivid-orange-color\">Vous pouvez aussi consulter le webdocumentaire r\u00e9alis\u00e9 par l&#8217;Observatoire des in\u00e9galit\u00e9s, &#8220;Libert\u00e9, in\u00e9galit\u00e9, fraternit\u00e9, propos\u00e9 ici : https:\/\/www.jeunes.inegalites.fr\/liberte-inegalites-fraternite<\/span><\/strong><\/p>\n\n\n\n<h2 class=\"has-text-align-center\"><strong><u>Plan du cours<\/u><\/strong><\/h2>\n\n\n\n<h3><strong>Introduction&nbsp;: La stratification sociale&nbsp;: un probl\u00e8me politique et sociologique<\/strong><\/h3>\n\n\n\n<h3 class=\"has-text-align-center\"><strong><u>CHAPITRE 1. CLASSES SOCIALES &amp; DOMINATION<\/u><\/strong><\/h3>\n\n\n\n<h4><strong>Introduct<\/strong>ion&nbsp;: Pourquoi des classes sociales ? Contradiction entre les principes d\u2019\u00e9galit\u00e9 affirm\u00e9s dans la soci\u00e9t\u00e9 &amp; ses in\u00e9galit\u00e9s flagrantes<\/h4>\n\n\n\n<p><strong><span class=\"has-inline-color has-luminous-vivid-orange-color\">Suivre le cours &#8220;Comment caract\u00e9riser les in\u00e9galit\u00e9s ?&#8221;, Les SES en vid\u00e9os, 9 septembre 2015, 4&#8217;21, accessible ici : https:\/\/www.youtube.com\/watch?v=v7z-4NJCZZI<\/span><\/strong><\/p>\n\n\n\n<p><strong><span class=\"has-inline-color has-luminous-vivid-orange-color\">Ecouter l&#8217;entretien du sociologue Louis Chauvel : &#8220;In\u00e9galit\u00e9s en France : mauvaise spirale&#8221;, Public S\u00e9nat, 31 mai 2017, 10&#8217;07, accessible ici : https:\/\/www.youtube.com\/watch?v=_BGoOs89MEs<\/span><\/strong><\/p>\n\n\n\n<h4><strong>Section 1. Karl Marx&nbsp;: les classes sociales dans la dynamique historique &amp; politique&nbsp;: vers le communisme &amp; la dictature du prol\u00e9tariat<\/strong><\/h4>\n\n\n\n<h4><strong>Section 2. Thorstein Veblen&nbsp;: la consommation ostentatoire, principe de vie de la classe de loisir<\/strong><\/h4>\n\n\n\n<p>&nbsp;&nbsp;&nbsp;&nbsp;&nbsp;&nbsp;&nbsp;&nbsp;&nbsp;&nbsp;&nbsp; <strong>\u00a71.<\/strong> Le gaspillage ostentatoire comme r\u00e8gle de vie<\/p>\n\n\n\n<p>&nbsp;&nbsp;&nbsp;&nbsp;&nbsp;&nbsp;&nbsp;&nbsp;&nbsp;&nbsp;&nbsp; <strong>\u00a72.<\/strong> La domination de la classe de loisir : la diffusion des normes de consommation<\/p>\n\n\n\n<h4><strong>Section 3. L\u2019analyse bourdieusienne des classes sociales&nbsp;: espace social, espace symbolique, luttes de classements<\/strong><\/h4>\n\n\n\n<p><strong>&nbsp;&nbsp;&nbsp;&nbsp;&nbsp;&nbsp;&nbsp;&nbsp;&nbsp;&nbsp;&nbsp; \u00a71.<\/strong> Une sociologie des relations de domination<\/p>\n\n\n\n<p><strong>&nbsp;&nbsp;&nbsp;&nbsp;&nbsp;&nbsp;&nbsp;&nbsp;&nbsp;&nbsp;&nbsp;&nbsp;&nbsp;&nbsp;&nbsp;&nbsp;&nbsp;&nbsp;&nbsp;&nbsp;&nbsp;&nbsp;&nbsp; <\/strong>A.Les notions de domination &amp; de violence symbolique<\/p>\n\n\n\n<p><strong>&nbsp;&nbsp;&nbsp;&nbsp;&nbsp;&nbsp;&nbsp;&nbsp;&nbsp;&nbsp;&nbsp;&nbsp;&nbsp;&nbsp;&nbsp;&nbsp;&nbsp;&nbsp;&nbsp;&nbsp;&nbsp;&nbsp;&nbsp; <\/strong>B.La notion de capital&nbsp;: contours, esp\u00e8ces (\u00e9conomique, culturel, social)<\/p>\n\n\n\n<p><strong>&nbsp;&nbsp;&nbsp;&nbsp;&nbsp;&nbsp;&nbsp;&nbsp;&nbsp;&nbsp;&nbsp;&nbsp;&nbsp;&nbsp;&nbsp;&nbsp;&nbsp;&nbsp;&nbsp;&nbsp;&nbsp;&nbsp;&nbsp; <\/strong>C.Des champs \u00e0 l\u2019espace social<\/p>\n\n\n\n<p><strong>&nbsp;&nbsp;&nbsp;&nbsp;&nbsp;&nbsp;&nbsp;&nbsp;&nbsp;&nbsp;&nbsp; \u00a72.<\/strong> L\u2019espace social<\/p>\n\n\n\n<p><strong>&nbsp;&nbsp;&nbsp;&nbsp;&nbsp;&nbsp;&nbsp;&nbsp;&nbsp;&nbsp;&nbsp; \u00a73.<\/strong> L\u2019espace des styles de vie<\/p>\n\n\n\n<p><strong>&nbsp;&nbsp;&nbsp;&nbsp;&nbsp;&nbsp;&nbsp;&nbsp;&nbsp;&nbsp;&nbsp; \u00a74.<\/strong> La coh\u00e9rence des pratiques&nbsp;: la notion d\u2019habitus comme principe &nbsp;&nbsp;&nbsp;&nbsp;&nbsp;&nbsp;&nbsp; unificateur<\/p>\n\n\n\n<p><strong>&nbsp;&nbsp;&nbsp;&nbsp;&nbsp;&nbsp;&nbsp;&nbsp;&nbsp;&nbsp;&nbsp;&nbsp;&nbsp;&nbsp;&nbsp;&nbsp;&nbsp;&nbsp;&nbsp;&nbsp;&nbsp;&nbsp;&nbsp; <\/strong>A.L\u2019habitus comme produit de conditions d\u2019existence<\/p>\n\n\n\n<p><strong>&nbsp;&nbsp;&nbsp;&nbsp;&nbsp;&nbsp;&nbsp;&nbsp;&nbsp;&nbsp;&nbsp;&nbsp;&nbsp;&nbsp;&nbsp;&nbsp;&nbsp;&nbsp;&nbsp;&nbsp;&nbsp;&nbsp;&nbsp; <\/strong>B.Les agents sociaux&nbsp;: \u00ab&nbsp;des classeurs class\u00e9s par leurs classements&nbsp;\u00bb&nbsp;: l\u2019habitus comme producteur de classements<\/p>\n\n\n\n<p><strong>&nbsp;&nbsp;&nbsp;&nbsp;&nbsp;&nbsp;&nbsp;&nbsp;&nbsp;&nbsp;&nbsp; \u00a75.<\/strong> L\u2019existence des classes comme enjeu de luttes<\/p>\n\n\n\n<p><strong>Section 4. Etude de cas : La domination politique &amp; \u00e9conomique des classes sup\u00e9rieures en Europe<\/strong><\/p>\n\n\n\n<p><strong>&nbsp;&nbsp;&nbsp;&nbsp;&nbsp;&nbsp;&nbsp;&nbsp;&nbsp;&nbsp;&nbsp; \u00a71. <\/strong>Les trois fractions des classes sup\u00e9rieures<\/p>\n\n\n\n<p><strong>&nbsp;&nbsp;&nbsp;&nbsp;&nbsp;&nbsp;&nbsp;&nbsp;&nbsp;&nbsp;&nbsp; \u00a72. <\/strong>L\u2019accaparement de la repr\u00e9sentation politique<\/p>\n\n\n\n<p>            <strong>\u00a73. <\/strong>Des \u00e9lites bureaucratiques \u00e0 l\u2019abri des r\u00e9formes qu\u2019elles pr\u00e9conisent<\/p>\n\n\n\n<p>            <strong>\u00a74. <\/strong>La domination \u00e9conomique des classes sup\u00e9rieures en Europe &#8211; Les grandes fortunes en France et en Europe<\/p>\n\n\n\n<p class=\"has-text-align-center\"><strong><u>Les plus grandes fortunes de France en 2018<\/u><\/strong><\/p>\n\n\n\n<figure class=\"wp-block-table\"><table><tbody><tr><td><strong>Nom<\/strong><\/td><td><strong>Soci\u00e9t\u00e9<\/strong><\/td><td><strong>Patrimoine professionnel en milliards d\u2019euros<\/strong><\/td><td><strong>En nombre d\u2019ann\u00e9es de SMIC*<\/strong><\/td><\/tr><tr><td>Bernard Arnault<\/td><td>LVMH<\/td><td>73,2<\/td><td>4&nbsp;070 819<\/td><\/tr><tr><td>Alain et G\u00e9rard Wertheimer<\/td><td>Chanel<\/td><td>40<\/td><td>2&nbsp;224 491<\/td><\/tr><tr><td>Axel Dumas<\/td><td>Herm\u00e8s International<\/td><td>39,6<\/td><td>2&nbsp;202 246<\/td><\/tr><tr><td>Fran\u00e7oise Bettencourt-Meyers<\/td><td>L\u2019Or\u00e9al<\/td><td>39,3<\/td><td>2&nbsp;185 563<\/td><\/tr><tr><td>G\u00e9rard Mulliez<\/td><td>Groupe Auchan<\/td><td>38<\/td><td>2&nbsp;113 267<\/td><\/tr><tr><td>Fran\u00e7ois Pinault<\/td><td>Kering<\/td><td>30,5<\/td><td>1&nbsp;696 175<\/td><\/tr><tr><td>Serge Dassault<\/td><td>Groupe Marcel Dassault<\/td><td>23,8<\/td><td>1&nbsp;323 572<\/td><\/tr><tr><td>Pierre Castel<\/td><td>Castel Fr\u00e8res<\/td><td>12,5<\/td><td>695 154<\/td><\/tr><tr><td>Emmanuel Besnier<\/td><td>Lactalis<\/td><td>12<\/td><td>667 347<\/td><\/tr><tr><td>Fran\u00e7ois Perrodo<\/td><td>Perenco<\/td><td>8,5<\/td><td>472 704<\/td><\/tr><\/tbody><\/table><\/figure>\n\n\n\n<p>* Smic annuel brut en 2018&nbsp;: 17&nbsp;982 euros.<\/p>\n\n\n\n<p><strong>Source<\/strong>&nbsp;: \u00ab&nbsp;Les 500 plus grandes fortunes de France 2018&nbsp;\u00bb, <em>Challenges<\/em>, juillet 2018<\/p>\n\n\n\n<p class=\"has-text-align-center\"><strong><u>Classement 2018 des milliardaires en Europe<\/u><\/strong><\/p>\n\n\n\n<figure class=\"wp-block-table\"><table><tbody><tr><td><strong>Nom<\/strong><\/td><td><strong>Soci\u00e9t\u00e9<\/strong><\/td><td><strong>Pays<\/strong><\/td><td><strong>Richesse en milliards d\u2019euros<\/strong><\/td><td><strong>En millions d\u2019ann\u00e9es de SMIC fran\u00e7ais*<\/strong><\/td><\/tr><tr><td>Bernard Arnault<\/td><td>LVMH<\/td><td>France<\/td><td>63,4<\/td><td>4,6<\/td><\/tr><tr><td>Amancio Ortega<\/td><td>Zara<\/td><td>Espagne<\/td><td>61,7<\/td><td>4,5<\/td><\/tr><tr><td>Fran\u00e7oise Bettencourt-Meyers<\/td><td>L\u2019Or\u00e9al<\/td><td>France<\/td><td>37,1<\/td><td>2,7<\/td><\/tr><tr><td>Beate Heister et Karl Albrehct Jr.<\/td><td>Aldi<\/td><td>Allemagne<\/td><td>26,2<\/td><td>1,9<\/td><\/tr><tr><td>Fran\u00e7ois Pinault<\/td><td>Kering<\/td><td>France<\/td><td>23,8<\/td><td>1,7<\/td><\/tr><tr><td>Georg Schaeffler<\/td><td>Schaeffer AG<\/td><td>Allemagne<\/td><td>22,3<\/td><td>1,6<\/td><\/tr><tr><td>Susanne Klatten<\/td><td>BMW, Mini, Rolls-Royce, Altana<\/td><td>Allemagne<\/td><td>22<\/td><td>1,6<\/td><\/tr><tr><td>Giovanni Ferrero<\/td><td>Nutella, Kinder<\/td><td>Italie<\/td><td>20,2<\/td><td>1,5<\/td><\/tr><tr><td>Dietrich Mateschitz<\/td><td>Red Bull<\/td><td>Autriche<\/td><td>20,2<\/td><td>1,5<\/td><\/tr><\/tbody><\/table><\/figure>\n\n\n\n<p>* Sur la base d\u2019un Smic net annuel de 13&nbsp;845 euros en 2018<\/p>\n\n\n\n<p><strong>Source<\/strong>&nbsp;: <em>Forbes<\/em>, 2018.<\/p>\n\n\n\n<p><\/p>\n\n\n\n<h3 class=\"has-text-align-center\"><strong><u>CHAPITRE 2. LA PERSISTANCE DES INEGALITES SOCIALES DEPUIS 2000<\/u><\/strong><\/h3>\n\n\n\n<p><strong><em>Les \u00e9tudiant-es choisiront une th\u00e9matique \u00e0 approfondir parmi les 10 suivantes (choix par section)<\/em><\/strong><\/p>\n\n\n\n<h4><strong>Section 1. In\u00e9galit\u00e9s sociales en hausse, revenus en baisse pour les plus modestes<\/strong><\/h4>\n\n\n\n<p><strong><span class=\"has-inline-color has-luminous-vivid-orange-color\">Ecouter en ligne&nbsp;l\u2019\u00e9mission de France Culture <em>La Suite dans les id\u00e9es<\/em> (10-10-2015&nbsp;; 29 minutes) o\u00f9 Alexis Spire et Katia Weidenfeld pr\u00e9sentent leur ouvrage <em>L\u2019Impunit\u00e9 fiscale. Quand l\u2019Etat brade sa souverainet\u00e9<\/em>, Paris, La D\u00e9couverte, 2015 : <\/span><\/strong><a href=\"https:\/\/www.franceculture.fr\/emissions\/la-suite-dans-les-idees\/l-exception-fiscale-ou-le-veritable-laxisme-judiciaire\"><span class=\"has-inline-color has-luminous-vivid-orange-color\"><strong>https:\/\/www.franceculture.fr\/emissions\/la-suite-dans-les-idees\/l-exception-fiscale-ou-le-veritable-laxisme-judiciaire<\/strong><\/span><\/a><strong><span class=\"has-inline-color has-luminous-vivid-orange-color\">.<\/span><\/strong><\/p>\n\n\n\n<p><strong><span class=\"has-inline-color has-luminous-vivid-orange-color\">Ecouter, en ligne, l\u2019intervention de l\u2019\u00e9conomiste Thomas Piketty, sp\u00e9cialiste des in\u00e9galit\u00e9s (17-10-2014&nbsp;; 36:59), sur le th\u00e8me&nbsp;: \u00ab Le capital, les in\u00e9galit\u00e9s et la fiscalit\u00e9 \u00bb&nbsp;: https:\/\/www.bing.com\/videos\/search?q=thomas+piketty+in%c3%a9galit%c3%a9s&amp;qpvt=thomas+piketty+in%c3%a9galit%c3%a9s&amp;view=detail&amp;mid=B73B4866B7BFC5D9DCF2B73B4866B7BFC5D9DCF2&amp;&amp;FORM=VRDGAR&amp;ru=%2Fvideos%2Fsearch%3Fq%3Dthomas%2Bpiketty%2Bin%25c3%25a9galit%25c3%25a9s%26qpvt%3Dthomas%2Bpiketty%2Bin%25c3%25a9galit%25c3%25a9s%26FORM%3DVDRE<\/span><\/strong><\/p>\n\n\n\n<p><strong><span class=\"has-inline-color has-luminous-vivid-orange-color\">Ecouter l\u2019intervention sur Reporterre.Net de l\u2019\u00e9conomiste Thomas Piketty, \u00ab&nbsp;Il va y avoir des crises sociales extr\u00eamement violentes&nbsp;\u00bb (7-12-2019&nbsp;; 46&nbsp;:39), en ligne&nbsp;: https:\/\/www.bing.com\/videos\/search?q=thomas+piketty+in%c3%a9galit%c3%a9s&amp;qpvt=thomas+piketty+in%c3%a9galit%c3%a9s&amp;view=detail&amp;mid=EB8A4460277879CD9CAEEB8A4460277879CD9CAE&amp;&amp;FORM=VRDGAR&amp;ru=%2Fvideos%2Fsearch%3Fq%3Dthomas%2Bpiketty%2Bin%25c3%25a9galit%25c3%25a9s%26qpvt%3Dthomas%2Bpiketty%2Bin%25c3%25a9galit%25c3%25a9s%26FORM%3DVDRE<\/span><\/strong><\/p>\n\n\n\n<p><strong>I. L&#8217;\u00e9volution des revenus depuis 40 ans<\/strong><\/p>\n\n\n\n<p><strong>\u00a71.<\/strong> Les diff\u00e9rentes mesures du revenu<\/p>\n\n\n\n<ol type=\"A\"><li>Les diff\u00e9rentes sources de revenus<\/li><li>Du revenu brut au niveau de vie&nbsp;: prendre en compte les imp\u00f4ts &amp; la taille des familles<\/li><\/ol>\n\n\n\n<p><strong>\u00a72. <\/strong>Les outils de la mesure des \u00e9carts de revenus<\/p>\n\n\n\n<ol type=\"1\"><li>Les d\u00e9ciles<\/li><li>Le rapport inter-d\u00e9cile&nbsp;: l\u2019outil le plus utilis\u00e9<\/li><li>L\u2019\u00e9cart inter-d\u00e9cile&nbsp;: un outil ignor\u00e9<\/li><li>Les limites de ces indicateurs<\/li><li>Un indicateur qui fait la synth\u00e8se&nbsp;: le coefficient de Gini<\/li><li>Conclusions<\/li><\/ol>\n\n\n\n<p><strong>\u00a73. <\/strong>Les r\u00e9sultats<\/p>\n\n\n\n<ol type=\"1\"><li>Entre 2001 et 2008<\/li><li>Depuis 2009<\/li><\/ol>\n\n\n\n<p><strong>II. Les in\u00e9galit\u00e9s entre cat\u00e9gories sociales<\/strong><\/p>\n\n\n\n<p><strong>\u00a71.<\/strong> Des d\u00e9finitions sociologiquement complexes &#8211; L&#8217;exemple des employ\u00e9s<\/p>\n\n\n\n<p><strong>\u00a72. <\/strong>La &#8220;moyennisation&#8221; de la soci\u00e9t\u00e9 et la &#8220;fin&#8221; d&#8217;une soci\u00e9t\u00e9 de classes sociales ?<\/p>\n\n\n\n<p>A. La \u00ab&nbsp;seconde r\u00e9volution fran\u00e7aise&nbsp;\u00bb d\u2019Henri Mendras&nbsp;: la \u00ab&nbsp;moyennisation&nbsp;\u00bb ou la soci\u00e9t\u00e9 sans classes<\/p>\n\n\n\n<ol><li>La soci\u00e9t\u00e9 fran\u00e7aise \u00ab pr\u00e9-r\u00e9volutionnaire \u00bb<\/li><li>La \u00ab moyennisation \u00bb comme av\u00e8nement de la \u00ab&nbsp;modernit\u00e9 sociale&nbsp;\u00bb&nbsp;: les \u00ab&nbsp;constellations&nbsp;\u00bb dans le mod\u00e8le de la toupie<\/li><\/ol>\n\n\n\n<figure class=\"wp-block-image size-large\"><img loading=\"lazy\" width=\"605\" height=\"455\" src=\"http:\/\/amiens-sociologie.fr\/wp-content\/uploads\/2021\/01\/image.png\" alt=\"\" class=\"wp-image-2382\" srcset=\"http:\/\/amiens-sociologie.fr\/wp-content\/uploads\/2021\/01\/image.png 605w, http:\/\/amiens-sociologie.fr\/wp-content\/uploads\/2021\/01\/image-300x226.png 300w\" sizes=\"(max-width: 605px) 100vw, 605px\" \/><\/figure>\n\n\n\n<p><strong><u><span class=\"has-inline-color has-luminous-vivid-orange-color\">Pour un r\u00e9sum\u00e9, \u00e9couter en ligne&nbsp;: \u00ab&nbsp;Comment la structure sociale \u00e9volue-t-elle&nbsp;? Le processus de moyennisation&nbsp;\u00bb &#8211; extrait d\u2019un cours de SES \u2013 9:28&nbsp;; https:\/\/www.youtube.com\/watch?v=KTY9Qt0etQg<\/span><\/u><\/strong><\/p>\n\n\n\n<p class=\"has-text-align-center\"><strong>S<u>entiment d\u2019appartenance de classe de 1965 \u00e0 2005<\/u><\/strong><\/p>\n\n\n\n<figure class=\"wp-block-image size-large\"><img loading=\"lazy\" width=\"480\" height=\"321\" src=\"http:\/\/amiens-sociologie.fr\/wp-content\/uploads\/2021\/01\/image-1.png\" alt=\"\" class=\"wp-image-2383\" srcset=\"http:\/\/amiens-sociologie.fr\/wp-content\/uploads\/2021\/01\/image-1.png 480w, http:\/\/amiens-sociologie.fr\/wp-content\/uploads\/2021\/01\/image-1-300x201.png 300w\" sizes=\"(max-width: 480px) 100vw, 480px\" \/><\/figure>\n\n\n\n<p><strong>Source <\/strong>: SOFRES, <em>L&#8217;Etat de l&#8217;opinion<\/em>, 1996. Pour 2002, CEVIPOF, Panel \u00e9lectoral fran\u00e7ais, 2002. Note : \u00c0 la question \u00ab avez-vous le sentiment d&#8217;appartenir \u00e0 une classe sociale&nbsp;?&nbsp;\u00bb, le total des \u00ab Oui \u00bb et des \u00ab Non \u00bb ne fait pas syst\u00e9matiquement 100% puisqu&#8217;il \u00e9tait possible de r\u00e9pondre \u00ab ne se prononce pas&nbsp;\u00bb.<\/p>\n\n\n\n<p>3. \u00ab Moyennisation \u00bb socio-culturelle et diffusion des \u00ab&nbsp;valeurs post-modernes&nbsp;\u00bb<\/p>\n\n\n\n<p>B. Les limites du diagnostic<\/p>\n\n\n\n<p><strong>\u00a73.<\/strong> La d\u00e9gradation de la situation de classes moyennes \u00ab&nbsp;sacrifi\u00e9es&nbsp;\u00bb&nbsp;: la d\u00e9-moyennisation de la soci\u00e9t\u00e9 fran\u00e7aise et la \u00ab&nbsp;spirale du d\u00e9classement&nbsp;\u00bb<\/p>\n\n\n\n<p>A. Des classes moyennes \u00ab&nbsp;sacrifi\u00e9es&nbsp;\u00bb (Peugny)<\/p>\n\n\n\n<p><strong><span class=\"has-inline-color has-luminous-vivid-orange-color\">Lire l\u2019entretien de Fabien Jobard avec Camille Peugny, \u00ab&nbsp;Du haut vers le bas&nbsp;: le d\u00e9classement&nbsp;\u00bb, <em>Vacarmes<\/em>, vol. 4, n\u00b0 49, 2009, pp. 91-94.<\/span><\/strong><\/p>\n\n\n\n<p><strong><span class=\"has-inline-color has-luminous-vivid-orange-color\">Vous pouvez aussi consulter, pour d\u2019autres articles de synth\u00e8se sur le d\u00e9classement, la reproduction sociale, la mobilit\u00e9 sociale, et plus g\u00e9n\u00e9ralement sur la stratification sociale et les in\u00e9galit\u00e9s sociales en France et en Europe, le blog de Camille Peugny sur le site de <em>Alternatives<\/em> <em>\u00e9conomiques<\/em>&nbsp;, \u00ab&nbsp;La boucle des in\u00e9galit\u00e9s&nbsp;\u00bb : <\/span><\/strong><a href=\"http:\/\/blogs.alternatives-economiques.fr\/peugny\"><span class=\"has-inline-color has-luminous-vivid-orange-color\"><strong>http:\/\/blogs.alternatives-economiques.fr\/peugny<\/strong><\/span><\/a><\/p>\n\n\n\n<p>B. La \u00ab&nbsp;d\u00e9-moyennisation&nbsp;\u00bb de la soci\u00e9t\u00e9 fran\u00e7aise et la \u00ab&nbsp;spirale du d\u00e9classement&nbsp;\u00bb (Chauvel)<\/p>\n\n\n\n<ul><li><strong><span class=\"has-inline-color has-luminous-vivid-orange-color\">Lire les deux articles en ligne suivants : <\/span><\/strong><\/li><\/ul>\n\n\n\n<p><strong><span class=\"has-inline-color has-luminous-vivid-orange-color\">Duru-Bellat (Marie), \u00ab&nbsp;La question du d\u00e9classement (mesure, faits, interpr\u00e9tation)&#8230;&nbsp;\u00bb, <em>Notes et documents, Observatoire sociologique du changement<\/em>,&nbsp; janvier 2009 (16 pages).<\/span><\/strong><\/p>\n\n\n\n<p><strong><span class=\"has-inline-color has-luminous-vivid-orange-color\">Chauvel (Louis), \u00ab&nbsp;Les nouvelles g\u00e9n\u00e9rations devant la panne prolong\u00e9e de l\u2019ascenseur social&nbsp;\u00bb, <em>Revue de l\u2019OFCE<\/em>, n\u00b0 96, janvier 2006, 16 p.<\/span><\/strong><\/p>\n\n\n\n<ul><li><strong><span class=\"has-inline-color has-luminous-vivid-orange-color\">Ecouter les 3 \u00e9missions radiophoniques suivantes&nbsp;:<\/span><\/strong><\/li><\/ul>\n\n\n\n<p><strong><span class=\"has-inline-color has-luminous-vivid-orange-color\">\u00ab&nbsp;Louis Chauvel, le retour&nbsp;: des classes moyennes encore plus moyennes&nbsp;\u00bb, parties 1 (19 minutes) et 2 (20 minutes), France Culture, 1.09.2016, en ligne&nbsp;: <\/span><\/strong><a href=\"https:\/\/www.franceculture.fr\/emissions\/linvite-des-matins\/louis-chauvel-le-retour-des-classes-moyennes-encore-plus-moyennes\"><span class=\"has-inline-color has-luminous-vivid-orange-color\"><strong>https:\/\/www.franceculture.fr\/emissions\/linvite-des-matins\/louis-chauvel-le-retour-des-classes-moyennes-encore-plus-moyennes<\/strong><\/span><\/a><strong><span class=\"has-inline-color has-luminous-vivid-orange-color\"> et https:\/\/www.franceculture.fr\/emissions\/linvite-des-matins-2eme-partie\/louis-chauvel-le-retour-des-classes-moyennes-encore-plus<\/span><\/strong><\/p>\n\n\n\n<p><strong><span class=\"has-inline-color has-luminous-vivid-orange-color\">Et \u00ab&nbsp;Le d\u00e9classement&nbsp;: spirale d\u2019un d\u00e9ni&nbsp;\u00bb, France Culture, 16.12.2016 (\u00ab34 minutes), en ligne&nbsp;: <\/span><\/strong><a href=\"https:\/\/www.franceculture.fr\/emissions\/la-grande-table-2eme-partie\/le-declassement-spirale-dun-deni\"><span class=\"has-inline-color has-luminous-vivid-orange-color\"><strong>https:\/\/www.franceculture.fr\/emissions\/la-grande-table-2eme-partie\/le-declassement-spirale-dun-deni<\/strong><\/span><\/a><\/p>\n\n\n\n<p><strong>\u00a74. <u>Bilan synth\u00e9tique des in\u00e9galit\u00e9s sociales<\/u><\/strong><\/p>\n\n\n\n<p><strong><span class=\"has-inline-color has-luminous-vivid-orange-color\">Pour une r\u00e9vision g\u00e9n\u00e9rale de cette partie du cours, vous pouvez \u00e9couter ces deux cours de SES en ligne&nbsp;:<\/span><\/strong><\/p>\n\n\n\n<ul><li><span class=\"has-inline-color has-luminous-vivid-orange-color\"><strong>&nbsp;\u00ab&nbsp;Comment analyser la structure sociale actuelle&nbsp;?&nbsp;\u00bb, cours de SES \u2013 10&nbsp;:17, en ligne&nbsp;: <\/strong><a href=\"https:\/\/www.youtube.com\/watch?v=2EaeJMjYQUU\"><strong>https:\/\/www.youtube.com\/watch?v=2EaeJMjYQUU<\/strong><\/a><\/span><\/li><li><span class=\"has-inline-color has-luminous-vivid-orange-color\"><strong>\u00ab&nbsp;Classes, stratification et mobilit\u00e9 sociales&nbsp;\u00bb, cours de SES \u2013 44&nbsp;:40 , en ligne&nbsp;: <\/strong><a href=\"https:\/\/www.youtube.com\/watch?v=Ea3hhobYlaI\"><strong>https:\/\/www.youtube.com\/watch?v=Ea3hhobYlaI<\/strong><\/a><\/span><\/li><\/ul>\n\n\n\n<h4><strong>Section 2. Les in\u00e9galit\u00e9s entre les femmes et les hommes (\u00e9ducation, emploi, temps partiel, pr\u00e9carit\u00e9, ch\u00f4mage et pauvret\u00e9, m\u00e9tier politique, salaires, travail domestique, familles monoparentales, esp\u00e9rance de vie)<\/strong><\/h4>\n\n\n\n<p><strong><span class=\"has-inline-color has-luminous-vivid-orange-color\">Regardez l&#8217;entretien de Pierre Bourdieu sur son ouvrage <em>La Domination masculine<\/em> (Paris, Seuil, 1998), o\u00f9 le sociologue revient sur les notions de domination, d&#8217;habitus et de violence symbolique &#8211; 13&#8217;03 : https:\/\/www.sam-network.org\/video\/la-domination-masculine<\/span><\/strong><\/p>\n\n\n\n<p><strong>Petite introduction&#8230; politiquement incorrecte<\/strong><\/p>\n\n\n\n<p class=\"has-text-align-center\"><strong><u>Tableau 1.<\/u> Les in\u00e9galit\u00e9s entre les hommes et les femmes en France&nbsp;: principaux indicateurs (2010-2016)<\/strong><\/p>\n\n\n\n<figure class=\"wp-block-table\"><table><tbody><tr><td><strong>&nbsp;<\/strong><\/td><td><strong>Hommes<\/strong><\/td><td><strong>Femmes<\/strong><\/td><\/tr><tr><td><strong>Part des \u00e9tudiant-es \u00e0 l\u2019universit\u00e9 en 2015-2016<\/strong><\/td><td>43,2%<\/td><td>56,8%<\/td><\/tr><tr><td><strong>Esp\u00e9rance de vie \u00e0 la naissance en 2016<\/strong><\/td><td>79,3 ans<\/td><td>85,4 ans<\/td><\/tr><tr><td><strong>Taux de ch\u00f4mage en 2016<\/strong><\/td><td>10%<\/td><td>10,1%<\/td><\/tr><tr><td><strong>Salaires&nbsp;: <\/strong>tous temps de travail confondus, en 2012, les hommes gagnent X% de plus que les femmes et les femmes gagnent X% de moins que les hommes<\/td><td>34,6%<\/td><td>25,7%<\/td><\/tr><tr><td><strong>Nombre d\u2019actif-ves occup\u00e9-es en temps partiel subi en 2015<\/strong><\/td><td>471 800<\/td><td>1&nbsp;241 800<\/td><\/tr><tr><td><strong>Taux de pauvret\u00e9 en 2014 (au seuil \u00e0 50% du revenu m\u00e9dian)<\/strong><\/td><td>7,7%<\/td><td>8,4%<\/td><\/tr><tr><td><strong>Temps journalier consacr\u00e9 au travail domestique en 2010<\/strong><\/td><td>2h24<\/td><td>3h52<\/td><\/tr><tr><td><strong>Vie politique<\/strong> Part des d\u00e9put\u00e9-es \u00e0 l\u2019Assembl\u00e9e Nationale fran\u00e7aise en 2012 Part des d\u00e9put\u00e9-es au Parlement europ\u00e9en en 2014<\/td><td>&nbsp; &nbsp; 73,3% &nbsp; 63,6%<\/td><td>&nbsp; &nbsp; 26,9% &nbsp; 36,4%<\/td><\/tr><\/tbody><\/table><\/figure>\n\n\n\n<p><strong>Sources<\/strong>&nbsp;: INSEE, Minist\u00e8re de l\u2019Education nationale, INED, Haut Conseil \u00e0 l\u2019\u00e9galit\u00e9 entre les femmes et les hommes, Parlement europ\u00e9en<\/p>\n\n\n\n<p><strong>\u00a71. <\/strong>Une r\u00e9duction des \u00e9carts en mati\u00e8re d\u2019\u00e9ducation, mais des orientations scolaires sexu\u00e9es persistantes dans l&#8217;enseignement sup\u00e9rieur<\/p>\n\n\n\n<p class=\"has-text-align-center\"><strong>Tableau 2. Le dipl\u00f4me selon le sexe<\/strong><\/p>\n\n\n\n<figure class=\"wp-block-table\"><table><tbody><tr><td><strong>&nbsp;<\/strong><\/td><td><strong>Hommes<\/strong><\/td><td><strong>Femmes<\/strong><\/td><\/tr><tr><td><strong>Brevet et moins<\/strong><\/td><td>18,2%<\/td><td>15,8%<\/td><\/tr><tr><td><strong>CAP-BEP<\/strong><\/td><td>30,8%<\/td><td>23%<\/td><\/tr><tr><td><strong>Bac<\/strong><\/td><td>16,9%<\/td><td>18,6%<\/td><\/tr><tr><td><strong>Bac + 2<\/strong><\/td><td>12,4%<\/td><td>15,6%<\/td><\/tr><tr><td><strong>Bac + 3 et +<\/strong><\/td><td>21,6%<\/td><td>27,1%<\/td><\/tr><tr><td><strong>Ensemble<\/strong><\/td><td>100%<\/td><td>100%<\/td><\/tr><\/tbody><\/table><\/figure>\n\n\n\n<p><strong><span class=\"has-inline-color has-luminous-vivid-orange-color\">Sur l\u2019\u00e9volution de la figure de la m\u00e8re&nbsp;en France, regarder le documentaire de France 5, <\/span><\/strong><a rel=\"noreferrer noopener\" href=\"https:\/\/www.france.tv\/france-5\/le-doc-du-dimanche\/1286927-tu-seras-mere-ma-fille.html\" target=\"_blank\"><span class=\"has-inline-color has-luminous-vivid-orange-color\"><strong><em>Tu seras m\u00e8re ma fille<\/em><\/strong><\/span><\/a><em><span class=\"has-inline-color has-luminous-vivid-orange-color\"><strong>, <\/strong><\/span><\/em><strong><span class=\"has-inline-color has-luminous-vivid-orange-color\">de Camille M\u00e9nager et Bruno Joucla, en ligne&nbsp;:https:\/\/www.france.tv\/france-5\/le-doc-du-dimanche\/1286927-tu-seras-mere-ma-fille.html<\/span><\/strong><\/p>\n\n\n\n<p><strong>R\u00e9f\u00e9rences bibliographiques sp\u00e9cifiques, en ligne :<\/strong><\/p>\n\n\n\n<p><em>Travail, Genre et Soci\u00e9t\u00e9s, <\/em>n\u00b0 18, 2007&nbsp;: \u00ab&nbsp;Formation et orientation&nbsp;: l\u2019empreinte du genre&nbsp;\u00bb.<\/p>\n\n\n\n<p>Daune-Richard (Anne-Marie), Marry (Catherine), \u00ab&nbsp;Autres histoires de transfuges ? Le cas de jeunes filles inscrites dans des formations \u2018masculines\u2019 de BTS et de DUT industriels&nbsp;\u00bb, <em>Formation Emploi<\/em>, n\u00b0 29, 1990, pp. 35-50.<\/p>\n\n\n\n<p>Lemarchant (Clotilde), \u00ab La mixit\u00e9 inachev\u00e9e. Gar\u00e7ons et filles minoritaires dans les fili\u00e8res techniques \u00bb, <em>Travail, genre et soci\u00e9t\u00e9s<\/em>, vol. 18, n\u00b0 2, 2007.<\/p>\n\n\n\n<p>Briard (Karine), Valat (Emmanuel), \u00ab \u00c0 quels moments les in\u00e9galit\u00e9s professionnelles entre les femmes et les hommes se forment-elles ? \u00bb, <em>Document d\u2019\u00e9tude de la DARES<\/em>, n\u00b0 215, f\u00e9vrier 2018 (en ligne).<\/p>\n\n\n\n<p><strong>\u00a72. <\/strong>M\u00e9tiers&nbsp;: une non mixit\u00e9 persistante, des violences sexuelles et sexistes sur les lieux de travail de plus en plus publicis\u00e9es<\/p>\n\n\n\n<p><strong><span class=\"has-inline-color has-luminous-vivid-orange-color\">Regarder l\u2019interview de Sybille Gollac pr\u00e9sentant l\u2019ouvrage&nbsp;Bessi\u00e8re (C\u00e9line), Gollac (Sybille), <em>Le Genre du capital. Comment la famille reproduit les in\u00e9galit\u00e9s<\/em>, Paris, La D\u00e9couverte, 2020 : \u00ab&nbsp;La soci\u00e9t\u00e9 de classes se reproduit gr\u00e2ce \u00e0 l\u2019appropriation masculine du capital&nbsp;\u00bb, \u00ab&nbsp;La Midinale&nbsp;\u00bb de Regards.fr, 10 f\u00e9vrier 2020, 16&nbsp;:57, en ligne&nbsp;: http:\/\/www.regards.fr\/la-midinale\/article\/sibylle-gollac-la-societe-de-classes-se-reproduit-grace-a-l-appropriation<\/span><\/strong><\/p>\n\n\n\n<p><strong>R\u00e9f\u00e9rences bibliographiques sp\u00e9cifiques, en ligne :<\/strong><\/p>\n\n\n\n<p>Bosse (Nathalie), Guegnard (Christine), \u00ab Les repr\u00e9sentations des m\u00e9tiers par les jeunes : entre r\u00e9sistances et avanc\u00e9es \u00bb, <em>Travail, genre et soci\u00e9t\u00e9s<\/em>, vol. 18, n\u00b0 2, 2007.<\/p>\n\n\n\n<p><em>Le Sociographe. Recherches en travail social<\/em>, n\u00b0&nbsp;49, 2015&nbsp;: \u00ab&nbsp;Petites fabriques du genre. Identit\u00e9s, orientations et transformations sexu\u00e9es en travail social&nbsp;\u00bb.<\/p>\n\n\n\n<p>Pinto (Josiane), \u00ab&nbsp;Une relation enchant\u00e9e&nbsp;: la secr\u00e9taire et son patron&nbsp;\u00bb, <em>Actes de la Recherche en Sciences Sociales<\/em>, 1990, n\u00b0 84, pp. 32-48.<\/p>\n\n\n\n<p>Jacques (B\u00e9atrice), Purgues (Sonia), \u00ab&nbsp;L&#8217;entr\u00e9e des hommes dans le m\u00e9tier de sage-femme&nbsp;: faire sa place dans un monde professionnel&nbsp;\u2018ultra-f\u00e9minis\u00e9\u2019&nbsp;\u00bb, <em>Revue fran\u00e7aise des affaires sociales<\/em>, n\u00b0 2, 2012, pp. 52-71.<\/p>\n\n\n\n<p>Cottard (Laura), \u00ab&nbsp;Homme et sage-femme&nbsp;: un choix, une pratique, une construction identitaire&nbsp;\u00bb, <em>Nouvelle Revue de psychosociologie<\/em>, vol. 17, n\u00b0 1, 2014, pp. 97-108. <\/p>\n\n\n\n<p>Olivier (Alice), \u00ab&nbsp;Des hommes en \u00e9coles de sages-femmes. Sociabilit\u00e9s \u00e9tudiantes et recompositions des masculinit\u00e9s&nbsp;\u00bb, <em>Terrains &amp; Travaux<\/em>, vol. 2, n\u00b0 27, 2015.<\/p>\n\n\n\n<p>Charrier (Philippe), \u00ab&nbsp;Des hommes chez les sages-femmes&nbsp;: vers un effet de segmentation&nbsp;? \u00bb, <em>Soci\u00e9t\u00e9s contemporaines<\/em>, vol. 3, n\u00b0 67, 2007.<\/p>\n\n\n\n<p>Charrier (Philippe), \u00ab&nbsp;Comment envisage-t-on d\u2019\u00eatre sage-femme quand<strong> <\/strong>on est un homme&nbsp;?&nbsp;L\u2019int\u00e9gration professionnelle des \u00e9tudiants hommes sages-femmes \u00bb, <em>Travail, genre et soci\u00e9t\u00e9s<\/em>, vol. 2, n\u00b0 12, 2004, pp. 105-124.<\/p>\n\n\n\n<p>Testenoire (Armelle), \u00ab Articuler les paradigmes de la redistribution et de la reconnaissance ; la situation des femmes de chambre \u00bb, <em>L\u2019Homme et la Soci\u00e9t\u00e9,<\/em> n\u00b0 176, 2010, pp. 83-99.<\/p>\n\n\n\n<p>Cacouault-Bitaud (Marlaine), \u00ab&nbsp;Professeur du secondaire&nbsp;: une profession f\u00e9minine&nbsp;? \u00c9l\u00e9ments pour une approche socio-historique&nbsp;\u00bb, <em>Gen\u00e8ses<\/em>, n\u00b0 36, 1999, pp. 92-115.<\/p>\n\n\n\n<p>Gallioz (St\u00e9phanie), \u00ab&nbsp;La f\u00e9minisation dans les entreprises du b\u00e2timent : une normalisation sociale des comportements ouvriers masculins ?&nbsp;\u00bb, <em>Les Cahiers du genre<\/em>, n\u00b0 47, 2009.<\/p>\n\n\n\n<p>Gallioz (St\u00e9phanie),\u00ab&nbsp;Force physique et f\u00e9minisation des m\u00e9tiers du b\u00e2timent&nbsp;\u00bb, <em>Travail, genre et soci\u00e9t\u00e9s<\/em>, vol. 16, 2006, pp. 97-114.<\/p>\n\n\n\n<p>Gallioz (St\u00e9phanie), \u00ab&nbsp;La f\u00e9minisation des entreprises du b\u00e2timent&nbsp;: le jeu paradoxal des st\u00e9r\u00e9otypes de sexe&nbsp;\u00bb, <em>Sociologies pratiques<\/em>, vol. 14, 2007, pp. 31-44.<\/p>\n\n\n\n<p>No\u00fbs (Camille), \u00ab&nbsp;Invisibilisation de la p\u00e9nibilit\u00e9 au travail, mixit\u00e9 et rapports de genre. Conducteurs et agents commerciaux dans le secteur ferroviaire&nbsp;\u00bb, <em>Nouvelle Revue du Travail<\/em>, n\u00b0 16, 2020.<\/p>\n\n\n\n<p>Pruvost (Genevi\u00e8ve), \u00ab&nbsp;Anatomie politique, professionnelle et m\u00e9diatique des femmes dans la police&nbsp;\u00bb, <em>Les Cahiers du Genre<\/em>, n\u00b0 42, 2007.<\/p>\n\n\n\n<p>Boussard (Val\u00e9rie), Caroly (Sandrine), Loriol (Marc), \u00ab&nbsp;Une f\u00e9minisation sur fond de segmentation professionnelle genr\u00e9e&nbsp;: le cas des polici\u00e8res en commissariat&nbsp;\u00bb, <em>Sociologies pratiques<\/em>, vol. 14, 2007, pp. 75-88.<\/p>\n\n\n\n<p>Joly (Vincent), \u00ab&nbsp;Note sur les femmes et la f\u00e9minisation de l\u2019arm\u00e9e dans quelques revues d\u2019histoire militaire&nbsp;\u00bb, <em>Clio \u2013 Histoire, femmes et soci\u00e9t\u00e9s, \u00ab&nbsp;Arm\u00e9es&nbsp;\u00bb<\/em>, n\u00b020, 2004<strong>.<\/strong><\/p>\n\n\n\n<p>Pr\u00e9vot (Emmanuelle), \u00ab&nbsp;F\u00e9minisation de l\u2019arm\u00e9e de terre et virilit\u00e9 du m\u00e9tier des armes&nbsp;\u00bb, <em>Les Cahiers du genre<\/em>, n\u00b0 48, 2010.<\/p>\n\n\n\n<p>H\u00e9as (St\u00e9phane), Kergoat (R.), Weber (C.), Haddad (S.), \u00ab&nbsp;Dualit\u00e9<strong> <\/strong>identitaire des femmes \u00e9l\u00e8ves officiers des \u00e9coles militaires de Co\u00ebtquidan&nbsp;: f\u00e9minit\u00e9 pr\u00e9serv\u00e9e ou masculinit\u00e9 recherch\u00e9e&nbsp;?&nbsp;\u00bb, <em>Socio-logos, <\/em>n\u00b0 2, 2007.<\/p>\n\n\n\n<p>Pfefferkorn (Roland), \u00ab&nbsp;Des femmes chez les sapeurs-pompiers&nbsp;\u00bb, &nbsp;<em>Les<\/em> <em>Cahiers du genre<\/em>, n\u00b0 40, 2006.<\/p>\n\n\n\n<p>Gad\u00e9a (Charles), \u00ab&nbsp;Cadres de sant\u00e9, le maillon indispensable du New Public Management&nbsp;?&nbsp;\u00bb, in Bouffartigue (Paul), Gad\u00e9a (Charles), Pochic (Sophie) [dir.], <em>Cadres, classes moyennes&nbsp;: vers l\u2019\u00e9clatement<\/em>, Paris, Armand Colin, 2011, pp. 56-64.<\/p>\n\n\n\n<p>Boussard (Val\u00e9rie), \u00ab&nbsp;Celles qui survivent&nbsp;: dispositions improbables<strong> <\/strong>des dirigeantes dans la finance&nbsp;\u00bb, <em>Travail, genre et soci\u00e9t\u00e9s<\/em>, vol. 1, n\u00b0 35, 2016.<\/p>\n\n\n\n<p>Paillet (Anne), Serre (Delphine), \u00ab&nbsp;Les rouages du genre. La diff\u00e9renciation des pratiques de travail chez les juges des enfants&nbsp;\u00bb, <em>Sociologie du travail<\/em>, vol. 56, n\u00b03, juillet-septembre 2014.<\/p>\n\n\n\n<p>Bessi\u00e8re (C\u00e9line), Mille (Muriel), \u00ab&nbsp;Le juge est (souvent) une femme. Conceptions du m\u00e9tier et pratiques des magistrates et magistrats aux Affaires familiales&nbsp;\u00bb, <em>Sociologie du travail<\/em>, vol. 55, n\u00b0 3, septembre 2013, pp.&nbsp;341-368.<\/p>\n\n\n\n<p>Bessi\u00e8re (C\u00e9line), Gollac (Sybille), Mille (Muriel), \u00ab&nbsp;F\u00e9minisation de la magistrature\u202f: quel est le probl\u00e8me\u202f?&nbsp;\u00bb, <em>Travail, genre et soci\u00e9t\u00e9s<\/em>, n\u00b0 36, novembre 2016.<\/p>\n\n\n\n<p>Lapeyre (Nathalie), Le Feuvre (Nicky), \u00ab&nbsp;F\u00e9minisation du corps m\u00e9dical et dynamiques professionnelles dans le champ de la sant\u00e9&nbsp;\u00bb, <em>Revue fran\u00e7aise des affaires sociales<\/em>, n\u00b0 1, 2005, pp. 59-81.<\/p>\n\n\n\n<p>Barrois (Amandine), Devetter (Fran\u00e7ois-Xavier), \u00ab&nbsp;Femmes salari\u00e9es et<strong> <\/strong>non salari\u00e9es&nbsp;: quelles diff\u00e9rences&nbsp;?&nbsp;\u00bb, <em>Travail et emploi<\/em>, vol. 2, n\u00b0 150, 2017.<\/p>\n\n\n\n<p>Richomme-Huet (Katia), d\u2019Andria (Aude), \u00ab&nbsp;Femmes repreneures&nbsp;: toujours des d\u00e9fis \u00e0 relever&nbsp;\u00bb, <em>Entreprendre &amp; innover<\/em>, vol. 2, n\u00b0 14, 2012, pp. 58-66.<\/p>\n\n\n\n<p>Landour (Julie), \u00ab&nbsp;Quand les m\u00e8res deviennent entrepreneures&nbsp;: image et exp\u00e9riences des \u2018mompreneurs\u2019&nbsp;\u00bb, <em>Soci\u00e9t\u00e9s contemporaines<\/em>, vol. 2, n\u00b0 98, 2015, pp. 137-168.<\/p>\n\n\n\n<p>D\u2019Andria (Aude), \u00ab&nbsp;Un \u00e9clairage sur le processus entrepreneurial des mampreneurs. Etude exploratoire de leur dynamique effectuale&nbsp;\u00bb, <em>Revue de l\u2019entrepreneuriat<\/em>, vol. 13, n\u00b0 1, 2014, pp. 11-33.<\/p>\n\n\n\n<p>Bourgain (Marina), Chaudat (Pierre), \u00ab&nbsp;Vie professionnelle et maternit\u00e9&nbsp;: repr\u00e9sentations compar\u00e9es de jeunes entrepreneures et cadres en TPE et PME en croissance&nbsp;\u00bb, <em>Revue de l\u2019entrepreneuriat<\/em>, vol. 2, n\u00b0 14, 2015, pp. 83-108.<\/p>\n\n\n\n<p>Pailot (Philippe), Poroli (Corinne), Lee-Gosselin (H\u00e9l\u00e8ne), Chasserio (St\u00e9phanie), \u00ab&nbsp;Contribution \u00e0 une lecture cat\u00e9gorielle et interactionniste de la l\u00e9gitimit\u00e9 des femmes entrepreneures&nbsp;\u00bb, <em>Revue de l\u2019entrepreneuriat<\/em>, vol. 2, n\u00b0 14, 2015, pp. 31-57.<\/p>\n\n\n\n<p>Leb\u00e8gue (Typhaine), \u00ab&nbsp;L\u2019accompagnement institutionnel des femmes entrepreneures. Quel mod\u00e8le d\u2019accompagnement pour les femmes cr\u00e9atrices de tr\u00e8s petites entreprises&nbsp;?&nbsp;\u00bb, <em>Revue de l\u2019entrepreneuriat<\/em>, vol. 2-3, n\u00b0 14, 2015, pp. 109-138.<\/p>\n\n\n\n<p><em>Travail et emploi<\/em>, \u00ab&nbsp;Genre et travail ind\u00e9pendant&nbsp;\u00bb, vol. 2, n\u00b0 150, 2017.<\/p>\n\n\n\n<p><u><em>Revue de l\u2019entrepreneuriat<\/em>,<\/u>\u00ab&nbsp;Femmes entrepreneures&nbsp;\u00bb, vol. 2, n\u00b0 14, 2015.<\/p>\n\n\n\n<p><em>Travail, Genre et Soci\u00e9t\u00e9s<\/em>, n\u00b0 13, avril 2005&nbsp;: \u00ab&nbsp;Les patronnes&nbsp;\u00bb.<\/p>\n\n\n\n<p><em>Travail, Genre et Soci\u00e9t\u00e9s<\/em>, n\u00b0 35, avril 2016&nbsp;: \u00ab&nbsp;Femmes dirigeantes&nbsp;\u00bb.<\/p>\n\n\n\n<p>Constantinidis (Christina), \u00ab&nbsp;Repr\u00e9sentations sur le genre et r\u00e9seaux d\u2019affaires chez les femmes entrepreneures&nbsp;\u00bb, <em>Revue Fran\u00e7aise de Gestion<\/em>, vol. 3, n\u00b0 202, 2010.<\/p>\n\n\n\n<p>Boutillier (Sophie), \u00ab&nbsp;Femmes entrepreneures&nbsp;: motivations et mobilisation des r\u00e9seaux sociaux&nbsp;\u00bb, <em>Humanisme et entreprise<\/em>, vol. 5, n\u00b0290, 2008, pp. 21-38.<\/p>\n\n\n\n<p>D\u2019Andria (Aude), Gabaret (In\u00e8s), \u00ab&nbsp;Femmes et entrepreneurs&nbsp;: trente ans de recherches en motivations entrepreneuriales f\u00e9minines&nbsp;\u00bb, <em>Revue de l\u2019entrepreneuriat<\/em>, vol. 15, n\u00b0 3-4, 2016, pp. 87-107.<\/p>\n\n\n\n<p>Leb\u00e8gue (Typhaine), \u00ab&nbsp;La r\u00e9ussite de carri\u00e8re entrepreneuriale des femmes&nbsp;\u00bb, <em>Revue de l\u2019entrepreneuriat<\/em>, vol. 14, n\u00b0 1, 2015, pp. 93-127.<\/p>\n\n\n\n<p>Cornet (Annie), Constantinidis (Christina), \u00ab&nbsp;Entreprendre au f\u00e9minin. Une r\u00e9alit\u00e9 multiple et des attentes diff\u00e9renci\u00e9es&nbsp;\u00bb, <em>Revue Fran\u00e7aise de Gestion<\/em>, vol. 4, n\u00b0 151, 2004.<\/p>\n\n\n\n<p>L\u00e9ger-Jarniou (Catherine), Nelson (Teresa), Chasserio (St\u00e9phanie), \u00ab&nbsp;Perspectives francophones sur les femmes entrepreneures&nbsp;: au-del\u00e0 des approches comparatives, vers une perspective compr\u00e9hensive&nbsp;\u00bb, <em>Revue de l\u2019entrepreneuriat<\/em>, vol. 14, n\u00b0 2, 2015.<\/p>\n\n\n\n<p>Davidson (Marilyn J.), Burke (Ronald J.), \u00ab&nbsp;Les femmes dans le management. Une perspective mondiale&nbsp;\u00bb, <em>Revue Fran\u00e7aise de Gestion<\/em>, vol. 4, n\u00b0 151, 2004, pp. 129-143.<\/p>\n\n\n\n<p>Paradas (Agn\u00e8s), Debray (Caroline), Revelli (Christophe), \u00ab&nbsp;Les femmes dirigeantes de PME ont-elles des pratiques de Responsabilit\u00e9 sociale des Entreprises (RSE) sp\u00e9cifiques&nbsp;? \u00bb, <em>Recherches en Sciences de gestion<\/em>, vol. 4, n\u00b0 97, 2013.<\/p>\n\n\n\n<p>Junter (Annie), Lanquetin (Marie-Th\u00e9r\u00e8se), Laufer (Jacqueline), Mazur (Amy), Milewski (Fran\u00e7oise), Silvera (Rachel), \u00ab&nbsp;L\u2019\u00e9galit\u00e9 professionnelle&nbsp;: vingt ans apr\u00e8s&nbsp;\u00bb, <em>Travail, genre et soci\u00e9t\u00e9s<\/em>, n\u00b0 12, 2004.<\/p>\n\n\n\n<p>Laufer (Jacqueline), \u00ab&nbsp;Entre \u00e9galit\u00e9 et in\u00e9galit\u00e9s&nbsp;: les droits des femmes dans la sph\u00e8re professionnelle&nbsp;\u00bb, <em>L\u2019Ann\u00e9e Sociologique<\/em>, vol. 53, n\u00b0&nbsp;1, 2003, pp.&nbsp;143-173.<\/p>\n\n\n\n<p>Boni-Le Goff (Isabelle), \u00ab&nbsp;\u2019Au nom de la diversit\u00e9\u2019&nbsp;: analyse \u00e9cologique du d\u00e9veloppement des r\u00e9seaux professionnels de femmes cadres en France&nbsp;\u00bb, <em>Sociologies pratiques<\/em>, vol. 2, n\u00b0 21, 2010, pp. 83-95.<\/p>\n\n\n\n<p>Sanchez-Munoz (Marion), \u00ab&nbsp;Tableau des cadres d\u2019aujourd\u2019hui&nbsp;: ambitions et r\u00e9ussites des femmes cadres&nbsp;\u00bb, <em>Innovation<\/em>, vol. 2, n\u00b0 20, 2004, pp. 83-92.<\/p>\n\n\n\n<p>Wagner (Ina), Birbaumer (Andrea), \u00ab&nbsp;Les femmes cadres dans les entreprises innovantes&nbsp;\u00bb, <em>Travail, Genre et Soci\u00e9t\u00e9s<\/em>, vol. 1, n\u00b0 17, 2007.<\/p>\n\n\n\n<p>Blanchard (Soline), Le Feuvre (Nicky), Metso (Milka), \u00ab&nbsp;Les femmes cadres et dirigeantes d\u2019entreprise en Europe&nbsp;\u00bb, <em>Informations sociales<\/em>, vol. 1, n\u00b0 151, 2009.<\/p>\n\n\n\n<p>Helfter (Caroline), \u00ab&nbsp;Focus&nbsp;: <em>Executive women<\/em>&nbsp;: s\u2019entraider \u00e0 gravir les \u00e9chelons&nbsp;\u00bb, <em>Informations sociales<\/em>, vol. 1, n\u00b0 151, 2009.<\/p>\n\n\n\n<p>Hidri (Oumaya), \u00ab&nbsp;Le \u2018chass\u00e9-crois\u00e9\u2019 des apparences sexu\u00e9es&nbsp;: strat\u00e9gies d\u2019insertion professionnelle des cadres commerciaux&nbsp;\u00bb, <em>Les Cahiers du Genre<\/em>, n\u00b0 42, 2007.<\/p>\n\n\n\n<p>Descamps (Florence), \u00ab&nbsp;L\u2019histoire des femmes cadres aux Finances entre 1939-1981&nbsp;: un plafond de plomb&nbsp;\u00bb, <em>Revue Fran\u00e7aise d\u2019Administration publique<\/em>, vol. 1, n\u00b0 145, 2013, pp. 39-63.<\/p>\n\n\n\n<p><em>Sociologie du travail<\/em>, \u00ab&nbsp;Le plafond de verre dans tous ses \u00e9clats. La f\u00e9minisation des professions sup\u00e9rieures au XXe si\u00e8cle&nbsp;\u00bb, vol. 51, n\u00b0 2, avril-juin 2009.<\/p>\n\n\n\n<p><em>Revue Fran\u00e7aise de Gestion<\/em>,<strong> <\/strong>\u00ab&nbsp;Femmes et carri\u00e8res&nbsp;: la question du plafond de verre&nbsp;\u00bb, vol. 4, n\u00b0 151, 2004 ; lire notamment l\u2019article de Belghiti-Mahut (Sophia), \u00ab&nbsp;Les d\u00e9terminants de l\u2019avancement hi\u00e9rarchique des femmes cadres&nbsp;\u00bb, pp. 145-160. <\/p>\n\n\n\n<p>Buscatto (Marie), Marry (Catherine), \u00ab&nbsp;Le plafond de verre dans tous ses \u00e9clats&nbsp;\u00bb, <em>Sociologie du travail<\/em>, vol. 50, n\u00b0 2, 2009, pp. 170-182.<\/p>\n\n\n\n<p>Guillaume (C\u00e9cile), Pochic (Sophie), \u00ab&nbsp;La fabrication organisationnelle des dirigeants. Un regard sur le plafond de verre&nbsp;\u00bb, <em>Travail, Genre et Soci\u00e9t\u00e9s<\/em>, vol. 1, n\u00b0 17, 2007, pp. 79-103.<\/p>\n\n\n\n<p>Alber (Alex), \u00ab&nbsp;Un plafond de verre plus bas dans la fonction publique&nbsp;?&nbsp;\u00bb, <em>Travail, Genre et Soci\u00e9t\u00e9s<\/em>, vol. 2, n\u00b0 30, 2013, pp. 131-154.<\/p>\n\n\n\n<p>Cappellin (Paola), \u00ab&nbsp;Plafond, parois de verre, ou ciel de plomb&nbsp;?&nbsp;\u00bb, <em>Cahiers du genre<\/em>, vol. 1, n\u00b0 48, 2010.<\/p>\n\n\n\n<p>Tripier (Pierre), \u00ab&nbsp;De l\u2019esprit pionnier aux plafonds et parois de verre&nbsp;\u00bb, <em>Cahiers du genre<\/em>, vol. 1, n\u00b0 48, 2010, pp. 5-11.<\/p>\n\n\n\n<p>Alber (Alex), \u00ab&nbsp;Un plafond de verre plus bas dans la fonction publique&nbsp;?&nbsp;\u00bb, <em>Travail, Genre et Soci\u00e9t\u00e9s<\/em>, vol. 2, n\u00b0 30, 2013, pp. 131-154.<\/p>\n\n\n\n<p><em>Revue Fran\u00e7aise d\u2019Administration publique<\/em>, \u00ab&nbsp;La place des femmes dans les \u00e9lites administratives&nbsp;\u00bb, vol. 1, n\u00b0 145, 2013. <\/p>\n\n\n\n<p>Doniol-Shaw (Ghislaine), Le Douarin (Laurence), \u00ab&nbsp;L\u2019acc\u00e8s des femmes aux emplois sup\u00e9rieurs dans la fonction publique&nbsp;: avanc\u00e9es et r\u00e9sistances. L\u2019exemple du Minist\u00e8re de l\u2019Equipement&nbsp;\u00bb, <em>Revue Fran\u00e7aise d\u2019Administration Publique<\/em>, vol. 4, n\u00b0 116, 2005, pp. 671-686.<\/p>\n\n\n\n<p>Avril (Christelle), \u00ab&nbsp;Ressources et lignes de clivage parmi les aides \u00e0 domicile&nbsp;\u00bb, <em>Actes de la Recherche en Sciences Sociales<\/em>, vol. 1, n\u00b0191-192, 2012, pp. 86-105.<\/p>\n\n\n\n<p>Avril (Christelle), \u00ab&nbsp;Les aides \u00e0 domicile pour personnes \u00e2g\u00e9es face \u00e0 la norme de sollicitude&nbsp;\u00bb, <em>Retraite et soci\u00e9t\u00e9<\/em>s, vol. 1, n\u00b0 53, 2008, pp. 49-65.<\/p>\n\n\n\n<p>Avril (Christelle), \u00ab&nbsp;Le travail des aides \u00e0 domicile pour personnes \u00e2g\u00e9es&nbsp;: contraintes et savoir-faire&nbsp;\u00bb, <em>Le Mouvement social<\/em>, vol.3, n\u00b0 216, 2006, pp. 87-99.<\/p>\n\n\n\n<p>Matonti (Fr\u00e9d\u00e9rique), \u00ab&nbsp;Les mots pour (ne pas) le dire. Viol, consentement, harc\u00e8lement&nbsp;: les m\u00e9dias face aux affaires Strauss-Kahn&nbsp;\u00bb, <em>Raisons politiques<\/em>, vol. 2, n\u00b0 46, 2012.<\/p>\n\n\n\n<p>Bertini (Marie-Jos\u00e8phe), \u00ab&nbsp;Genre et m\u00e9dias \u00e0 l\u2019\u00e9preuve de l\u2019affaire DSK. R\u00e9flexions sur le commentaire en ligne, nouvel espace de construction de l\u2019in\u00e9galit\u00e9 des sexes&nbsp;\u00bb, <em>Sciences de la Soci\u00e9t\u00e9<\/em>, n\u00b0 83, 2012&nbsp;: \u00ab&nbsp;M\u00e9dias, la fabrique du genre&nbsp;\u00bb, pp. 54-65.<\/p>\n\n\n\n<p>Bertrand (David), \u00ab&nbsp;L\u2019essor du f\u00e9minisme en ligne. Sympt\u00f4me de l\u2019\u00e9mergence d\u2019une quatri\u00e8me vague f\u00e9ministe&nbsp;?&nbsp;\u00bb, <em>R\u00e9seaux<\/em>, vol. 2, n\u00b0 208-209, 2018, pp. 232-257.<\/p>\n\n\n\n<p>Damian-Gaillard (B\u00e9atrice), Frisque (C\u00e9gol\u00e8ne), Saitta (Eug\u00e9nie), \u00ab&nbsp;Le journalisme au prisme du genre, une probl\u00e9matique f\u00e9conde&nbsp;\u00bb, <em>Questions de communication<\/em>, n\u00b0 15, 2009, pp.&nbsp;111-127.<\/p>\n\n\n\n<p><strong>\u00a73. <\/strong>Une progression des femmes dans les m\u00e9tiers politiques, mais une parit\u00e9 encore bien lointaine dans les ex\u00e9cutifs<\/p>\n\n\n\n<p><span class=\"has-inline-color has-luminous-vivid-orange-color\"><strong>Ecouter l&#8217;entretien sur &#8220;L&#8217;ordre des sexes en politique&#8221; avec Fr\u00e9d\u00e9rique Matonti, Professeure de Science politique \u00e0 l&#8217;Universit\u00e9 de Paris 1 &#8211; Sorbonne sur Politika (Paris 1 &#8211; Laboratoire Tepsis) :<\/strong> <\/span><\/p>\n\n\n\n<p><a href=\"https:\/\/www.politika.io\/fr\/entretien\/lordre-sexes-politique\">https:\/\/www.politika.io\/fr\/entretien\/lordre-sexes-politique<\/a><\/p>\n\n\n\n<p><strong>R\u00e9f\u00e9rences bibliographiques sp\u00e9cifiques, en ligne :<\/strong><\/p>\n\n\n\n<p>Lagrave (Rose-Marie), \u00ab&nbsp;Une \u00e9trange d\u00e9faite. La loi constitutionnelle sur la parit\u00e9&nbsp;\u00bb, <em>Politix<\/em>, n\u00b0 151, 2000, pp. 113-141.<\/p>\n\n\n\n<p>Achin (Catherine), \u00ab&nbsp;\u201cRepr\u00e9sentation miroir\u201d <em>vs<\/em> parit\u00e9. Les d\u00e9bats parlementaires relatifs \u00e0 la parit\u00e9 revus \u00e0 la lumi\u00e8re des th\u00e9ories politiques de la repr\u00e9sentation \u00bb, <em>Droit et soci\u00e9t\u00e9<\/em>, vol. 1, n\u00b0 47, 2001, pp. 237-256.<\/p>\n\n\n\n<p>Guionnet (Christine), \u00ab&nbsp;Entr\u00e9es de femmes en politique. L\u2019irr\u00e9ductibilit\u00e9 du genre \u00e0 l\u2019heure de la parit\u00e9&nbsp;\u00bb, <em>Politix<\/em>, vol. 15, n\u00b0 60, 4<sup>\u00e8me<\/sup> trim. 2002, pp. 113-146.<\/p>\n\n\n\n<p><em>Politix<\/em>, vol. 4, n\u00b0 60, 4<sup>\u00e8me<\/sup> trim. 2002&nbsp;: \u00ab&nbsp;La parit\u00e9 en pratiques&nbsp;\u00bb ; lire notamment les articles de Dulong (Delphine), Lev\u00eaque (Sandrine), \u00ab&nbsp;Une ressource contingente. Les conditions de la reconversion du genre en ressource politique&nbsp;\u00bb et de Achin (Catherine), Paoletti (Marion), \u00ab&nbsp;Le \u2018salto\u2019 du stigmate. Genre et construction des listes aux municipales de 2001&nbsp;\u00bb. <\/p>\n\n\n\n<p>Achin (Catherine), L\u00e9v\u00eaque (Sandrine), \u00ab&nbsp;La parit\u00e9 sous contr\u00f4le. Egalit\u00e9 des sexes et cl\u00f4ture du champ politique&nbsp;\u00bb, <em>Actes de la Recherche en Sciences Sociales<\/em>, vol. 4, n\u00b0 204, 2014.<\/p>\n\n\n\n<p>Achin (Catherine), \u00ab&nbsp;Au-del\u00e0 de la parit\u00e9&nbsp;\u00bb, <em>Mouvements<\/em>, vol. 1, n\u00b0 69, 2012, pp. 49-54.<\/p>\n\n\n\n<p>Bereni (Laure), \u00ab&nbsp;Du MLF au Mouvement pour la parit\u00e9. La gen\u00e8se d\u2019une nouvelle cause dans l\u2019espace de la cause des femmes&nbsp;\u00bb, <em>Politix<\/em>, vol. 2, n\u00b0 78, 2007.<\/p>\n\n\n\n<p>Bereni (Laure), L\u00e9pinard (L\u00e9onore), \u00ab&nbsp;Les femmes ne sont pas une cat\u00e9gorie. Les strat\u00e9gies de l\u00e9gitimation de la parit\u00e9 en France&nbsp;\u00bb, <em>Revue Fran\u00e7aise de Science Politique<\/em>, n\u00b0 54, 2004, pp. 71-98.<\/p>\n\n\n\n<p>Bereni (Laure), Revillard (Anne), \u00ab&nbsp;Des quotas \u00e0 la parit\u00e9&nbsp;: \u2018f\u00e9minisme d\u2019Etat\u2019 et repr\u00e9sentation politique (1974-2007), G<em>en\u00e8ses<\/em>, n\u00b0 67, 2007.<\/p>\n\n\n\n<p>S\u00e9nac-Slawinski (R\u00e9jane), \u00ab&nbsp;Des quotas l\u00e9gaux et partisans \u00e0 la parit\u00e9&nbsp;: panorama des strat\u00e9gies en Europe&nbsp;\u00bb, <em>Informations sociales<\/em>, n\u00b0 151, janvier 2009.<\/p>\n\n\n\n<p>Navarre (Maud), \u00ab&nbsp;Une jeune femme en campagne. Participation observante des \u00e9lections l\u00e9gislatives de 2012&nbsp;\u00bb,&nbsp;<em>Terrains et travaux<\/em>, vol. 1, n\u00b0 26, 2015, pp. 223-238.<\/p>\n\n\n\n<p>Achin (Catherine), \u00ab&nbsp;Un \u2018m\u00e9tier d\u2019hommes\u2019&nbsp;? Les repr\u00e9sentations du m\u00e9tier de d\u00e9put\u00e9 \u00e0 l\u2019\u00e9preuve de sa f\u00e9minisation&nbsp;\u00bb, <em>Revue Fran\u00e7aise de Science Politique<\/em>, vol. 3, n\u00b0 55, 2005, pp. 477-499.<\/p>\n\n\n\n<p>Achin (Catherine), \u00ab&nbsp;Les \u2018liaisons paradoxales\u2019. Genre, ordre politique et ordre social en France et en Allemagne&nbsp;\u00bb, <em>Raisons politiques<\/em>, vol. 3, n\u00b0 15, 2004, pp. 85-96.<\/p>\n\n\n\n<p>L\u00e9v\u00eaque (Sandrine), \u00ab&nbsp;La f\u00e9minit\u00e9 \u2018d\u00e9pass\u00e9e\u2019&nbsp;? Usages et non-usages du genre dans les professions de foi des candidat-es parisien-nes aux \u00e9lections l\u00e9gislatives de 2002&nbsp;\u00bb, <em>Revue Fran\u00e7aise de Science Politique<\/em>, vol.3, n\u00b0 55, 2005.<\/p>\n\n\n\n<p>Dulong (Delphine), Matonti (Fr\u00e9d\u00e9rique), \u00ab&nbsp;Comment devenir un-e professionnel-le de la politique&nbsp;? L\u2019apprentissage des r\u00f4les au Conseil r\u00e9gional d\u2019Ile-de-France&nbsp;\u00bb, <em>Soci\u00e9t\u00e9s &amp; Repr\u00e9sentations<\/em>, vol. 2, n\u00b0 24, 2007.<\/p>\n\n\n\n<p>Achin (Catherine), Paoletti (Marion), \u00ab&nbsp;Le \u2018salto\u2019 du stigmate. Genre et construction des listes aux municipales de 2001&nbsp;\u00bb, <em>Politix<\/em>, vol. 4, n\u00b0 60, 2002, pp.&nbsp; 33-54.<\/p>\n\n\n\n<p>Navarre (Maud), \u00ab&nbsp;De la professionnalisation au d\u00e9sengagement. Les bifurcations dans les carri\u00e8res politiques des \u00e9lues en France&nbsp;\u00bb, <em>Politique et Soci\u00e9t\u00e9s<\/em> (Qu\u00e9bec), vol. 33, n\u00b0 3, 2015.<\/p>\n\n\n\n<p>Behr (Valentin), Michon (S\u00e9bastien). \u00ab&nbsp;Les facteurs sociaux des carri\u00e8res politiques des femmes ministres. Une f\u00e9minisation en trompe-l\u2019\u0153il&nbsp;\u00bb, <em>Gen\u00e8ses<\/em>, n\u00b0 96, 2014.<\/p>\n\n\n\n<p><em>Informations sociales<\/em>, vol. 1, n\u00b0 151, 2009&nbsp;: \u00ab&nbsp;Genre et pouvoir en Europe&nbsp;\u00bb ; lire notamment les articles de Gaspard (Fran\u00e7oise), \u00ab&nbsp;L\u2019Europe communautaire, les femmes et le pouvoir&nbsp;\u00bb et de D\u00e9n\u00e9ch\u00e8re (Yves), \u00ab&nbsp;Femmes, pouvoir ex\u00e9cutif et construction europ\u00e9enne&nbsp;\u00bb.<\/p>\n\n\n\n<p>D\u00e9n\u00e9ch\u00e8re (Yves), \u00ab&nbsp;La contribution des Fran\u00e7aises \u00e0 l\u2019id\u00e9e d\u2019Europe et \u00e0 la construction europ\u00e9enne au XXe si\u00e8cle&nbsp;\u00bb, <em>Parlement[s], Revue d\u2019histoire politique<\/em>, n\u00b0 HS 3, 2007, pp. 73-85.<\/p>\n\n\n\n<p>Achin (Catherine), Dorlin (Elsa), \u00ab&nbsp;Nicolas Sarkozy ou la masculinit\u00e9 mascarade du Pr\u00e9sident&nbsp;\u00bb, <em>Raisons politiques<\/em>, vol. 3, n\u00b0 31, 2008, pp. 19-45.<\/p>\n\n\n\n<p>Achin (Catherine), Dorlin (Elsa), \u00ab&nbsp;J\u2019ai chang\u00e9, toi non plus. La fabrique d\u2019un-e pr\u00e9sidentiable&nbsp;: Sarkozy\/Royal au prisme du genre&nbsp;\u00bb, <em>Mouvements des id\u00e9es et des luttes, <\/em>2007. (www.mouvements.asso.fr).<\/p>\n\n\n\n<p>Th\u00e9viot (Ana\u00efs), \u00ab&nbsp;Des sites de campagne \u00ab&nbsp;masculins&nbsp;\u00bb&nbsp;? Analyse comparative de l\u2019expression en ligne des masculinit\u00e9s de F.&nbsp;Hollande et N.&nbsp;Sarkozy&nbsp;\u00bb, <em>Revue Fran\u00e7aise des Sciences de l\u2019Information et de la communication<\/em>, n\u00b0 4, 2014. <\/p>\n\n\n\n<p><em>Mots. Les langages du politique, <\/em>n<em>\u00b0 <\/em>90, juillet 2009&nbsp;: \u00ab Pr\u00e9sidentielle 2007. Sc\u00e8nes de genre \u00bb.<\/p>\n\n\n\n<p><em>Genre, sexualit\u00e9 et soci\u00e9t\u00e9 <\/em>n\u00b0 HS 2, 2013&nbsp;: \u00ab&nbsp;Pr\u00e9sidentielle 2012&nbsp;\u00bb.<\/p>\n\n\n\n<p>Achin (Catherine), Dorlin (Elsa), Rennes (Juliette), \u00ab&nbsp;Capital corporel identitaire et institution pr\u00e9sidentielle&nbsp;: r\u00e9flexions sur les processus d\u2019incarnation des r\u00f4les politiques&nbsp;\u00bb, <em>Raisons politiques<\/em>, vol. 3, n\u00b0 31, 2008, pp. 5-17.<\/p>\n\n\n\n<p>Sineau (Mariette), \u00ab&nbsp;Face au pouvoir, une asym\u00e9trie persistante&nbsp;\u00bb, <em>Travail, genre et soci\u00e9t\u00e9s<\/em>, vol. 2, n\u00b0 18, 2007<u>.<\/u><\/p>\n\n\n\n<p><u>Histoire@Politique<\/u>, vol. 1, n\u00b01, 2007&nbsp;: \u00ab&nbsp;Les femmes et le pouvoir&nbsp;\u00bb ; lire notamment l\u2019article de Mossuz-Lavau (Janine), \u00ab&nbsp;Les femmes et le pouvoir ex\u00e9cutif depuis 1981&nbsp;: la France au regard du monde&nbsp;\u00bb.<\/p>\n\n\n\n<p><em>Questions de communication<\/em>, vol. 1, n\u00b0 7, 2005&nbsp;: \u00ab&nbsp;Espaces politiques au f\u00e9minin&nbsp;\u00bb ; lire notamment l\u2019article de Fleury (B\u00e9atrice), Walter (Jacques), \u00ab&nbsp;Espaces politiques au f\u00e9minin&nbsp;\u00bb.<\/p>\n\n\n\n<p><em>Histoire@Politique, <\/em>n\u00b0&nbsp;18, mai-ao\u00fbt 2012 [en ligne]&nbsp;: \u00ab&nbsp;Gaullistes, femmes et r\u00e9seaux&nbsp;\u00bb.<\/p>\n\n\n\n<p><strong><span class=\"has-inline-color has-luminous-vivid-orange-color\">Pour r\u00e9sumer certains aspects de cette partie du  cours, vous pouvez aussi \u00e9couter l\u2019extrait du colloque \u00ab&nbsp;Politique et \u00e9conomie&nbsp;: identifier les gardiens du temple&nbsp;\u00bb, mars 2008, avec notamment Catherine Achin et Lucie Bargel (1h30)&nbsp;: https:\/\/www.bing.com\/videos\/search?q=catherine+achin&amp;ru=%2fvideos%2fsearch%3fq%3dcatherine%2bachin%26FORM%3dHDRSC3&amp;view=detail&amp;mid=E10658BF6BC535708065E10658BF6BC535708065&amp;&amp;FORM=VDRVRV<\/span><\/strong><\/p>\n\n\n\n<p><strong>\u00a74. <\/strong>Des femmes moins bien pay\u00e9es, &amp; plus souvent en temps partiel<\/p>\n\n\n\n<p class=\"has-text-align-center\"><strong>Tableau 3. Revenus mensuels nets moyens du travail selon le sexe et le dipl\u00f4me<\/strong> <strong>(en euros)<\/strong><\/p>\n\n\n\n<figure class=\"wp-block-table\"><table><tbody><tr><td><strong>&nbsp;<\/strong><\/td><td><strong>Hommes<\/strong><\/td><td><strong>Femmes<\/strong><\/td><td><strong>Les hommes touchent x% de&nbsp; plus que les femmes<\/strong><\/td><\/tr><tr><td><strong>Brevet et moins<\/strong><\/td><td>1 598<\/td><td>1 130<\/td><td>41,4%<\/td><\/tr><tr><td><strong>CAP-BEP<\/strong><\/td><td>1 718<\/td><td>1 260<\/td><td>36,3%<\/td><\/tr><tr><td><strong>Bac<\/strong><\/td><td>1 870<\/td><td>1 403<\/td><td>33,3%<\/td><\/tr><tr><td><strong>Bac + 2<\/strong><\/td><td>2 368<\/td><td>1 677<\/td><td>41,2%<\/td><\/tr><tr><td><strong>Bac + 3 et +<\/strong><\/td><td>3 148<\/td><td>2 153<\/td><td>46,2%<\/td><\/tr><tr><td><strong>Ensemble<\/strong><\/td><td>2 112<\/td><td>1573<\/td><td>34,3%<\/td><\/tr><\/tbody><\/table><\/figure>\n\n\n\n<p class=\"has-text-align-center\">Revenus salari\u00e9s et non-salari\u00e9s, tous temps de travail confondus.<\/p>\n\n\n\n<p><strong>Source <\/strong>: Minist\u00e8re du Travail &#8211; Donn\u00e9es 2013<\/p>\n\n\n\n<p><strong>Tableau 4.<\/strong> <strong>Emplois de cadres sup\u00e9rieur-es selon le sexe et le dipl\u00f4me<\/strong><\/p>\n\n\n\n<figure class=\"wp-block-table\"><table><tbody><tr><td><strong>&nbsp;<\/strong><\/td><td><strong>Hommes<\/strong><\/td><td><strong>Femmes<\/strong><\/td><\/tr><tr><td><strong>Brevet et moins<\/strong><\/td><td>2,9%<\/td><td>1,1%<\/td><\/tr><tr><td><strong>CAP-BEP<\/strong><\/td><td>3,1%<\/td><td>1,8%<\/td><\/tr><tr><td><strong>Bac<\/strong><\/td><td>8,8%<\/td><td>5,4%<\/td><\/tr><tr><td><strong>Bac + 2<\/strong><\/td><td>23,4%<\/td><td>8,6%<\/td><\/tr><tr><td><strong>Bac + 3 et +<\/strong><\/td><td>62,2%<\/td><td>35,9%<\/td><\/tr><tr><td><strong>Ensemble<\/strong><\/td><td>19,3%<\/td><td>12,6%<\/td><\/tr><\/tbody><\/table><\/figure>\n\n\n\n<p><strong><u>Source<\/u><\/strong> : Minist\u00e8re du Travail &#8211; Donn\u00e9es 2013<\/p>\n\n\n\n<p><strong><span class=\"has-inline-color has-luminous-vivid-orange-color\">Ecouter l&#8217;entretien sur &#8220;Femmes au travail&#8221; avec Catherine Marry, sociologue, sur Politika (Paris 1 &#8211; Laboratoire Tepsis) : <\/span><\/strong><\/p>\n\n\n\n<p><a href=\"https:\/\/www.politika.io\/fr\/entretien\/femmes-au-travail\">https:\/\/www.politika.io\/fr\/entretien\/femmes-au-travail<\/a><\/p>\n\n\n\n<p><strong><span class=\"has-inline-color has-luminous-vivid-orange-color\">Regarder le documentaire <em>Petites mains. Le combat des ex-Lejaby<\/em>, de Thomas Roussillo, sur l\u2019occupation par les ouvri\u00e8res de l\u2019usine Lejaby, en vue de s\u2019opposer \u00e0 sa fermeture&nbsp;: en ligne : <\/span><\/strong><a href=\"https:\/\/www.anti-k.org\/2016\/05\/03\/documentaire-petites-mains-le-combat-des-ex-lejaby\/\"><span class=\"has-inline-color has-luminous-vivid-orange-color\"><strong>https:\/\/www.anti-k.org\/2016\/05\/03\/documentaire-petites-mains-le-combat-des-ex-lejaby\/<\/strong><\/span><\/a><\/p>\n\n\n\n<p><span class=\"has-inline-color has-luminous-vivid-orange-color\"><strong>Regarder l\u2019interview de Sybille Gollac pr\u00e9sentant l\u2019ouvrage&nbsp;de Bessi\u00e8re (C\u00e9line), Gollac (Sybille), <em>Le Genre du capital. Comment la famille reproduit les in\u00e9galit\u00e9s sociales<\/em>, Paris, La D\u00e9couverte, 2020<\/strong> <strong>: \u00ab&nbsp;La soci\u00e9t\u00e9 de classes se reproduit gr\u00e2ce \u00e0 l\u2019appropriation masculine du capital&nbsp;\u00bb, \u00ab&nbsp;La Midinale&nbsp;\u00bb de Regards.fr, 10 f\u00e9vrier 2020, 16&nbsp;:57, en ligne&nbsp;: http:\/\/www.regards.fr\/la-midinale\/article\/sibylle-gollac-la-societe-de-classes-se-reproduit-grace-a-l-appropriation<\/strong><\/span><\/p>\n\n\n\n<p><strong>R\u00e9f\u00e9rences bibliographiques sp\u00e9cifiques, en ligne :<\/strong><\/p>\n\n\n\n<p>Meurs (Dominique), Ponthieux (Sophie), \u00ab&nbsp;L\u2019\u00e9cart des salaires entre les femmes et les hommes peut-il encore baisser&nbsp;?&nbsp;\u00bb, <em>INSEE<\/em>, 2013 [en ligne]. <\/p>\n\n\n\n<p><em>Travail, Genre et Soci\u00e9t\u00e9s, <\/em>n\u00b0 15, 2006&nbsp;: \u00ab&nbsp;Salaires f\u00e9minins, le point et l\u2019appoint&nbsp;\u00bb.<\/p>\n\n\n\n<p>Duvivier (Chlo\u00e9), Lanfranchi (Joseph), Narcy (Mathieu), \u00ab&nbsp;Pourquoi les femmes sont-elles moins bien r\u00e9mun\u00e9r\u00e9es que les hommes dans les trois fonctions publiques&nbsp;?&nbsp;\u00bb, <em>Connaissance de l\u2019emploi<\/em>, n\u00b0 127, janvier 2016.<\/p>\n\n\n\n<p>Gallot (Fanny), \u00ab&nbsp;La revanche du soutien-gorge. Le corps des ouvri\u00e8res de la lingerie&nbsp;(1968-2012)&nbsp;\u00bb, <em>Clio. Femmes, genre, histoire<\/em>, vol. 2, n\u00b0 38, 2013, pp. 61-78.<\/p>\n\n\n\n<p>Gallot (Fanny), \u00ab&nbsp;Un processus ambigu. Freins et incitations \u00e0 la promotion des ouvri\u00e8res dans les syndicats durant les ann\u00e9es 1970&nbsp;\u00bb, <em>Agone<\/em>, vol. 1, n\u00b0 56, 2015, pp. 85-102.<\/p>\n\n\n\n<p>Bory (Anne), Pochic (Sophie), \u00ab&nbsp;Contester et r\u00e9sister aux restructurations&nbsp;\u00bb, <em>Travail et emploi<\/em>, vol. 1, n\u00b0 137, 2014.<\/p>\n\n\n\n<p>Didry (Claude), S\u00e9lim (Monique), \u00ab&nbsp;Sexe et politique du XXe au XXIe si\u00e8cle&nbsp;: entre ali\u00e9nation et \u00e9mancipation&nbsp;\u00bb, <em>L\u2019Homme &amp; la Soci\u00e9t\u00e9<\/em>, vol. 3-4, n\u00b0 189-190, 2013, pp. 7-14.<\/p>\n\n\n\n<p>Gourgues (Guillaume), \u00ab&nbsp;Occuper son usine et produire&nbsp;: strat\u00e9gie de lutte ou de survie&nbsp;? La fragile politisation des occupations de l\u2019usine Lip (1973-1977)&nbsp;\u00bb, <em>Politix<\/em>, vol. 1, n\u00b0 117, 2017, pp. 117-143.<\/p>\n\n\n\n<p>Brangolo (Pauline), \u00ab&nbsp;Monique Piton, C\u2019est possible! Une femme au c\u0153ur de la lutte de Lip (1973-1974)&nbsp;\u00bb, <em>Travail, genre et soci\u00e9t\u00e9s<\/em>, vol. 2, n\u00b0 38, novembre 2017.<\/p>\n\n\n\n<p>Bernard (Sophie), \u00ab&nbsp;Autonomie masculine, pr\u00e9carit\u00e9 f\u00e9minine. Les repr\u00e9sentant-es de commerce face au salaire \u00e0 la commission&nbsp;\u00bb, <em>Travail, genre et soci\u00e9t\u00e9s<\/em>, vol. 2, n\u00b0 40, 2018, pp.&nbsp; 109-130.<\/p>\n\n\n\n<p>Lambert (Anne), \u00ab&nbsp;Echapper \u00e0 l\u2019enfermement domestique. Travail des femmes et luttes de classement en lotissement pavillonnaire&nbsp;\u00bb, <em>Actes de la Recherche en Sciences Sociales<\/em>, vol. 5, n\u00b0 215, 2016, pp. 56-71.<\/p>\n\n\n\n<p>Briard (Karine), Valat (Emmanuel), \u00ab \u00c0 quels moments les in\u00e9galit\u00e9s professionnelles entre les femmes et les hommes se forment-elles ? \u00bb, <em>Document d\u2019\u00e9tude de la DARES<\/em>, n\u00b0 215, f\u00e9vrier 2018.<\/p>\n\n\n\n<p>Dupray (Arnaud), Moullet (St\u00e9phanie), \u00ab&nbsp;Le salaire moindre des femmes : une question d\u2019individu ou de profession ?\u202a<strong>&nbsp;\u00bb, <\/strong><em>Travail et emploi<\/em>, n\u00b0 144, 2015.<\/p>\n\n\n\n<p>\u00ab Concilier vie familiale et formation continue : une affaire de femmes \u00bb (\u00e9tude), CEREQ, 2009, en ligne : www.cereq.fr\/index.php\/publications\/Bref\/Concilier-vie-familiale-etformation-continue-une-affaire-de-femmes<\/p>\n\n\n\n<p><strong>\u00a75. <\/strong>L\u2019in\u00e9gal partage persistant du travail domestique&#8230; et comment les femmes justifient l&#8217;in\u00e9galit\u00e9 du partage des t\u00e2ches dans leur couple&#8230;<\/p>\n\n\n\n<p><strong>R\u00e9f\u00e9rences bibliographiques sp\u00e9cifiques, en ligne :<\/strong><\/p>\n\n\n\n<p>Champagne (Clara), Pailh\u00e9 (Ariane), Solaz (Anne), <em>25 ans de participation des hommes et des femmes au travail domestique&nbsp;: quels facteurs d\u2019\u00e9volution&nbsp;?<\/em>, Documents de travail, INED, n\u00b0 203, f\u00e9vrier 2014, 45 p.<\/p>\n\n\n\n<p>Brousse (C\u00e9cile), \u00ab&nbsp;La r\u00e9partition du travail domestique entre conjoints reste tr\u00e8s largement sp\u00e9cialis\u00e9e et in\u00e9gale&nbsp;\u00bb, in <em>France<\/em>, <em>Portrait social, 1999-2000<\/em>, Paris, INSEE, 2000.<\/p>\n\n\n\n<p><strong>\u00a76. <\/strong>Un ch\u00f4mage qui recommence \u00e0 toucher davantage les femmes<\/p>\n\n\n\n<p><strong>R\u00e9f\u00e9rences bibliographiques sp\u00e9cifiques, en ligne :<\/strong><\/p>\n\n\n\n<p>Milewski (Fran\u00e7oise), \u00ab&nbsp;Ch\u00f4mage et emploi des femmes&nbsp;: de moindres in\u00e9galit\u00e9s&nbsp;?&nbsp;\u00bb, <em>OFCE<\/em>, 2015 [en ligne&nbsp;: <a rel=\"noreferrer noopener\" href=\"http:\/\/www.ofce.sciences-po.fr\/blog\/chomage-et-emploi-des-femmes-de-moindres-inegalites\/\" target=\"_blank\">http:\/\/www.ofce.sciences-po.fr\/blog\/chomage-et-emploi-des-femmes-de-moindres-inegalites\/<\/a><\/p>\n\n\n\n<p>Maruani (Margaret), \u00ab&nbsp;L\u2019emploi f\u00e9minin \u00e0 l\u2019ombre du ch\u00f4mage&nbsp;\u00bb, <em>Actes de la Recherche en Sciences Sociales<\/em>, n\u00b0 115, d\u00e9cembre 1996, pp. 48-57.<\/p>\n\n\n\n<p>Deauvieau (J\u00e9r\u00f4me), Dumoulin (C.), \u00ab&nbsp;La mobilit\u00e9 socioprofessionnelle des professions interm\u00e9diaires&nbsp;: fluidit\u00e9, promotion et d\u00e9classement&nbsp;\u00bb, <em>Economie et statistique<\/em>, n\u00b0 431-432, 2010, pp. 57-72.<\/p>\n\n\n\n<p><strong>\u00a77. <\/strong>Des femmes&nbsp;plus touch\u00e9es par la pauvret\u00e9, en particulier quand elles sont \u00e0 la t\u00eate de familles monoparentales<\/p>\n\n\n\n<p><strong><span class=\"has-inline-color has-luminous-vivid-orange-color\">Ecouter en ligne l\u2019entretien de Delphine Naudier avec Rose-Marie Lagrave&nbsp;sur les agricultrices sur Politika (Paris 1 &#8211; Laboratoire Tepsis) (54&nbsp;:42) : https:\/\/politika.io\/fr\/entretien\/femmes-terre<\/span><\/strong><\/p>\n\n\n\n<p><strong>R\u00e9f\u00e9rences bibliographiques sp\u00e9cifiques, en ligne :<\/strong><\/p>\n\n\n\n<p><em>Travail, Genre et Soci\u00e9t\u00e9s<\/em>, n\u00b0 1, 1999&nbsp;: \u00ab&nbsp;Travail et pauvret\u00e9&nbsp;: la part des femmes&nbsp;\u00bb.<\/p>\n\n\n\n<p>Comer (C.), \u00ab Agricultrices ou m\u00e9diatrices ? Prise en charge \u201c f\u00e9minine \u201d de l\u2019image de la profession et conservatisme agricole \u00bb, <em>Mouvements<\/em>, 16 d\u00e9cembre 2015 [On line], URL: <a rel=\"noreferrer noopener\" href=\"http:\/\/mouvements.info\/agricultrices-ou-mediatrices-prise-en-charge-\" target=\"_blank\">http:\/\/mouvements.info\/agricultrices-ou-mediatrices-prise-en-charge-<\/a>feminine-de-limage-de-la-profession-et-conservatisme-agricole\/#_ftn17<\/p>\n\n\n\n<p>Rieu (Annie), \u00ab&nbsp;Agriculture et rapports sociaux de sexe. La \u2018r\u00e9volution silencieuse\u2019 des femmes en agriculture&nbsp;\u00bb, <em>Cahiers du genre<\/em>, vol. 2, n\u00b0 37, 2004, pp. 115-130.<\/p>\n\n\n\n<p>Rieu (Annie), \u00ab&nbsp;Itin\u00e9raires socioprofessionnels et rapports de sexe en agriculture&nbsp;\u00bb, <em>Recherches f\u00e9ministes<\/em>, vol.&nbsp;2, n\u00b0&nbsp;2, 1989. <\/p>\n\n\n\n<p><strong>\u00a78.<\/strong> Retraites&nbsp;: les femmes touchent beaucoup moins et partent beaucoup plus tard<\/p>\n\n\n\n<p><strong><span class=\"has-inline-color has-luminous-vivid-orange-color\"><u>Regarder l\u2019interview de Sybille Gollac pr\u00e9sentant l\u2019ouvrage&nbsp;qu\u2019elle a co-\u00e9crit avec C\u00e9line Bessi\u00e8re, <em>Le Genre du capital. Comment la famille reproduit les in\u00e9galit\u00e9s<\/em>, Paris, La D\u00e9couverte, 2020, o\u00f9 elle montre comment le projet en cours de r\u00e9forme des retraites va accentuer encore les in\u00e9galit\u00e9s entre les femmes et les hommes : \u00ab&nbsp;La soci\u00e9t\u00e9 de classes se reproduit gr\u00e2ce \u00e0 l\u2019appropriation masculine du capital&nbsp;\u00bb<\/u>, \u00ab&nbsp;La Midinale&nbsp;\u00bb de Regards.fr, 10 f\u00e9vrier 2020, 16&nbsp;:57, en ligne&nbsp;: http:\/\/www.regards.fr\/la-midinale\/article\/sibylle-gollac-la-societe-de-classes-se-reproduit-grace-a-l-appropriation<\/span><\/strong><\/p>\n\n\n\n<p><strong>R\u00e9f\u00e9rences bibliographiques sp\u00e9cifiques, en ligne :<\/strong><\/p>\n\n\n\n<p>Collin (C.), \u00ab Retraites : les femmes per\u00e7oivent une pension inf\u00e9rieure de 26% \u00e0 celle des hommes en 2012 \u00bb, <em>\u00c9tudes et R\u00e9sultats<\/em>, DREES, n\u00b0 904, 2015.<\/p>\n\n\n\n<p><em>Connaissance de l\u2019emploi<\/em>, \u00ab&nbsp;Un syst\u00e8me de retraite \u2018universel\u2019&nbsp;? Les in\u00e9galit\u00e9s, du travail \u00e0 la retraite&nbsp;\u00bb, CNAM\/CEET, n\u00b0 156, f\u00e9vrier 2020.<\/p>\n\n\n\n<p><strong>\u00a79. <\/strong>Une esp\u00e9rance de vie encore plus longue pour les femmes, mais des \u00e9carts qui se r\u00e9duisent et une sant\u00e9 qui se d\u00e9grade<\/p>\n\n\n\n<figure class=\"wp-block-image size-large\"><img loading=\"lazy\" width=\"1024\" height=\"576\" src=\"http:\/\/amiens-sociologie.fr\/wp-content\/uploads\/2020\/12\/ech21343011-1-esp\u00e9rance-e-vie-1024x576.jpg\" alt=\"\" class=\"wp-image-2376\" srcset=\"http:\/\/amiens-sociologie.fr\/wp-content\/uploads\/2020\/12\/ech21343011-1-esp\u00e9rance-e-vie-1024x576.jpg 1024w, http:\/\/amiens-sociologie.fr\/wp-content\/uploads\/2020\/12\/ech21343011-1-esp\u00e9rance-e-vie-300x169.jpg 300w, http:\/\/amiens-sociologie.fr\/wp-content\/uploads\/2020\/12\/ech21343011-1-esp\u00e9rance-e-vie-768x432.jpg 768w, http:\/\/amiens-sociologie.fr\/wp-content\/uploads\/2020\/12\/ech21343011-1-esp\u00e9rance-e-vie.jpg 1280w\" sizes=\"(max-width: 1024px) 100vw, 1024px\" \/><\/figure>\n\n\n\n<p><strong>R\u00e9f\u00e9rences bibliographiques sp\u00e9cifiques, en ligne :<\/strong><\/p>\n\n\n\n<p>Cousteaux (Anne-Sophie), Pan K\u00e9 Shon (Jean-Louis), \u00ab&nbsp;Le mal-\u00eatre a-t-il un genre&nbsp;? Suicide, risque suicidaire, d\u00e9pression et d\u00e9pendance alcoolique&nbsp;\u00bb, <em>Revue Franc\u0327aise de Sociologie<\/em>, vol. 49, n\u00b0 1, pp. 53-92.<\/p>\n\n\n\n<p>Gaussot (Ludovic), Palierne (N.), \u00ab&nbsp;Alcoolismes masculins, alcoolismes f\u00e9minins : approche savante, exp\u00e9riences profanes et relation th\u00e9rapeutique \u00bb, <em>Sociologie Sant\u00e9<\/em>, n\u00b0 33, 2011, pp. 107-126.<\/p>\n\n\n\n<p>\u00ab La sant\u00e9 des femmes en France \u00bb (statistiques) DREES, La Documentation fran\u00e7aise, 2009, en ligne : <a href=\"http:\/\/www.drees.sante.gouv.fr\/la-sante-des-femmes-en-france,5731.html\">www.drees.sante.gouv.fr\/la-sante-des-femmes-en-france,5731.html<\/a>&nbsp;<\/p>\n\n\n\n<p>\u00ab La sant\u00e9 des femmes en France \u00bb, <em>\u00c9tudes et r\u00e9sultats,<\/em> n\u00b0 834, DREES, mars 2013, en ligne : http:\/\/www.drees.sante.gouv.fr\/IMG\/pdf\/er834.pdf<\/p>\n\n\n\n<p>\u00ab Surveillance de la grossesse en 2010 : des in\u00e9galit\u00e9s sociod\u00e9mographiques \u00bb (statistiques), DREES, 2010, en ligne : www.drees.sante.gouv.fr\/surveillance-de-lagrossesse-en-2010-des-inegalites-socio,11175.html<\/p>\n\n\n\n<h4><strong>Section 3. Les in\u00e9galit\u00e9s des chances face \u00e0 l\u2019\u00e9cole<\/strong><\/h4>\n\n\n\n<figure class=\"wp-block-image size-large\"><img loading=\"lazy\" width=\"450\" height=\"478\" src=\"http:\/\/amiens-sociologie.fr\/wp-content\/uploads\/2017\/10\/Ineg2.png\" alt=\"\" class=\"wp-image-473\" srcset=\"http:\/\/amiens-sociologie.fr\/wp-content\/uploads\/2017\/10\/Ineg2.png 450w, http:\/\/amiens-sociologie.fr\/wp-content\/uploads\/2017\/10\/Ineg2-282x300.png 282w\" sizes=\"(max-width: 450px) 100vw, 450px\" \/><\/figure>\n\n\n\n<p><strong><span class=\"has-inline-color has-luminous-vivid-orange-color\">Consulter le cours de SES en ligne &#8220;Famille et in\u00e9galit\u00e9s sociales&#8221;, Les SES en vid\u00e9o, 11 juillet 2020, 13&#8217;03, accessible ici : https:\/\/www.youtube.com\/watch?v=0O_PB71t3GY<\/span><\/strong><\/p>\n\n\n\n<p><strong><span class=\"has-inline-color has-luminous-vivid-orange-color\">Regarder l&#8217;entretien du sociologue Bernard Lahire, &#8220;De la lutte des classes \u00e0 l&#8217;\u00e9cole&#8221;, 2 septembre 2019, France Culture, 34&#8217;23, consultable ici : https:\/\/www.youtube.com\/watch?v=g_fzdAa1eJ8<\/span><\/strong><\/p>\n\n\n\n<p><strong><span class=\"has-inline-color has-luminous-vivid-orange-color\">Celui du sociologue Camille Peugny, &#8220;L&#8217;\u00e9cole est-elle condamn\u00e9e \u00e0 reproduire les in\u00e9galit\u00e9s ?&#8221;, Politeia 13, 29 juin 2016, 51&#8217;43, consultable ici : https:\/\/www.youtube.com\/watch?v=EFdgqUDkf6Y<\/span><\/strong><\/p>\n\n\n\n<p><strong><span class=\"has-inline-color has-luminous-vivid-orange-color\">Celui du sociologue S\u00e9bastien Goudeau, &#8220;Comment l&#8217;\u00e9cole reproduit les in\u00e9galit\u00e9s scolaires&#8221;, MSH Alpes, 13 f\u00e9vrier 2020, 35&#8217;23, accessible ici : https:\/\/www.youtube.com\/watch?v=iZCENRF6Uho<\/span><\/strong><\/p>\n\n\n\n<p><strong><span class=\"has-inline-color has-luminous-vivid-orange-color\">Consulter la page de courts entretiens avec les sociologues Marie Duru-Bellat et Jean-Paul Delahaye, &#8220;Les in\u00e9galit\u00e9s \u00e0 l&#8217;\u00e9cole expliqu\u00e9es par les experts&#8221;, Observatoire des in\u00e9galit\u00e9s, accessible ici : https:\/\/www.inegalites.fr\/Les-inegalites-scolaires-expliquees-par-les-experts<\/span><\/strong><\/p>\n\n\n\n<p><strong><span class=\"has-inline-color has-luminous-vivid-orange-color\">Document \u00e0 regarder : &#8220;Pierre Bourdieu et l&#8217;\u00e9cole&#8221;, accessible ici : <a href=\"http:\/\/Bourdieu et l\u2019\u00e9cole  https:\/\/www.bing.com\/videos\/search?q=bourdieu+la+distinction&amp;qpvt=bourdieu+la+distinction&amp;view=detail&amp;mid=8DD7C8AFB9C2F7141C958DD7C8AFB9C2F7141C95&amp;&amp;FORM=VRDGAR&amp;ru=%2Fvideos%2Fsearch%3Fq%3Dbourdieu%2Bla%2Bdistinction%26qpvt%3Dbourdieu%2Bla%2Bdistinction%26FORM%3DVDRE\">http:\/\/Bourdieu et l\u2019\u00e9cole https:\/\/www.bing.com\/videos\/search?q=bourdieu+la+distinction&amp;qpvt=bourdieu+la+distinction&amp;view=detail&amp;mid=8DD7C8AFB9C2F7141C958DD7C8AFB9C2F7141C95&amp;&amp;FORM=VRDGAR&amp;ru=%2Fvideos%2Fsearch%3Fq%3Dbourdieu%2Bla%2Bdistinction%26qpvt%3Dbourdieu%2Bla%2Bdistinction%26FORM%3DVDRE<\/a><\/span><\/strong><\/p>\n\n\n\n<figure class=\"wp-block-image size-large\"><img loading=\"lazy\" width=\"500\" height=\"463\" src=\"http:\/\/amiens-sociologie.fr\/wp-content\/uploads\/2020\/12\/Cnesco-inegalites-scolaires.jpg\" alt=\"\" class=\"wp-image-2377\" srcset=\"http:\/\/amiens-sociologie.fr\/wp-content\/uploads\/2020\/12\/Cnesco-inegalites-scolaires.jpg 500w, http:\/\/amiens-sociologie.fr\/wp-content\/uploads\/2020\/12\/Cnesco-inegalites-scolaires-300x278.jpg 300w\" sizes=\"(max-width: 500px) 100vw, 500px\" \/><\/figure>\n\n\n\n<p><strong>\u00a71.<\/strong> Le niveau de dipl\u00f4me des cat\u00e9gories sociales<\/p>\n\n\n\n<p>A.&nbsp; Le niveau de dipl\u00f4me de ceux qui ont un emploi selon les cat\u00e9gories sociales<\/p>\n\n\n\n<p>B. Le niveau de dipl\u00f4me des enfants selon la cat\u00e9gorie sociale de leurs parents<\/p>\n\n\n\n<p>C. Le niveau scolaire des cat\u00e9gories sociales<\/p>\n\n\n\n<p><strong>\u00a72. <\/strong>Les diff\u00e9rents facteurs des in\u00e9galit\u00e9s scolaires&nbsp;\u00ad- Le paradoxe d\u2019Anderson&nbsp;: les effets limit\u00e9s du dipl\u00f4me sur l\u2019ascension sociale<\/p>\n\n\n\n<p><strong>\u00a73.<\/strong> L\u2019\u00e9cole&nbsp;: \u00e9tat des lieux<\/p>\n\n\n\n<ol type=\"A\"><li>Une forte \u00e9l\u00e9vation du niveau d\u2019\u00e9ducation&#8230;<\/li><li>&#8230; mais un d\u00e9placement des in\u00e9galit\u00e9s vers le haut<\/li><\/ol>\n\n\n\n<p><strong>\u00a74.<\/strong> Les in\u00e9galit\u00e9s sociales au coll\u00e8ge<\/p>\n\n\n\n<ol type=\"A\"><li>La r\u00e9ussite au brevet<\/li><li>Les fili\u00e8res<\/li><\/ol>\n\n\n\n<p><strong>\u00a75.<\/strong> Les in\u00e9galit\u00e9s sociales accentu\u00e9es par l\u2019orientation \u00e0 la fin du coll\u00e8ge<\/p>\n\n\n\n<p><strong>\u00a76.<\/strong> De la sixi\u00e8me aux \u00e9tudes sup\u00e9rieures&nbsp;: le poids des cat\u00e9gories sociales<\/p>\n\n\n\n<ol type=\"A\"><li>L\u2019in\u00e9gal acc\u00e8s au baccalaur\u00e9at des cat\u00e9gories sociales<ol><li>Les in\u00e9galit\u00e9s d\u2019acc\u00e8s aux diff\u00e9rentes fili\u00e8res<\/li><\/ol><ol><li>L\u2019\u00e9volution<\/li><\/ol><\/li><li>L\u2019origine sociale des \u00e9tudiants<\/li><\/ol>\n\n\n\n<p><strong>\u00a77.<\/strong> Des in\u00e9galit\u00e9s en partie ind\u00e9pendantes de l\u2019\u00e9cole<\/p>\n\n\n\n<p><strong>\u00a78.<\/strong> Que peut l\u2019\u00e9cole&nbsp;?<\/p>\n\n\n\n<p><strong>\u00a79.<\/strong> Des politiques \u00e9ducatives qui peuvent aggraver la situation<\/p>\n\n\n\n<p><strong>\u00a710.<\/strong> Retour sur le concept d\u2019 \u00ab&nbsp;\u00e9galit\u00e9 des chances&nbsp;\u00bb<\/p>\n\n\n\n<h3 id=\"yui_3_17_2_1_1610648436600_1347\"><strong><s><span class=\"has-inline-color has-luminous-vivid-orange-color\">Articles \u00e0 lire, gratuitement accessibles en ligne, en compl\u00e9ment de cette partie du cours :<\/span><\/s><\/strong><\/h3>\n\n\n\n<p><span class=\"has-inline-color has-luminous-vivid-orange-color\">&#8211; Broccolichi (S.), Sinthon (R.), \u00ab Comment s\u2019articulent les in\u00e9galit\u00e9s d\u2019acquisition et d\u2019orientation. Relations ignor\u00e9es et rectifications tardives \u00bb, <em>Revue fran\u00e7aise de p\u00e9dagogie<\/em>, n\u00b0 175, 2011, pp. 65-101.<\/span><\/p>\n\n\n\n<p><span class=\"has-inline-color has-luminous-vivid-orange-color\">&#8211; Chambor\u00e9don (Jean-Claude), Pr\u00e9vot (Jacques), \u00ab Le \u201cm\u00e9tier d\u2019enfant\u201c. D\u00e9finition sociale de la prime enfance et fonctions diff\u00e9rentielles de l\u2019\u00e9cole maternelle \u00bb, <em>Revue fran\u00e7aise de sociologie<\/em>, vol. 14, n\u00b0 3, 1973.<\/span><\/p>\n\n\n\n<p><strong>&#8211;<\/strong><span class=\"has-inline-color has-luminous-vivid-orange-color\"> Delay (Christophe), &#8220;L\u2019apprentissage pour \u00ab&nbsp;horizon&nbsp;\u00bb ou comment les \u00e9l\u00e8ves des classes populaires int\u00e9riorisent le sens de leur orientation contrari\u00e9e&#8221;,&nbsp;<a href=\"https:\/\/www.cairn.info\/revue-formation-emploi.htm\"><em>Formation emploi<\/em><\/a>, vol. <a href=\"https:\/\/www.cairn.info\/revue-formation-emploi-2020-2.htm\">2, n\u00b0&nbsp;150, 2020<\/a>, pp. 27-54.<\/span><\/p>\n\n\n\n<p><span class=\"has-inline-color has-luminous-vivid-orange-color\">&#8211; Denave (Sophie), Renard (Fanny), No\u00fbs (Camille), &#8220;Des socialisations professionnelles tram\u00e9es par des logiques scolaires&nbsp;: les CAP coiffure et m\u00e9tiers de l\u2019automobile en lyc\u00e9e&#8221;, <a href=\"https:\/\/www.cairn.info\/revue-formation-emploi.htm\"><em>Formation emploi<\/em>, <\/a><a href=\"https:\/\/www.cairn.info\/revue-formation-emploi-2020-2.htm\">vol. 2, n\u00b0&nbsp;150, 2020, pp. <\/a>145-165.<\/span><strong><br><\/strong><span class=\"has-inline-color has-luminous-vivid-orange-color\">&#8211; Desgroppes (Nicole), \u00abL\u2019\u00e9cole maternelle : une approche des processus interactifs de diff\u00e9renciation en grande section \u00bb, Revue <em>fran\u00e7aise de p\u00e9dagogie<\/em>, n\u00b0 119, 1997.<br>&#8211; Dhume (Fabrice), \u00ab L\u2019\u00e9cole face \u00e0 la discrimination ethnoraciale : les logiques d\u2019une inaction publique \u00bb, <em>Migrations soci\u00e9t\u00e9<\/em>, vol. 22, n\u00b0 131, 2010, pp. 171-184.<\/span><\/p>\n\n\n\n<p><span class=\"has-inline-color has-luminous-vivid-orange-color\">&#8211; Dubet (Fran\u00e7ois), &#8220;In\u00e9galit\u00e9s scolaires : structures, processus et mod\u00e8les de justice. Le d\u00e9bat en France au cours des cinquante derni\u00e8res ann\u00e9es&#8221;, <em>Revue europ\u00e9enne des sciences sociales<\/em>, vol. 2, n\u00b0 57, 2019, pp. 111-136.<br>&#8211; Joigneaux (Christophe), \u00ab La construction de l\u2019in\u00e9galit\u00e9 scolaire d\u00e8s l\u2019\u00e9cole maternelle \u00bb, <em>Revue fran\u00e7aise de p\u00e9dagogie<\/em>, n\u00b0 169, 2009, pp. 17-28.<\/span><\/p>\n\n\n\n<p><span class=\"has-inline-color has-luminous-vivid-orange-color\">&#8211; Lem\u00eatre (Claire), Orange (Sophie), &#8220;Des \u00e9l\u00e8ves sans histoire&nbsp;? Effets de s\u00e9lection, principes d\u2019essentialisation et avenir du probable <em><a href=\"https:\/\/www.cairn.info\/revue-formation-emploi.htm\">Formation emploi<\/a><\/em>, vol. <a href=\"https:\/\/www.cairn.info\/revue-formation-emploi-2020-2.htm\">2, n\u00b0&nbsp;150<\/a>, 2020, pp. 189-196.<\/span><\/p>\n\n\n\n<h3 id=\"yui_3_17_2_1_1610648436600_1429\"><strong>Bibliographie indicative pour cette partie du cours :<\/strong><\/h3>\n\n\n\n<p>&#8211; Barrault (Lorenzo), <em>Gouverner par accommodements. Strat\u00e9gies autour de la carte scolaire<\/em>, Paris, Dalloz, 2013.<\/p>\n\n\n\n<p>&#8211; Bautier (E.), Rayou (P.), <em>Les In\u00e9galit\u00e9s d\u2019apprentissage<\/em>, Paris, PUF, 2013.<\/p>\n\n\n\n<p>&#8211; Bautier (E.), Rochex (J.-Y.), \u00ab Apprendre : des malentendus qui font la diff\u00e9rence \u00bb, in Terrail (Jean-Pierre) [dir.], <em>La Scolarisation de la France<\/em>, Paris, La Dispute, 2007.<br>&#8211; Bonn\u00e9ry (St\u00e9phane), <em>Comprendre l\u2019\u00e9chec scolaire. El\u00e8ves en difficult\u00e9s et dispositifs p\u00e9dagogiques<\/em>, Paris, La Dispute, 2007.<\/p>\n\n\n\n<p>&#8211; Bonn\u00e9ry (St\u00e9phane) [dir.], <em>Supports p\u00e9dagogiques et in\u00e9galit\u00e9s scolaires<\/em>, Paris, La Dispute, 2015.<\/p>\n\n\n\n<p>&#8211; Chauvel (S\u00e9verine), <em>Course aux dipl\u00f4mes : qui sont les perdants ?<\/em>, Paris, Textuel, 2016.<\/p>\n\n\n\n<p>&#8211; Darmon (Muriel), <em>Classes pr\u00e9paratoires. La fabrique d\u2019une jeunesse dominante<\/em>, Paris, La D\u00e9couverte, 2013.<\/p>\n\n\n\n<p>&#8211; Deauvieau (J\u00e9r\u00f4me), <em>Enseigner dans le secondaire. Les nouveaux professeurs face aux difficult\u00e9s du m\u00e9tier<\/em>, Paris, La Dispute, 2009.<\/p>\n\n\n\n<p>&#8211; Dhume (Fabrice), Dukic (Suzana), Chauvel (S\u00e9verine), Perrot (Philippe), <em>Orientation scolaire et discrimination<\/em>, Paris, La Documentation Fran\u00e7aise, 2011.<\/p>\n\n\n\n<p>&#8211; Khan (Shamus), <em>La Nouvelle \u00e9cole des \u00e9lites<\/em>, Paris, Agone.<\/p>\n\n\n\n<p>&#8211; Laval (C.), <em>L\u2019Ecole n\u2019est pas une entreprise, Le n\u00e9o-lib\u00e9ralisme \u00e0 l\u2019assaut de l\u2019enseignement public<\/em>, Paris, la D\u00e9couverte, 2003.<\/p>\n\n\n\n<p>&#8211; Lignier (Wilfried), <em>La Petite noblesse de l\u2019intelligence. Une sociologie des enfants surdou\u00e9s<\/em>, Paris, La D\u00e9couverte, 2012.<\/p>\n\n\n\n<p>&#8211; Masson (P.), <em>Les Coulisses d\u2019un lyc\u00e9e ordinaire. Enqu\u00eate sur les \u00e9tablissements secondaires des ann\u00e9es 1990<\/em>, Paris, PUF, 1999.<\/p>\n\n\n\n<p>&#8211; Millet (Mathias), Croizet (Jean-Claude), <em>L\u2019Ecole des incapables ? La maternelle, un apprentissage de la domination<\/em>, Paris, La Dispute, 2017.<\/p>\n\n\n\n<p>&#8211; Millet (Mathias), Moreau (Gilles), <em>La Soci\u00e9t\u00e9 des dipl\u00f4mes<\/em>, Paris, La Dispute, 2011.<\/p>\n\n\n\n<p>&#8211; Morel (S.), <em>La M\u00e9dicalisation de l\u2019\u00e9chec scolaire<\/em>, Paris, La Dispute, 2014.<\/p>\n\n\n\n<p>&#8211; Pasquali (Paul), <em>Passer les fronti\u00e8res sociales. Comment les \u00ab fili\u00e8res d\u2019\u00e9lite \u00bb entrouvrent leurs portes<\/em>, Paris, Fayard, 2014.<\/p>\n\n\n\n<p>&#8211; Pons (X.), <em>L\u2019Evaluation des politiques \u00e9ducatives<\/em>, Paris, PUF, coll. \u00ab Que sais-je ? \u00bb, 2011.<\/p>\n\n\n\n<p>&#8211; Rochex (Jean-Yves), Crinon (Jacques), <em>La Construction des in\u00e9galit\u00e9s scolaires. Au c\u0153ur des politiques et des dispositifs d\u2019enseignement<\/em>, Rennes, PUR, 2011.<\/p>\n\n\n\n<p>-Terrail (Jean-Pierre), <em>Pour une \u00e9cole de l\u2019exigence intellectuelle<\/em>, Paris, La Dispute, 2016.<\/p>\n\n\n\n<p>&#8211; Van Zanten (Agn\u00e8s), <em>L\u2019Ecole de la p\u00e9riph\u00e9rie. Scolarit\u00e9 et s\u00e9gr\u00e9gation en banlieue<\/em>, Paris, PUF, 2001.<\/p>\n\n\n\n<h4><strong>Section 4. Les in\u00e9galit\u00e9s sociales face au ch\u00f4mage<\/strong><\/h4>\n\n\n\n<p><strong>\u00a71<\/strong>. Le taux de ch\u00f4mage selon la cat\u00e9gorie sociale<\/p>\n\n\n\n<ol type=\"A\"><li>Etat des lieux<\/li><li>Evolution sur une longue p\u00e9riode<\/li><li>Depuis 2008<\/li><\/ol>\n\n\n\n<p><strong>\u00a72. <\/strong>L\u2019\u00e9volution du taux de ch\u00f4mage selon l\u2019\u00e2ge<\/p>\n\n\n\n<ol type=\"A\"><li>L\u2019\u00e9volution du ch\u00f4mage selon l\u2019\u00e2ge depuis 1975<\/li><li>L\u2019\u00e9volution depuis 2008<\/li><\/ol>\n\n\n\n<p><strong>\u00a73. <\/strong>La dur\u00e9e du ch\u00f4mage selon le sexe &amp; l\u2019\u00e2ge<\/p>\n\n\n\n<p><strong>\u00a74. <\/strong>Le taux de ch\u00f4mage selon le dipl\u00f4me<\/p>\n\n\n\n<ol type=\"A\"><li>Etat des lieux<\/li><li>Evolution<\/li><\/ol>\n\n\n\n<p><strong>\u00a75. <\/strong>Le taux de ch\u00f4mage selon la nationalit\u00e9<\/p>\n\n\n\n<ol type=\"A\"><li>Etat des lieux<\/li><li>Chez les jeunes<\/li><\/ol>\n\n\n\n<h4><strong>Section 5. <\/strong><strong>Un syst\u00e8me de retraite \u00ab&nbsp;universel&nbsp;\u00bb&nbsp;? Les in\u00e9galit\u00e9s, du travail \u00e0 la retraite. Approche genr\u00e9e<\/strong><strong><\/strong><\/h4>\n\n\n\n<h4><strong>Section 6. L\u2019insertion professionnelle des jeunes&nbsp;: de fortes disparit\u00e9s selon le niveau de dipl\u00f4me<\/strong><\/h4>\n\n\n\n<p><strong>&nbsp;&nbsp;&nbsp;&nbsp;&nbsp;&nbsp;&nbsp;&nbsp;&nbsp;&nbsp;&nbsp; \u00a71. <\/strong>Quel statut pour le premier emploi&nbsp;?<\/p>\n\n\n\n<p><strong>&nbsp;&nbsp;&nbsp;&nbsp;&nbsp;&nbsp;&nbsp;&nbsp;&nbsp;&nbsp;&nbsp; \u00a72. <\/strong>Trois ans apr\u00e8s la fin des \u00e9tudes&nbsp;: les \u00e9carts se creusent<\/p>\n\n\n\n<p><strong>&nbsp;&nbsp;&nbsp;&nbsp;&nbsp;&nbsp;&nbsp;&nbsp;&nbsp;&nbsp;&nbsp; \u00a73. <\/strong>Le milieu social trois ans apr\u00e8s la fin des \u00e9tudes<\/p>\n\n\n\n<p><strong>&nbsp;&nbsp;&nbsp;&nbsp;&nbsp;&nbsp;&nbsp;&nbsp;&nbsp;&nbsp;&nbsp; \u00a74. <\/strong>Le dipl\u00f4me&nbsp;: un atout contre le ch\u00f4mage<\/p>\n\n\n\n<p><strong>&nbsp;&nbsp;&nbsp;&nbsp;&nbsp;&nbsp;&nbsp;&nbsp;&nbsp;&nbsp;&nbsp; \u00a75. <\/strong>Les niveaux de salaire des jeunes<\/p>\n\n\n\n<h5><strong>Bibliographie<\/strong><\/h5>\n\n\n\n<p>Willis (Paul), <em>L&#8217;Ecole des ouvriers. Comment les enfants d&#8217;ouvriers obtiennent des boulots d&#8217;ouvriers<\/em>, Paris, Agone, 2011.<\/p>\n\n\n\n<h4><strong>Section 7. La pauvret\u00e9 en France<\/strong><\/h4>\n\n\n\n<p><strong><span class=\"has-inline-color has-luminous-vivid-orange-color\">Regarder la vid\u00e9o &#8220;Assist\u00e9s : les nouveaux boucs-\u00e9missaires du d\u00e9bat public&#8221;, Observatoire des in\u00e9galit\u00e9s, 8 d\u00e9cembre 2016, 11&#8217;19, accessible ici : https:\/\/www.inegalites.fr\/Assistes-les-nouveaux-boucs-emissaires-du-debat-public?id_theme=18<\/span><\/strong><\/p>\n\n\n\n<p>&nbsp;&nbsp;&nbsp;&nbsp;&nbsp;&nbsp;&nbsp;&nbsp;&nbsp;&nbsp;<strong> \u00a71.<\/strong> Des &#8220;assist\u00e9s&#8221; ?<\/p>\n\n\n\n<p>        <strong>  \u00a72.<\/strong> Penser la pauvret\u00e9 comme un processus<\/p>\n\n\n\n<p>          <strong>\u00a73.<\/strong> L\u2019\u00e9tat des lieux<\/p>\n\n\n\n<p>           <strong>\u00a7<\/strong>4. La tendance<\/p>\n\n\n\n<p>           <strong>\u00a75.<\/strong> Qui sont les pauvres&nbsp;?<\/p>\n\n\n\n<ol type=\"A\"><li>La moiti\u00e9 des pauvres a moins de 30 ans<\/li><li>Une population pauvre plus souvent f\u00e9minine, &amp; vivant au sein d\u2019une famille monoparentale<\/li><li>Les non-dipl\u00f4m\u00e9s plus souvent pauvres<\/li><li>La fragilisation du ch\u00f4mage<\/li><li>Pr\u00e8s d\u2019un tiers des immigr\u00e9s est pauvre<\/li><\/ol>\n\n\n\n<p>           <strong>\u00a7<\/strong>6. O\u00f9 vivent les plus pauvres&nbsp;?<\/p>\n\n\n\n<p><strong><span class=\"has-inline-color has-luminous-vivid-orange-color\"><\/span><span class=\"has-inline-color has-luminous-vivid-orange-color\">Regarder la conf\u00e9rence de Bruno Cousin et Jules Naudet sur leur livre (avec Serge Paugam et Camila Giorgietti),  <em>Qu&#8217;est-ce que les riches pensent des pauvres ?<\/em>c(Paris, Seuil, 2018), Politeia 30, 2 septembre 2018, 42&#8217;33, consultable ici : https:\/\/www.youtube.com\/watch?v=U_mC3J6-8qM<\/span><\/strong><\/p>\n\n\n\n<h4><strong>Section 8. Les in\u00e9galit\u00e9s sociales accrues dans les zones urbaines sensibles (ZUS) : les effets de la s\u00e9gr\u00e9gation urbaine<\/strong><\/h4>\n\n\n\n<p>&nbsp;&nbsp;&nbsp;&nbsp;&nbsp;&nbsp;&nbsp;&nbsp;&nbsp;&nbsp;&nbsp;<strong> \u00a71.<\/strong> Le ch\u00f4mage dans les ZUS<\/p>\n\n\n\n<ol type=\"A\"><li>Etat des lieux<\/li><li>Le ch\u00f4mage selon l\u2019\u00e2ge dans les ZUS<\/li><li>Le ch\u00f4mage selon le sexe dans les ZUS<\/li><li>Le ch\u00f4mage selon l\u2019origine ethnique dans les ZUS<\/li><li>Le ch\u00f4mage selon le niveau de dipl\u00f4me dans les ZUS<\/li><\/ol>\n\n\n\n<p>&nbsp;&nbsp;&nbsp;&nbsp;&nbsp;&nbsp;&nbsp;&nbsp;&nbsp;&nbsp;&nbsp; <strong>\u00a72.<\/strong> Revenus &amp; pauvret\u00e9 dans les quartiers sensibles<\/p>\n\n\n\n<ol type=\"A\"><li>Les revenus<\/li><li>La pauvret\u00e9<\/li><\/ol>\n\n\n\n<p>            <strong>\u00a73.<\/strong> Qualit\u00e9 de vie &amp; logement dans les ZUS<\/p>\n\n\n\n<ol><li>Le logement<\/li><\/ol>\n\n\n\n<p>a) Peuplement<\/p>\n\n\n\n<p>b) Chauffage<\/p>\n\n\n\n<p>c) Bruit<\/p>\n\n\n\n<p>d) Qui vit dans un logement inconfortable ou surpeupl\u00e9&nbsp;(en ZUS et ailleurs) ?<\/p>\n\n\n\n<p>2. Qualit\u00e9 de vie &amp; logement dans les ZUS<\/p>\n\n\n\n<h4><strong>Section 9. Les in\u00e9galit\u00e9s culturelles<\/strong><\/h4>\n\n\n\n<p><strong><span class=\"has-inline-color has-luminous-vivid-orange-color\">Regarder le document &#8220;Comment expliquer les diff\u00e9rences de pratiques culturelles ? Les d\u00e9terminants sociaux des pratiques culturelles&#8221; &#8211; Les SES en vid\u00e9o, 6 f\u00e9vrier 2016, 8&#8217;31 : https:\/\/www.youtube.com\/watch?v=aHaeaLnfbeU<\/span><\/strong><\/p>\n\n\n\n<p><strong><span class=\"has-inline-color has-luminous-vivid-orange-color\">et l&#8217;entretien avec Olivier Donnat : &#8220;Comment r\u00e9duire les in\u00e9galit\u00e9s face \u00e0 la culture ?&#8221;, Observatoire des in\u00e9galit\u00e9s, 30 septembre 2019, 4&#8217;18 disponible ici : https:\/\/www.youtube.com\/watch?v=bKUysb1PKNI<\/span><\/strong><\/p>\n\n\n\n<p>&nbsp;&nbsp;&nbsp;&nbsp;&nbsp;&nbsp;&nbsp;&nbsp;&nbsp;&nbsp;&nbsp;<strong> \u00a71. <\/strong>Les pratiques culturelles selon les cat\u00e9gories sociales<\/p>\n\n\n\n<p>            <strong>\u00a72.<\/strong> Les pratiques culturelles selon les revenus<\/p>\n\n\n\n<p><strong>R\u00e9f\u00e9rences bibliographiques sp\u00e9cifiques, en ligne :<\/strong> <\/p>\n\n\n\n<p>Pasquier (Dominique), &#8220;Classes populaires en ligne : les oubli\u00e9s de la recherche ?&#8221;, <em>R\u00e9seaux<\/em>, vol. 2, n\u00b0 208-209, 2018, pp. 9-23.<\/p>\n\n\n\n<h4><strong>Section 10. Les in\u00e9galit\u00e9s sociales devant la sant\u00e9 &amp; l\u2019esp\u00e9rance de vie<\/strong><\/h4>\n\n\n\n<p>&nbsp;&nbsp;&nbsp;&nbsp;&nbsp;&nbsp;&nbsp;&nbsp;&nbsp;&nbsp;&nbsp;<strong> <\/strong><\/p>\n\n\n\n<figure class=\"wp-block-image size-large\"><img loading=\"lazy\" width=\"400\" height=\"400\" src=\"http:\/\/amiens-sociologie.fr\/wp-content\/uploads\/2020\/12\/In\u00e9galit\u00e9s-de-sant\u00e9.jpg\" alt=\"\" class=\"wp-image-2340\" srcset=\"http:\/\/amiens-sociologie.fr\/wp-content\/uploads\/2020\/12\/In\u00e9galit\u00e9s-de-sant\u00e9.jpg 400w, http:\/\/amiens-sociologie.fr\/wp-content\/uploads\/2020\/12\/In\u00e9galit\u00e9s-de-sant\u00e9-300x300.jpg 300w, http:\/\/amiens-sociologie.fr\/wp-content\/uploads\/2020\/12\/In\u00e9galit\u00e9s-de-sant\u00e9-150x150.jpg 150w\" sizes=\"(max-width: 400px) 100vw, 400px\" \/><\/figure>\n\n\n\n<figure class=\"wp-block-image size-large\"><img loading=\"lazy\" width=\"300\" height=\"168\" src=\"http:\/\/amiens-sociologie.fr\/wp-content\/uploads\/2021\/01\/Ob\u00e9sit\u00e9.png\" alt=\"\" class=\"wp-image-2378\"\/><\/figure>\n\n\n\n<figure class=\"wp-block-image size-large\"><img loading=\"lazy\" width=\"790\" height=\"427\" src=\"http:\/\/amiens-sociologie.fr\/wp-content\/uploads\/2021\/01\/Cover_drees_surpoids-790x427-1.png\" alt=\"\" class=\"wp-image-2379\" srcset=\"http:\/\/amiens-sociologie.fr\/wp-content\/uploads\/2021\/01\/Cover_drees_surpoids-790x427-1.png 790w, http:\/\/amiens-sociologie.fr\/wp-content\/uploads\/2021\/01\/Cover_drees_surpoids-790x427-1-300x162.png 300w, http:\/\/amiens-sociologie.fr\/wp-content\/uploads\/2021\/01\/Cover_drees_surpoids-790x427-1-768x415.png 768w\" sizes=\"(max-width: 790px) 100vw, 790px\" \/><\/figure>\n\n\n\n<p><strong>Source <\/strong>: La Mutualit\u00e9 fran\u00e7aise, 26 juin 2015, sur la base d&#8217;une enqu\u00eate de la DREES du 16 juin 2015.<\/p>\n\n\n\n<p><strong><span class=\"has-inline-color has-luminous-vivid-orange-color\">Regarder le document de synth\u00e8se : &#8220;C&#8217;est quoi les in\u00e9galit\u00e9s sociales de sant\u00e9 ?&#8221;, P\u00f4le ressource en promotion de la sant\u00e9 Bretagne, 5&#8217;07, accessible ici : https:\/\/irepsna.org\/documentations\/cest-quoi-les-inegalites-sociales-de-sante\/<\/span><\/strong><\/p>\n\n\n\n<p><strong><span class=\"has-inline-color has-luminous-vivid-orange-color\">Ecouter l&#8217;entretien avec l&#8217;\u00e9conomiste de la sant\u00e9 Florence Jusot,  &#8220;Les in\u00e9galit\u00e9s de sant\u00e9 et de soins&#8221;, Institut Louis Bachelier, Xerfi Canal, 6 mars 2017, 5&#8217;11, accessible ici : https:\/\/www.youtube.com\/watch?v=0EYEMAMbhuU<\/span><\/strong><\/p>\n\n\n\n<p><strong><span class=\"has-inline-color has-luminous-vivid-orange-color\">Ecouter la conf\u00e9rence du sociologue Fr\u00e9d\u00e9ric Pierru, &#8220;Disparit\u00e9s d&#8217;acc\u00e8s aux soins. &#8216;Cachez ces in\u00e9galit\u00e9s que je ne saurai voir&#8217;. Quelques r\u00e9flexions sociologiques sur l&#8217;invisibilisation du rationnement des soins en France&#8221;, Fondation du rein, Acad\u00e9mie nationale de m\u00e9decine, 11 avril 2015, 47&#8217;02, accessible ici : https:\/\/www.youtube.com\/watch?v=QuORGkjD4mY<\/span><\/strong><\/p>\n\n\n\n<p>            <strong>\u00a71.<\/strong> Les obstacles \u00e9conomiques (revenus)<\/p>\n\n\n\n<p>            <strong>\u00a72.<\/strong> L\u2019impact des modes &amp; conditions de vie (notamment alimentation, tabagisme, alcoolisme &amp; conditions de logement)<\/p>\n\n\n\n<p>&nbsp;&nbsp;&nbsp;&nbsp;&nbsp;&nbsp;&nbsp;&nbsp;&nbsp;&nbsp;&nbsp; <strong>\u00a73.<\/strong> Les facteurs culturels&nbsp;: cat\u00e9gories sociales &amp; rapports au corps<\/p>\n\n\n\n<p>            <strong>\u00a74.<\/strong> Genre et sant\u00e9<\/p>\n\n\n\n<p>            <strong>\u00a75.<\/strong> Le recours in\u00e9gal au syst\u00e8me de soins<\/p>\n\n\n\n<p>            <strong>\u00a76.<\/strong> Quand le patient &amp; le professionnel de sant\u00e9 parlent deux langages diff\u00e9rents<\/p>\n\n\n\n<p><strong>            \u00a77.<\/strong> La difficult\u00e9 de la transmission des savoirs<\/p>\n\n\n\n<p>            <strong>\u00a78.<\/strong> Les effets directs &amp; indirects des conditions de travail &amp; des conditions d\u2019emploi<\/p>\n\n\n\n<p>            <strong>\u00a79.<\/strong> Un syst\u00e8me d\u2019in\u00e9galit\u00e9s<\/p>\n\n\n\n<p>            <strong>\u00a710.<\/strong> Un impact qui ne se mesure que dans la dur\u00e9e<\/p>\n\n\n\n<p><strong>            \u00a711.<\/strong> Les in\u00e9galit\u00e9s sociales face \u00e0 la mort<\/p>\n\n\n\n<ol type=\"A\"><li>De fortes in\u00e9galit\u00e9s entre classes sociales<\/li><li>L\u2019effet du genre&nbsp;: des in\u00e9galit\u00e9s sociales plus fortes chez les hommes que chez les femmes<\/li><li>Effets d\u2019\u00e2ge, effets de g\u00e9n\u00e9rations<\/li><li>Des in\u00e9galit\u00e9s sociales qui se maintiennent depuis 30 ans<\/li><\/ol>\n\n\n\n<p>             <strong>\u00a711. <\/strong>Classes sociales et Covid-19 : l&#8217;explosion des in\u00e9galit\u00e9s<\/p>\n\n\n\n<p><strong><span class=\"has-inline-color has-luminous-vivid-orange-color\">Ecouter la conf\u00e9rence &#8220;Tous in\u00e9gaux face au virus&#8221;, Festival des id\u00e9es, Paris, 20 novembre 2020, 49&#8217;31, accessible ici : https:\/\/u-paris.fr\/festival-idees-paris\/tous-inegaux-face-au-virus\/<\/span><\/strong><\/p>\n\n\n\n<p><strong><span class=\"has-inline-color has-luminous-vivid-orange-color\">Ecouter le podcast Twenty Twenty 18, &#8220;Les in\u00e9galit\u00e9s raciales face au coronavirus aux Etats-Unis&#8221;, 1er juin 2020, 13&#8217;51, accessible ici : https:\/\/www.youtube.com\/watch?v=E4yCn4aX7n0<\/span><\/strong><\/p>\n\n\n\n<h3><strong><u>Conclusion<\/u><\/strong><strong>. Quinze ans d\u2019\u00e9volution des in\u00e9galit\u00e9s en France&nbsp;: un bilan<\/strong><\/h3>\n\n\n\n<h4><strong>&nbsp;&nbsp;&nbsp;&nbsp;&nbsp;&nbsp;&nbsp;&nbsp;&nbsp;&nbsp;&nbsp; \u00a71. <\/strong>Revenus<\/h4>\n\n\n\n<ol type=\"A\"><li>In\u00e9galit\u00e9s de revenus entre cat\u00e9gories sociales&nbsp;: pas de diminution<\/li><li>L\u2019impact de la crise sur les niveaux de vie des cat\u00e9gories sociales<\/li><li>Les riches toujours plus riches<\/li><\/ol>\n\n\n\n<h4>            <strong>\u00a72. <\/strong>Ecarts de salaire entre femmes &amp; hommes&nbsp;: une r\u00e9duction, mais une persistance<\/h4>\n\n\n\n<h4>&nbsp;&nbsp;&nbsp;&nbsp;&nbsp;&nbsp;&nbsp;&nbsp;&nbsp;&nbsp;&nbsp; <strong>\u00a73.<\/strong> Forte augmentation de la pauvret\u00e9<\/h4>\n\n\n\n<h4>            <strong>\u00a74.<\/strong> Accroissement de la pr\u00e9carit\u00e9 d\u2019emploi des jeunes adultes<\/h4>\n\n\n\n<h4>            <strong>\u00a75.<\/strong> Ch\u00f4mage<\/h4>\n\n\n\n<ol type=\"A\"><li>Une d\u00e9t\u00e9rioration de la situation des non-qualifi\u00e9s<\/li><li>Femmes &amp; hommes \u00e0 \u00e9galit\u00e9<\/li><li>Des immigr\u00e9s deux fois plus au ch\u00f4mage que les non-immigr\u00e9s<\/li><li>Une augmentation dans les zones urbaines sensibles (ZUS)<\/li><\/ol>\n\n\n\n<h4>            <strong>\u00a76. <\/strong>L\u2019augmentation des in\u00e9galit\u00e9s de dur\u00e9es de scolarit\u00e9<\/h4>\n\n\n\n<h4>            <strong>\u00a77. <\/strong>La persistance du mal logement<\/h4>\n\n\n\n<h4>            <strong>\u00a78. <\/strong>La r\u00e9duction des \u00e9carts d\u2019esp\u00e9rance de vie entre les sexes<\/h4>\n\n\n\n<h4>            <strong>\u00a79. <\/strong>La r\u00e9duction des in\u00e9galit\u00e9s d\u2019acc\u00e8s aux Nouvelles Technologies de l\u2019Information &amp; de la Communication (NTIC)<\/h4>\n\n\n\n<h4>            <strong>\u00a710.<\/strong> La lenteur des progr\u00e8s dans la r\u00e9partition des t\u00e2ches domestiques entre femmes &amp; hommes<\/h4>\n\n\n\n<h2><strong><u>Bibliographie g\u00e9n\u00e9rale<\/u><\/strong><\/h2>\n\n\n\n<p><strong>En gras, les ouvrages ou articles de synth\u00e8se.<\/strong><\/p>\n\n\n\n<p><strong>Beaucoup d&#8217;articles cit\u00e9s ci-dessous sont accessibles gratuitement en ligne (directement ou via le site Pers\u00e9e \u2013 <a href=\"http:\/\/www.persee.fr\">www.persee.fr<\/a> &#8211; ou le portail cairn)<\/strong>. N&#8217;h\u00e9sitez pas \u00e0 vous y reporter pour compl\u00e9ter le cours en fonction de la th\u00e9matique retenue !<\/p>\n\n\n\n<p><strong>Accardo (Alain), <em>Introduction \u00e0 une sociologie critique : lire Bourdieu, <\/em>Bordeaux, Le Mascaret, 1997.<\/strong><\/p>\n\n\n\n<p>Allonier (Caroline), Debrand (Thierry), Lucas-Gabrielli (V\u00e9ronique), Pierre (Aur\u00e9lie), \u00ab&nbsp;Des indicateurs de sant\u00e9 moins favorables pour les habitants des Zones urbaines sensibles&nbsp;\u00bb, <em>Questions d\u2019\u00e9conomie de la sant\u00e9<\/em>, n\u00b0 117, Irdes, Paris, janvier 2007.<\/p>\n\n\n\n<p>Atkinson (Antony B.), <em>In\u00e9galit\u00e9s<\/em>, Paris, Seuil, 2016.<\/p>\n\n\n\n<p>Authier (Jean-Yves), Collet (Ana\u00efs), Giraud (Colin), Rivi\u00e8re (Jean), Tissot (Sylvie) [dir.], Les Bobos n\u2019existent pas, Lyon, Presses universitaires de Lyon, \u00ab Sociologie urbaine \u00bb, 2018.<\/p>\n\n\n\n<p>Baudelot (Christian), Establet (Roger), <em>L\u2019Ecole capitaliste en France<\/em>, Paris, Maspero, coll. \u00ab&nbsp;Cahiers libres&nbsp;\u00bb, 1971.<\/p>\n\n\n\n<p>Baudelot (Christian), Cartron (Damien), Gauti\u00e9 (J\u00e9r\u00f4me),&nbsp;<em>et al.<\/em>,&nbsp;<em>Bien ou mal pay\u00e9s&nbsp;? Les travailleurs du public et du priv\u00e9 jugent leurs salaires,<\/em>&nbsp;Paris, Les \u00c9ditions d\u2019Ulm, 2014.<\/p>\n\n\n\n<p>Bautier (E.), Rayou (P.), <em>Les In\u00e9galit\u00e9s d\u2019apprentissage<\/em>, Paris, PUF, 2009.<\/p>\n\n\n\n<p>Beaud (St\u00e9phane), Pialoux (Michel), <em>Violences urbaines, violence sociale&nbsp;: gen\u00e8se des nouvelles classes dangereuses<\/em>, Paris, Fayard, 2003.<\/p>\n\n\n\n<p><strong>Bessi\u00e8re (C\u00e9line), Gollac (Sybille), <em>Le Genre du capital. Comment la famille reproduit les in\u00e9galit\u00e9s<\/em>, Paris, La D\u00e9couverte, 2020.<\/strong><\/p>\n\n\n\n<p><strong>Bihr (Alain), Pfefferkorn (Roland), <em>Le Syst\u00e8me des in\u00e9galit\u00e9s<\/em>, Paris, La D\u00e9couverte, coll. \u00ab&nbsp;Rep\u00e8res&nbsp;\u00bb, 2008.<\/strong><\/p>\n\n\n\n<p><strong>Bosc (Serge), <em>Stratification et classes sociales<\/em>, Paris, Nathan, coll. \u00ab&nbsp;Circa&nbsp;\u00bb, 1993.<\/strong><\/p>\n\n\n\n<p>Boucher (Manuel),&nbsp;<em>Sociologie des turbulences. Penser les d\u00e9sordres des in\u00e9galit\u00e9s<\/em>, Paris, L&#8217;Harmattan, coll. \u00ab&nbsp;Recherche et transformation sociale&nbsp;\u00bb, 2015.<\/p>\n\n\n\n<p><strong>Bouffartigue (Paul) [dir.], <em>Le Retour des classes sociales. In\u00e9galit\u00e9s, dominations, conflits<\/em>, Paris, La Dispute, 2004.<\/strong><\/p>\n\n\n\n<p>Bourdieu (Pierre) [dir.], <em>La Mis\u00e8re du monde, <\/em>Paris, Seuil, 1993.<\/p>\n\n\n\n<p><strong><u>Bourdieu (Pierre), \u00ab&nbsp;Espace social et gen\u00e8se des classes&nbsp;\u00bb, <em>Actes de la Recherche en Sciences Sociales<\/em>, n\u00b0 52-53, 1984, pp. 3-14.<\/u><\/strong><\/p>\n\n\n\n<p>Bourdieu (Pierre), \u00ab&nbsp;Les trois \u00e9tats du capital culturel&nbsp;\u00bb, <em>Actes de la Recherche en Sciences Sociales<\/em>, n\u00b0 30, 1979, pp. 3-6.<\/p>\n\n\n\n<p><strong>Bourdieu (Pierre), <em>La Distinction. Critique sociale du jugement<\/em>, Paris, Minuit, coll. \u00ab&nbsp;Le sens commun&nbsp;\u00bb, 1979.<\/strong><\/p>\n\n\n\n<p>Bourdieu (Pierre), <em>La Noblesse d\u2019Etat. Grandes \u00e9coles et esprit de corps<\/em>, Paris, Minuit, coll. \u00ab&nbsp;Le sens commun&nbsp;\u00bb, 1989.<\/p>\n\n\n\n<p>Bourdieu (Pierre), <em>M\u00e9ditations pascaliennes<\/em>, Paris, Le Seuil, 1997.<\/p>\n\n\n\n<p>Bourdieu (Pierre), Passeron (Jean-Claude), <em>La Reproduction<\/em>, Paris, Minuit, coll. \u00ab&nbsp;Le sens commun&nbsp;\u00bb, 1970.<\/p>\n\n\n\n<p><strong>Bourdieu (Pierre), <em>Raisons pratiques : sur la th\u00e9orie de l\u2019action<\/em>, Paris, Le Seuil, 1994 (notamment le chapitre&nbsp;: \u00ab&nbsp;L\u2019espace social&nbsp;\u00bb).<\/strong><\/p>\n\n\n\n<p>Cambois (Emmanuelle), Laborde (Caroline), Robine (Jean-Marie), \u00ab&nbsp;La \u2018double peine\u2019 des ouvriers&nbsp;: plus d\u2019ann\u00e9es d\u2019incapacit\u00e9 au sein d\u2019une vie plus courte&nbsp;\u00bb, <em>Population et soci\u00e9t\u00e9s<\/em>, n\u00b0&nbsp;441, janvier 2008.<\/p>\n\n\n\n<p>Cartier (Marie), Coutant (Isabelle), Masclet (Olivier), Siblot (Yasmine), <em>La France des \u00ab&nbsp;petits-moyens&nbsp;\u00bb&nbsp;: enqu\u00eate sur la banlieue pavillonnaire<\/em>, Paris, La D\u00e9couverte, 2008.<\/p>\n\n\n\n<p><strong>Cayouette-Rembli\u00e8re (Joanie), \u00ab&nbsp;Les classes populaires face \u00e0 l&#8217;imp\u00e9ratif scolaire. Orienter les choix dans un contexte de scolarisation totale&nbsp;\u00bb, <em>Actes de la Recherche en Sciences Sociales<\/em>, n\u00b0 205, d\u00e9cembre 2014.<\/strong><\/p>\n\n\n\n<p><strong>Chamboredon (Jean-Claude), <em>Jeunesse et classes sociales<\/em>, Paris, Editions de la rue D\u2019Ulm, 2015.<\/strong><\/p>\n\n\n\n<p>Chamboredon (Jean-Claude), <em>Territoires, culture et classes sociales<\/em>, Paris, Editions Rue d&#8217;Ulm, 2019.<\/p>\n\n\n\n<p>Chauvel (Louis), \u00ab&nbsp;Croissance continue du ch\u00f4mage&nbsp;\u00bb, in Dirn (L.) [dir.], <em>La Soci\u00e9t\u00e9 fran\u00e7aise en tendances 1985-1995<\/em>, Paris, PUF, 1996.<\/p>\n\n\n\n<p><strong>Chauvel (Louis), \u00ab&nbsp;Pouvons-nous (\u00e0 nouveau) parler de classes sociales&nbsp;?&nbsp;\u00bb, in Lojkine (J.) [dir.], <em>Les Sociologies critiques du capitalisme. En hommage \u00e0 P. Bourdieu<\/em>, <em>Actuel Marx<\/em>, Paris, PUF, 2002, PP. 115-138.<\/strong><\/p>\n\n\n\n<p>Cingolani (Patrick), Farge (Arlette), La\u00e9 (Jean-Fran\u00e7ois), Magloire (Franck), <em>Sans visages. L\u2019impossible regard sur la pauvret\u00e9<\/em>, Paris, Bayard, 2004.<\/p>\n\n\n\n<p>Driant (Jean-Claude), Rieg (Christelle), \u00ab&nbsp;Les m\u00e9nages \u00e0 bas revenu et le logement social&nbsp;\u00bb, <em>Insee Premi\u00e8re<\/em>, n\u00b0 962, avril 2004.<\/p>\n\n\n\n<p>Driant (Jean-Claude), Rieg (Christelle), \u00ab&nbsp;Les conditions de logement des m\u00e9nages \u00e0 bas revenu&nbsp;\u00bb, <em>Insee Premi\u00e8re<\/em>, n\u00b0 950, f\u00e9vrier 2004.<\/p>\n\n\n\n<p>Eckert (Henri), \u00ab&nbsp;D\u00e9classement et hantise du d\u00e9classement&nbsp;\u00bb, <em>Revue Fran\u00e7aise de P\u00e9dagogie<\/em>, vol. 3, n\u00b0 188, 2014.<\/p>\n\n\n\n<p>Farge (Arlette), La\u00e9 (Jean-Fran\u00e7ois), <em>Fracture sociale<\/em>, Paris, Descl\u00e9e de Brouwer, 2000.<\/p>\n\n\n\n<p><strong>Felouzis (Georges), <em>Les In\u00e9galit\u00e9s scolaires<\/em>, Paris, PUF, 2014.<\/strong><\/p>\n\n\n\n<p>Forgeot (G.), Gauti\u00e9 (J\u00e9r\u00f4me), \u00ab&nbsp;Insertion professionnelle des jeunes et processus de d\u00e9classement&nbsp;\u00bb, <em>Economie et Statistique<\/em>, n\u00b0 304-305, 1997, pp. 53-74.<\/p>\n\n\n\n<p>Gadrey (Jean), Jany-Catrice (Florence), <em>Les Nouveaux indicateurs de richesse<\/em>, Paris, La D\u00e9couverte, coll. \u00ab&nbsp;Rep\u00e8res&nbsp;\u00bb, 3e \u00e9d., 2012.<\/p>\n\n\n\n<p><strong>Galland (Olivier) Lemel (Yannick), <em>Sociologie des in\u00e9galit\u00e9s<\/em>, Paris, Armand Colin, 2018.<\/strong><\/p>\n\n\n\n<p>Herpin (Nicolas), \u00ab&nbsp;L\u2019<em>urban underclass<\/em> chez les sociologues am\u00e9ricains. Exclusion sociale et pauvret\u00e9&nbsp;\u00bb, <em>Revue Fran\u00e7aise de Sociologie<\/em>, vol. 34, n\u00b0 34, 1993, pp.&nbsp;421-439.<\/p>\n\n\n\n<p><strong>Hugr\u00e9e (C\u00e9dric), P\u00e9nissat (Etienne), Spire (Alexis),<em> Les Classes sociales en Europe : tableau des nouvelles in\u00e9galit\u00e9s sur le vieux continent<\/em>, Marseille, Agone, 2017.<\/strong><\/p>\n\n\n\n<p><strong>Hugr\u00e9e (C\u00e9dric), P\u00e9nissat (Etienne), Spire (Alexis), &#8220;Les conditions de travail : un marqueur des in\u00e9galit\u00e9s entre groupes socioprofessionnels en Europe&#8221;, <em>Revue europ\u00e9enne des sciences sociales<\/em>, 57-2, 2019.<\/strong><\/p>\n\n\n\n<p><strong>Hoggart (Richard), <em>La Culture du pauvre<\/em>, Paris, Minuit, 1971 [e.o.&nbsp;: 1957].<\/strong><\/p>\n\n\n\n<p><em><strong>In<\/strong><\/em><strong><em>formations sociales<\/em>, n\u00b0 184, juillet-ao\u00fbt 2014&nbsp;: \u00ab&nbsp;Le mal-logement&nbsp;\u00bb.<\/strong><\/p>\n\n\n\n<p><strong><em>Informations sociales<\/em>, n\u00b0 182, mars-avril 2014&nbsp;: \u00ab&nbsp;Le v\u00e9cu de la pauvret\u00e9&nbsp;\u00bb.<\/strong><\/p>\n\n\n\n<p>Jounin (Nicolas),<em>Voyage de classes. Des \u00e9tudiants de Seine-Saint-Denis enqu\u00eatent dans les beaux quartiers<\/em>, Paris, La D\u00e9couverte, 2014.<\/p>\n\n\n\n<p><strong>La\u00e9 (Jean-Fran\u00e7ois), Murard (Numa), <em>L\u2019Argent des pauvres<\/em>, Paris, Seuil, 1985.<\/strong><\/p>\n\n\n\n<p><strong>Lahire (Bernard) [dir.], <em>Enfances de classe. De l&#8217;in\u00e9galit\u00e9 parmi les enfants<\/em>, Paris, Seuil, 2019.<\/strong><\/p>\n\n\n\n<p>La Roch\u00e8re (Bernadette de), \u00ab&nbsp;La sant\u00e9 des sans-domicile usagers des services d\u2019aide&nbsp;\u00bb, <em>Insee premi\u00e8re<\/em>, n\u00b0 893, avril 2003.<\/p>\n\n\n\n<p>Le Jeannic (Thomas), Ribeira (Jos\u00e9), \u00ab&nbsp;Hausse des d\u00e9parts en vacances, mais 21 millions de Fran\u00e7ais en partent pas&nbsp;\u00bb, <em>Insee Premi\u00e8re<\/em>, n\u00b0 1093, juillet, 2006.<\/p>\n\n\n\n<p><strong>Leclerc (Annette), Fassin (Didier), Grandjean (H\u00e9l\u00e8ne), Kaminski (Monique), Lang (Thierry) [dir.], <em>Les In\u00e9galit\u00e9s sociales de sant\u00e9<\/em>, Paris, Inserm &amp; La D\u00e9couverte, 2000.<\/strong><\/p>\n\n\n\n<p><strong><em><u>Lien social et politiques<\/u><\/em>, n\u00b0 74, 2015&nbsp;: \u00ab&nbsp;Les cat\u00e9gories populaires face aux nouvelles in\u00e9galit\u00e9s&nbsp;\u00bb [en ligne]<\/strong><\/p>\n\n\n\n<p><strong>Lignier (Wilfried) &amp; alii, \u00ab&nbsp;La diff\u00e9renciation sociale des enfants&nbsp;\u00bb, <em>Politix<\/em>, n\u00b0 99, 2012, pp. 9-21.<\/strong><\/p>\n\n\n\n<p><strong>Lignier (Wilfried), Pagis (Julie), \u00ab&nbsp;Inimiti\u00e9s enfantines. L\u2019expression pr\u00e9coce des distances sociales&nbsp;\u00bb, <em>Gen\u00e8ses<\/em>, n\u00b0 96, septembre 2014.<\/strong><\/p>\n\n\n\n<p>Marx (Karl), Engels (Friedrich), <em>L\u2019Id\u00e9ologie allemande, <\/em>in <em>Philosophie, <\/em>Paris, Gallimard, coll. \u00ab&nbsp;La Pl\u00e9iade&nbsp;\u00bb, 1981 [1<sup>\u00e8re<\/sup> \u00e9d. 1845].<\/p>\n\n\n\n<p>Marx (Karl), Engels (Friedrich), <em>Le Manifeste du Parti Communiste, <\/em>in<em> \u00c9conomie I, Paris, <\/em>Gallimard, coll. \u00ab&nbsp;La Pl\u00e9iade&nbsp;\u00bb, 1968 [e.o.&nbsp;: 1848] [ou en ligne&nbsp;: http:\/\/abu.cnam.fr\/].<\/p>\n\n\n\n<p>Marx (Karl)<em>, La Guerre civile en France, <\/em>Paris,\u00c9ditions Sociales, 1871.<\/p>\n\n\n\n<p>Marx (Karl), <em>Le Capital, livre I, <\/em>in <em>\u00c9conomie I, <\/em>Paris, Gallimard, coll. \u00ab&nbsp;La Pl\u00e9iade&nbsp;\u00bb, 1968 [1<sup>\u00e8re<\/sup> \u00e9d. 1864].<\/p>\n\n\n\n<p>Marx (Karl), <em>Le Capital, livre III, <\/em>in <em>\u00c9conomie II<\/em>, Paris, Gallimard, coll. \u00ab&nbsp;La Pl\u00e9iade&nbsp;\u00bb, 1968 [1<sup>\u00e8re<\/sup> \u00e9d. 1885].<\/p>\n\n\n\n<p>Marx (Karl), <em>Le Dix-huit brumaire de Louis-Napol\u00e9on Bonaparte, <\/em>in <em>Politique, <\/em>Paris, Gallimard, coll. \u00ab&nbsp;La Pl\u00e9iade&nbsp;\u00bb, 1994 [1<sup>\u00e8re<\/sup> \u00e9d. 1852].<\/p>\n\n\n\n<p>Marx (Karl), <em>Mis\u00e8re de la philosophie, <\/em>in <em>\u00c9conomie I, <\/em>Paris, Gallimard, coll. \u00ab&nbsp;La Pl\u00e9iade&nbsp;\u00bb, 1968 [1<sup>\u00e8re<\/sup> \u00e9d. 1846].<\/p>\n\n\n\n<p>Menvielle (Gwenn) et <em>alii<\/em>, \u00ab&nbsp;Evolution temporelle des in\u00e9galit\u00e9s sociales de sant\u00e9 en France entre 1968 et 1996. Etude en fonction du niveau d\u2019\u00e9tudes par cause de d\u00e9c\u00e8s&nbsp;\u00bb, <em>Revue d\u2019\u00e9pid\u00e9miologie et de sant\u00e9 publique<\/em>, n\u00b0 55, 2007, pp. 97-105.<\/p>\n\n\n\n<p>Mesrine (Annie), \u00ab&nbsp;La surmortalit\u00e9 des ch\u00f4meurs&nbsp;: un effet catalyseur du ch\u00f4mage&nbsp;?&nbsp;\u00bb, <em>Economie et statistique<\/em>, n\u00b0 334, 2000, pp. 33-48.<\/p>\n\n\n\n<p><strong>Milanovic (Branco), In\u00e9galit\u00e9s mondiales. Le destin des classes moyennes, les ultra-riches et l\u2019\u00e9galit\u00e9 des chances, Paris, La D\u00e9couverte, 2019.<\/strong><\/p>\n\n\n\n<p>Muller (Lara), \u00ab&nbsp;La pratique sportive en France, reflet du milieu social&nbsp;\u00bb, <em>Donn\u00e9es Sociales \u2013 La soci\u00e9t\u00e9 fran\u00e7aise Edition 2006<\/em>, Paris, INSEE, 2006, pp. 657-663.<\/p>\n\n\n\n<p>Neyrand (G\u00e9rard), Rossi (Patricia), <em>Monoparentalit\u00e9 pr\u00e9caire et femme sujet<\/em>, Paris, Er\u00e8s, 2014.<\/p>\n\n\n\n<p>Nizard (Alfred), Bourgoin (Nicolas), Divonne (Genevi\u00e8ve de), \u00ab&nbsp;Suicide et mal-\u00eatre social&nbsp;\u00bb, <em>Population et soci\u00e9t\u00e9s<\/em>, n\u00b0 334, avril 1998.<\/p>\n\n\n\n<p><strong>Oberti (Marco), Pr\u00e9teceille (Edmond), <em>La S\u00e9gr\u00e9gation urbaine,&nbsp;<\/em>Paris, La D\u00e9couverte, 2016.<\/strong><\/p>\n\n\n\n<p>P<strong>asseron (Jean-Claude), \u00ab&nbsp;L\u2019inflation des dipl\u00f4mes. Remarques sur l\u2019usage de quelques concepts analogiques en sociologie&nbsp;\u00bb, <em>Revue Fran\u00e7aise de Sociologie<\/em>, vol. XXIII, 1982, pp. 566-573.<\/strong><\/p>\n\n\n\n<p><strong>Paugam (Serge), Plessz (Marie), &#8220;Des classes sociales aux in\u00e9galit\u00e9s : le regard sociologique s&#8217;est-il d\u00e9plac\u00e9 ?&#8221;, <em>Revue europ\u00e9enne des sciences sociales<\/em>, 57-2, 2019, pp. 19-49.<\/strong><\/p>\n\n\n\n<p>P\u00e9lage (Agn\u00e8s), Poullaouec (Tristan), \u00ab&nbsp;\u201cLe haut du panier de la France d\u2019en bas\u201d&nbsp;? Le sentiment d\u2019appartenir \u00e0 une classe sociale chez les membres des professions interm\u00e9diaires&nbsp;\u00bb, <em><u>Revue fran\u00e7aise des affaires sociales<\/u><\/em>, n\u00b0 2, f\u00e9vrier 2007, p. 27-56.<\/p>\n\n\n\n<p>Peretti-Watel (Patrick), \u00ab&nbsp;Lien social et sant\u00e9 en situation de pr\u00e9carit\u00e9&nbsp;\u00bb, <em>Economie et statistique<\/em>, n\u00b0 391-392, 2006, pp. 115-130.<\/p>\n\n\n\n<p><strong>Peugny (Camille), <em>Le D\u00e9classement<\/em>, Paris, Grasset, coll. \u00ab&nbsp;Mondes v\u00e9cus&nbsp;\u00bb, 2009.<\/strong><\/p>\n\n\n\n<p><strong>Peugny (Camille), <em>Le Destin au berceau. In\u00e9galit\u00e9s et reproduction sociale<\/em>, Paris, Seuil, 2013.<\/strong><\/p>\n\n\n\n<p><strong>Pfefferkorn (Roland), <em>In\u00e9galit\u00e9s et rapports sociaux. Rapports de classes, rapports de sexes<\/em>, Paris, La Dispute, 2007.<\/strong><\/p>\n\n\n\n<p>Piketty (Thomas), <em>Les Hauts revenus en France au XX<sup>e<\/sup> si\u00e8cle. In\u00e9galit\u00e9s et redistributions (1901-1908), <\/em>Paris, Grasset, 2001.<\/p>\n\n\n\n<p>Piketty (Thomas), <em>Le Capital au XXIe si\u00e8cle<\/em>, Paris, Seuil, 2013. Voir aussi : <a href=\"http:\/\/piketty.pse.ens.fr\/fr\/capital21c\">Thomas Piketty &#8211; capital21c (ens.fr)<\/a><\/p>\n\n\n\n<p>Piketty (Thomas), <em>L&#8217;Economie des in\u00e9galit\u00e9s<\/em>, Paris, La D\u00e9couverte, 2015.<\/p>\n\n\n\n<p>Pin\u00e7on (Michel), Pin\u00e7on-Charlot (Monique), <em>La Violence des riches. Chronique d\u2019une immense casse sociale, <\/em>Paris, La D\u00e9couverte, 2014.<\/p>\n\n\n\n<p><strong>Pin\u00e7on (Michel), Pin\u00e7on-Charlot (Monique), <\/strong><strong><em>Les Ghettos du gotha. Comment la bourgeoise d\u00e9fend ses espaces<\/em><\/strong><strong>, Paris, Le Seuil, 2007.<\/strong><strong><\/strong><\/p>\n\n\n\n<p><em>Revue fran\u00e7aise de p\u00e9dagogie<\/em>, n\u00b0 191, 2015&nbsp;: \u00ab&nbsp;Les descendants d\u2019immigr\u00e9s \u00e0 l\u2019\u00e9cole. Destins scolaires et origines des in\u00e9galit\u00e9s.&nbsp;\u00bb<\/p>\n\n\n\n<p>Rizk (Cyril), \u00ab&nbsp;Le cadre de vie des m\u00e9nages les plus pauvres&nbsp;\u00bb, <em>Insee Premi\u00e8re<\/em>, n\u00b0 926, octobre 2003.<\/p>\n\n\n\n<p>Saint Pol (Thibaut de), \u00ab&nbsp;L\u2019ob\u00e9sit\u00e9 en France&nbsp;: les \u00e9carts entre cat\u00e9gories sociales s\u2019accroissent&nbsp;\u00bb, <em>Insee Premi\u00e8re<\/em>, n\u00b0 1123, f\u00e9vrier 2007.<\/p>\n\n\n\n<p>Saint Pol (Thibaut de), \u00ab&nbsp;La sant\u00e9 des pauvres&nbsp;\u00bb, <em>Insee Premi\u00e8re<\/em>, n\u00b0 1161, octobre 2007.<\/p>\n\n\n\n<p>Santelli (Emmanuelle), <em>Les Descendants d&#8217;immigr\u00e9s, <\/em>Paris, La D\u00e9couverte, 2016.<em><\/em><\/p>\n\n\n\n<p><strong>Savidan (Patrick) [dir.], <em>Dictionnaire des in\u00e9galit\u00e9s et de la justice sociale<\/em>, Paris, Presses universitaires de France, 2018.<\/strong><\/p>\n\n\n\n<p>Sayad (Abdelmalek), <em>L\u2019Ecole et les enfants de l\u2019immigration<\/em>, Paris, Seuil, 2014.<\/p>\n\n\n\n<p><strong>Schwartz (Olivier), &#8220;Vivons-nous encore dans une soci\u00e9t\u00e9 de classes ? Trois remarques sur la soci\u00e9t\u00e9 fran\u00e7aise contemporaine&#8221;, <em>La Vie des id\u00e9es<\/em>, 2009 [en ligne].<\/strong><\/p>\n\n\n\n<p>Servet (Ertul), Melchior (Jean-Philippe), Widmer \u00c9ric [dir.],&nbsp;<em>Travail, sant\u00e9, \u00e9ducation. Individualisation des parcours sociaux et in\u00e9galit\u00e9s<\/em>, Paris, L\u2019Harmattan, coll.&nbsp;\u00ab&nbsp;Logiques sociales&nbsp;\u00bb, 2013.<\/p>\n\n\n\n<p><strong><em>Sp\u00e9cificit\u00e9s<\/em>, n\u00b0 6, 2014&nbsp;: \u00ab&nbsp;<em>Actualit\u00e9s de la pauvret\u00e9 et de la d\u00e9saffiliation<\/em>&nbsp;\u00bb.<\/strong> <\/p>\n\n\n\n<p>Therborn (G\u00f6ran), &#8220;Class in the 21st century&#8221;, <em>New Left Review<\/em>, n\u00b0 78, 2012. Trad. raccourcie n\u00b0 23, <em>Contretemps<\/em>.<\/p>\n\n\n\n<p>Vallet (Louis-Andr\u00e9), Th\u00e9lot (Claude), \u00ab&nbsp;La r\u00e9duction des in\u00e9galit\u00e9s sociales devant l\u2019\u00e9cole depuis le d\u00e9but du si\u00e8cle&nbsp;\u00bb, <em>\u00c9conomie et statistique, <\/em>n\u00b0 334, 2000.<\/p>\n\n\n\n<h2 class=\"has-text-align-center\"><strong><u>Annexe. La mobilit\u00e9 sociale. Sch\u00e9ma de synth\u00e8se<\/u><\/strong><\/h2>\n\n\n\n<figure class=\"wp-block-image size-large\"><img loading=\"lazy\" width=\"992\" height=\"490\" src=\"http:\/\/amiens-sociologie.fr\/wp-content\/uploads\/2017\/10\/Mobilit\u00e9-sociale.png\" alt=\"\" class=\"wp-image-476\" srcset=\"http:\/\/amiens-sociologie.fr\/wp-content\/uploads\/2017\/10\/Mobilit\u00e9-sociale.png 992w, http:\/\/amiens-sociologie.fr\/wp-content\/uploads\/2017\/10\/Mobilit\u00e9-sociale-300x148.png 300w, http:\/\/amiens-sociologie.fr\/wp-content\/uploads\/2017\/10\/Mobilit\u00e9-sociale-768x379.png 768w\" sizes=\"(max-width: 992px) 100vw, 992px\" \/><\/figure>\n","protected":false},"excerpt":{"rendered":"<p>Cours d\u2019Isabelle CHARPENTIER (22 h) icharpentier@yahoo.fr ou isabelle.charpentier@u-picardie.fr Evaluation CM \u00e9valu\u00e9 en contr\u00f4le continu en 1\u00e8re session par un devoir sur table de 2h se d\u00e9roulant lors de la derni\u00e8re s\u00e9ance du cours. Une partie QCM + 1 question de cours \u00e0 traiter parmi deux propos\u00e9es. Aucun document ne sera autoris\u00e9. Pour la session de &#8230; <a title=\"M1S2 CM In\u00e9galit\u00e9s sociales, genre, domination, politique\" class=\"read-more\" href=\"http:\/\/amiens-sociologie.fr\/index.php\/inegalites-sociales-formes-de-dominations-questions-de-politique-cm-m1s1\/\">Read more<span class=\"screen-reader-text\">M1S2 CM In\u00e9galit\u00e9s sociales, genre, domination, politique<\/span><\/a><\/p>\n","protected":false},"author":1,"featured_media":0,"parent":0,"menu_order":0,"comment_status":"closed","ping_status":"closed","template":"","meta":[],"_links":{"self":[{"href":"http:\/\/amiens-sociologie.fr\/index.php\/wp-json\/wp\/v2\/pages\/289"}],"collection":[{"href":"http:\/\/amiens-sociologie.fr\/index.php\/wp-json\/wp\/v2\/pages"}],"about":[{"href":"http:\/\/amiens-sociologie.fr\/index.php\/wp-json\/wp\/v2\/types\/page"}],"author":[{"embeddable":true,"href":"http:\/\/amiens-sociologie.fr\/index.php\/wp-json\/wp\/v2\/users\/1"}],"replies":[{"embeddable":true,"href":"http:\/\/amiens-sociologie.fr\/index.php\/wp-json\/wp\/v2\/comments?post=289"}],"version-history":[{"count":22,"href":"http:\/\/amiens-sociologie.fr\/index.php\/wp-json\/wp\/v2\/pages\/289\/revisions"}],"predecessor-version":[{"id":3051,"href":"http:\/\/amiens-sociologie.fr\/index.php\/wp-json\/wp\/v2\/pages\/289\/revisions\/3051"}],"wp:attachment":[{"href":"http:\/\/amiens-sociologie.fr\/index.php\/wp-json\/wp\/v2\/media?parent=289"}],"curies":[{"name":"wp","href":"https:\/\/api.w.org\/{rel}","templated":true}]}}