{"id":2689,"date":"2021-12-07T09:43:42","date_gmt":"2021-12-07T08:43:42","guid":{"rendered":"http:\/\/amiens-sociologie.fr\/?page_id=2689"},"modified":"2022-03-09T13:29:41","modified_gmt":"2022-03-09T12:29:41","slug":"le-projet","status":"publish","type":"page","link":"http:\/\/amiens-sociologie.fr\/index.php\/le-projet\/","title":{"rendered":"Le projet"},"content":{"rendered":"\n<p>De nombreux mod\u00e8les math\u00e9matiques ont \u00e9t\u00e9 propos\u00e9s pour aider les gouvernements \u00e0 g\u00e9rer l\u2019\u00e9pid\u00e9mie de Covid-19&nbsp;: vitesse de propagation de la pand\u00e9mie, mesure de l\u2019efficacit\u00e9 des dispositifs mis en place etc. Les mod\u00e8les \u00e9pid\u00e9miologiques les plus courants, ceux notamment sur lequel repose le calcul du taux de reproduction initial du virus, R0 et pr\u00e9disant la dynamique d\u2019une \u00e9pid\u00e9mie, sont fond\u00e9s sur une d\u00e9composition en compartiments de la population. On les d\u00e9signe comme les mod\u00e8les SIR, qui reposent sur une trois cat\u00e9gories&nbsp;: Susceptible d&#8217;\u00eatre infect\u00e9-Infect\u00e9-R\u00e9tabli. Aucun ne prend en compte de mani\u00e8re explicite l\u2019environnement, ou les facteurs sociaux (conditions de vie et de logement, intensit\u00e9 de la sociabilit\u00e9, etc.) susceptibles d\u2019influer sur l\u2019\u00e9pid\u00e9mie.<\/p>\n\n\n\n<p>Le projet Space-Covid, financ\u00e9 par le programme R\u00e9silience Hauts de France, en partenariat avec l\u2019Agence Nationale de la Recherche (ANR), rassemble des math\u00e9maticiens, qui entendent d\u00e9velopper une mod\u00e9lisation alternative des dynamiques, notamment spatiale, de l\u2019\u00e9pid\u00e9mie, des praticiens hospitaliers et des sociologues. La proposition de mod\u00e9lisation repose tout d\u2019abord sur l\u2019introduction d\u2019une quatri\u00e8me cat\u00e9gorie d\u2019individus&nbsp;: \u00ab&nbsp;Susceptibles d\u2019\u00eatre infect\u00e9s&nbsp;\u00bb, \u00ab&nbsp;Expos\u00e9s&nbsp;\u00bb, \u00ab&nbsp;Infect\u00e9s \u00bb, \u00ab&nbsp;Retir\u00e9s&nbsp;\u00bb (ne participent plus \u00e0 la propagation du virus). Constatant que dans ces mod\u00e8les compartimentaux, la seule particularit\u00e9 d&#8217;un individu est la classe \u00e9pid\u00e9miologique \u00e0 laquelle il appartient, le projet entend par ailleurs inclure dans l\u2019analyse les h\u00e9t\u00e9rog\u00e9n\u00e9it\u00e9s physiques et sociales.<\/p>\n\n\n\n<p>L\u2019\u00e9quipe de chercheurs en sciences humaines r\u00e9unie dans Space-COVID interroge donc les soubassements sociaux des mod\u00e8les afin d\u2019y r\u00e9introduire la pesanteur du social, l\u2019un des objectifs \u00e9tant de fournir de nouveaux indicateurs de l\u2019\u00e9pid\u00e9mie de Covid-19 et de mieux pr\u00e9dire son \u00e9volution.<\/p>\n","protected":false},"excerpt":{"rendered":"<p>De nombreux mod\u00e8les math\u00e9matiques ont \u00e9t\u00e9 propos\u00e9s pour aider les gouvernements \u00e0 g\u00e9rer l\u2019\u00e9pid\u00e9mie de Covid-19&nbsp;: vitesse de propagation de la pand\u00e9mie, mesure de l\u2019efficacit\u00e9 des dispositifs mis en place etc. Les mod\u00e8les \u00e9pid\u00e9miologiques les plus courants, ceux notamment sur lequel repose le calcul du taux de reproduction initial du virus, R0 et pr\u00e9disant la &#8230; <a title=\"Le projet\" class=\"read-more\" href=\"http:\/\/amiens-sociologie.fr\/index.php\/le-projet\/\">Read more<span class=\"screen-reader-text\">Le projet<\/span><\/a><\/p>\n","protected":false},"author":1,"featured_media":0,"parent":0,"menu_order":0,"comment_status":"closed","ping_status":"closed","template":"","meta":[],"_links":{"self":[{"href":"http:\/\/amiens-sociologie.fr\/index.php\/wp-json\/wp\/v2\/pages\/2689"}],"collection":[{"href":"http:\/\/amiens-sociologie.fr\/index.php\/wp-json\/wp\/v2\/pages"}],"about":[{"href":"http:\/\/amiens-sociologie.fr\/index.php\/wp-json\/wp\/v2\/types\/page"}],"author":[{"embeddable":true,"href":"http:\/\/amiens-sociologie.fr\/index.php\/wp-json\/wp\/v2\/users\/1"}],"replies":[{"embeddable":true,"href":"http:\/\/amiens-sociologie.fr\/index.php\/wp-json\/wp\/v2\/comments?post=2689"}],"version-history":[{"count":6,"href":"http:\/\/amiens-sociologie.fr\/index.php\/wp-json\/wp\/v2\/pages\/2689\/revisions"}],"predecessor-version":[{"id":2833,"href":"http:\/\/amiens-sociologie.fr\/index.php\/wp-json\/wp\/v2\/pages\/2689\/revisions\/2833"}],"wp:attachment":[{"href":"http:\/\/amiens-sociologie.fr\/index.php\/wp-json\/wp\/v2\/media?parent=2689"}],"curies":[{"name":"wp","href":"https:\/\/api.w.org\/{rel}","templated":true}]}}